{"id":882,"date":"2023-08-15T11:06:12","date_gmt":"2023-08-15T09:06:12","guid":{"rendered":"https:\/\/designgymnasiet.se\/vasteras\/?page_id=882"},"modified":"2026-04-21T14:09:32","modified_gmt":"2026-04-21T12:09:32","slug":"design-day","status":"publish","type":"page","link":"https:\/\/designgymnasiet.se\/vasteras\/var-gymnasieskola\/design-day\/","title":{"rendered":"Design day"},"content":{"rendered":"\n\t\n\t\n\t\n\t\n\t\n\t\n<section \n\tclass=\"ams-hero ams-hero--classic ams-hero--75 has-content-bg c-block l-stacked  \"\n\tdata-color-scheme=\"white\"\n\tstyle=\"\">\n\t<div class=\"ams-hero__container u-items-end u-justify-end\">\n\t\t<div\n\t\t\tclass=\"ams-hero__content l-stack l-stack-xl is-center is-center@md\" style=--hero-content-bg:#ffffff;>\n\t\t\t<div class=\"l-stack l-stack-lg\">\n\t\t\t\t\t\n\t<h1\n\tclass=\"c-heading u-font-display \"\n\tstyle=\"\">\n\t\t\n\t\t\t\t\tDesign Day\n\t\t\t\t\n\t<\/h1>\n\n\t\t\t\t\t\t\t<\/div>\n\n\t\t\t\t\t<\/div>\n\t<\/div>\n\n\t\n\t\t\t\n\t\t\t\t\t\t\t\n\t\t\t\t<div class=\"c-bg c-bg--img\" data-settings=\"{&quot;desktop_settings&quot;:{&quot;size&quot;:&quot;cover&quot;,&quot;position&quot;:&quot;middle-center&quot;},&quot;mobile_settings&quot;:{&quot;size&quot;:&quot;cover&quot;,&quot;position&quot;:&quot;middle-center&quot;}}\" data-position=\"middle-center\" data-size=\"cover\">\n\t\t\t<img decoding=\"async\" width=\"1920\" height=\"1080\" src=\"https:\/\/designgymnasiet.se\/wp-content\/uploads\/sites\/12\/2023\/09\/dgkungsholmen202304webb4-1920x1080.jpg\" class=\"attachment-hero-lg size-hero-lg\" alt=\"Elever sitter vid sina datorer i klassrum och skrattar.\" sizes=\"(max-width: 1920px) 100vw, 1920px\" \/>\n\t\t<\/div>\n\t\n<\/section>\n\n\n\n\t\n\t\n\t\n\n\t\n\t\n\t\t\n<section  class=\"c-block l-stacked  \" data-color-scheme=\"white\">\n\t<div class=\"ams-fifty ams-fifty--container ams-fifty--right ams-fifty--bottom l-container u-pt-fluid-3xl-6xl u-pb-fluid-3xl-6xl\">\n\t\t<div class=\"ams-fifty__content l-stack l-stack-xl is-left is-left@lg\">\n\t\t\t<div class=\"ams-fifty__text l-stack l-stack-lg\">\n\t\t\t\t\t\n\t<h2\n\tclass=\"c-heading u-font-title-1 \"\n\tstyle=\"\">\n\t\t\n\t\t\t\t\tV\u00e5rens stora <span class=\"highlight\">designutst\u00e4llning<\/span>\n\t\t\t\t\n\t<\/h2>\n\n\t\t\t\t\t\t\t\t\t<div class=\"text l-stack u-font-body\">\n\t\t\t\t\t\t<h2>Design Day<\/h2>\n<p><strong>Vad \u00e4r Design Day?<\/strong><br \/>\nDesign Day \u00e4r ett inspirerande event d\u00e4r kreativitet, id\u00e9er och skapargl\u00e4dje st\u00e5r i centrum. Det \u00e4r en dag d\u00e4r vi hyllar v\u00e5ra fantastiska elever och deras skapelser. Under dagen visar eleverna upp arbeten, samtidigt f\u00e5r bes\u00f6kare en inblick i vilka sp\u00e4nnande och kreativa projekt man kan arbeta med som elev p\u00e5 Designgymnasiet.<\/p>\n<p><strong>Vad h\u00e4nder p\u00e5 Design Day?<\/strong><br \/>\nDet blir en fantastisk modevisning som g\u00e5r att se kl.14.30 och 17.00. Ni kommer f\u00e5 se arbeten som inredningsmodeller, m\u00e5lningar och skulpturer, 3D modeller och prototyper, och en hel del mer. \u00c5rets tema \u00e4r psykisk oh\u00e4lsa &#8211; ett viktigt \u00e4mne att lyfta bland unga.<\/p>\n<p><strong>Vem f\u00e5r komma?<\/strong><br \/>\n<span data-sheets-value=\"{&quot;1&quot;:2,&quot;2&quot;:&quot;Vi \u00e4r stolta \u00f6ver v\u00e5ra elever och deras kreativa f\u00f6rm\u00e5ga. Design Day \u00e4r en dag d\u00e4r vi hyllar v\u00e5ra fantastiska elever och deras kreationer!\\n\\nVad h\u00e4nder p\u00e5 Design Day?\\nP\u00e5 Design Day f\u00e5r v\u00e5ra elever st\u00e4lla ut sina projekt som de har skapat och designat under \u00e5ret. Det \u00e4r allt fr\u00e5n produktmodeller fr\u00e5n elever p\u00e5 produktdesign, till ritningar fr\u00e5n v\u00e5ra arkitektelever och digital konst fr\u00e5n v\u00e5ra elever p\u00e5 grafisk design. Och de elever som har Ung F\u00f6retagsamhet (UF) presenterar sina f\u00f6retag. Eventen \u00e4r \u00f6ppna f\u00f6r allm\u00e4nheten och vi v\u00e4lkomnar intresserade elever, sl\u00e4kt och v\u00e4nner.\\nUnder denna dag kan man f\u00f6rutom att titta p\u00e5 v\u00e5ra elevers arbeten, tr\u00e4ffa v\u00e5ra fina elever och personal och st\u00e4lla fr\u00e5gor om skolan och v\u00e5ra utbildningar.&quot;}\" data-sheets-userformat=\"{&quot;2&quot;:5089,&quot;3&quot;:{&quot;1&quot;:0},&quot;8&quot;:{&quot;1&quot;:[{&quot;1&quot;:2,&quot;2&quot;:0,&quot;5&quot;:{&quot;1&quot;:2,&quot;2&quot;:0}},{&quot;1&quot;:0,&quot;2&quot;:0,&quot;3&quot;:3},{&quot;1&quot;:1,&quot;2&quot;:0,&quot;4&quot;:1}]},&quot;9&quot;:0,&quot;10&quot;:0,&quot;11&quot;:4,&quot;12&quot;:0,&quot;15&quot;:&quot;Helvetica Neue&quot;}\">Alla \u00e4r v\u00e4lkoman! Eventet \u00e4r \u00f6ppet f\u00f6r allm\u00e4nheten och vi v\u00e4lkomnar intresserade elever, v\u00e5rdnadshavare, sl\u00e4kt och v\u00e4nner. \u00c5rets event n\u00e4rmar sig med stormsteg och vi hoppas du vill komma!<\/span><\/p>\n<p>Design Day har redan arrangerats f\u00f6r i \u00e5r. Vill du bes\u00f6ka oss vid ett annat tillf\u00e4lle? Tryck p\u00e5 knappen nedan f\u00f6r att l\u00e4sa om v\u00e5ra \u00f6ppna hus och event.<\/p>\n\n\t\t\t\t\t<\/div>\n\t\t\t\t\t\t\t<\/div>\n\n\t\t\t\t<div class=\"ams-fifty__action u-inline-items\">\n\t\t\t\t\t\t\t\n\n\n<a href=\"https:\/\/designgymnasiet.se\/vasteras\/oppet-hus\/\"\n\t\n\tclass=\"c-btn \"\n\tdata-style=\"square\"\n\tdata-size=\"md\"\n\tdata-width=\"full-mobile\"\n\tdata-variant=\"default\"\n\ttarget=\"_self\">\n\t\t\t<span class=\"label\"> L\u00e4s mer om \u00f6ppna hus &amp; event<\/span>\n\t\t\t<\/a>\n\t\t\t<\/div>\n\t\t<\/div>\n\n\t\t <div class=\"ams-fifty__media u-ratio-widescreen\">\n\t\t \t\n\t\t\t\n\t\t\t\t\t\t\t<lite-youtube videoid=\"s9Z2Jxc9P-w\" style=\"background-image: url('https:\/\/i.ytimg.com\/vi\/s9Z2Jxc9P-w\/hqdefault.jpg');\">\n\t\t\t\t\t\t<button href=\"https:\/\/youtube.com\/watch?v=s9Z2Jxc9P-w\" class=\"lty-playbtn\" title=\"Play Video\">\n\t\t\t\t\t\t\t<span class=\"lyt-visually-hidden\">Play Video<\/span>\n\t\t\t\t\t\t<\/button>\n\t\t\t\t\t<\/lite-youtube>\n\t\t\t\t\t<\/div>\n\t<\/div>\n\n\t\t\n\n<\/section>\n\n\n\n\n\n<section  class=\"ams-article c-block l-stacked js-load-more\" data-color-scheme=\"cards-white\" data-count=\"3\" data-count-mobile=\"2\">\n\t<div class=\"l-container l-stack l-stack-fluid-2xl u-pt-fluid-3xl-6xl u-pb-fluid-3xl-6xl is-center is-center@md\">\n\t\t\t\t\t<div class=\"ams-article__intro l-stack l-stack-lg\">\n\t\t\t\t\t\n\t<h2\n\tclass=\"c-heading u-font-title-1 \"\n\tstyle=\"\">\n\t\t\n\t\t\t\t\tElever ber\u00e4ttar\n\t\t\t\t\n\t<\/h2>\n\n\t\t\t\t\t\t\t<\/div>\n\t\t\n\t\t\t\n\t    \n\t\n\t<ul id=\"ams-article-list-69f2528646996\" class=\"ams-article__list l-grid u-gap-2xl u-justify-center js-results \" aria-label=\"Artiklar\" data-filter-animation=\"off\">\n\t\t\t\t\t\t\t\t\t\t\t\t\t\t\t\t\t\n\t\t\t\n\t\t\t\n\t\t\t<li class=\"l-col-6@md l-col-4@lg \" data-filter=\"design-day elevintervjuer september-2023\">\n\t\t\t\t<article class=\"c-card  has-media-zoom  \" data-variant=\"border\" data-style=\"square\" data-click-area>\n\t\t\t\t\t<div class=\"c-card__content l-stack l-stack-sm\">\n\n\t\t\t\t\t\t\t\t\t\t\t\t\t<time class=\"c-card__date u-font-small\" datetime=\"2023-09-28\">28 september 2023<\/time>\n\t\t\t\t\t\t\n\t\t\t\t\t\t\t\t\t\t\t\t\t<h3 class=\"c-card__title u-font-title-3\">\n\t\t\t\t\t\t\t\t\t\t\t\t\t\t\t\t\t<a class=\"c-card__link\" href=\"https:\/\/designgymnasiet.se\/vasteras\/artikel\/lokal\/roxy-berattar-om-design-day-och-textildesign\">\n\t\t\t\t\t\t\t\t\t\t&#8221;Det b\u00e4sta \u00e4r att man verkligen f\u00e5r uttrycka sin kreativitet&#8221;\n\t\t\t\t\t\t\t\t\t<\/a>\n\t\t\t\t\t\t\t\t\t\t\t\t\t\t\t<\/h3>\n\t\t\t\t\t\t\n\t\t\t\t\t\t\t\t\t\t\t\t\t<p class=\"c-card__text l-stack-xs u-font-body\">\n\t\t\t\t\t\t\t\tRoxy g\u00e5r i \u00e5rskurs 3 p\u00e5 Hantverksprogrammet med inriktning Textildesign. Vi m\u00f6ts under Design Day.\n\t\t\t\t\t\t\t<\/p>\n\t\t\t\t\t\t\n\t\t\t\t\t\t\t\t\t\t\t\t\t<ul class=\"c-card__tags l-stack-grow u-list-none u-pt-md\" aria-label=\"Kategorier\">\n\t\t\t\t\t\t\t\t\t\t\t\t\t\t\t\t\t<li><span class=\"c-tag\" data-variant=\"outline\">Design Day<\/span><\/li>\n\t\t\t\t\t\t\t\t\t\t\t\t\t\t\t\t\t<li><span class=\"c-tag\" data-variant=\"outline\">Elevintervjuer<\/span><\/li>\n\t\t\t\t\t\t\t\t\t\t\t\t\t\t\t<\/ul>\n\t\t\t\t\t\t\n\t\t\t\t\t\t<div class=\"c-card__icon\">\n\t\t\t\t\t\t\t\t\t\t\t\t\t\t<svg class=\"ams-icon ams-icon--arrow-right\" width=\"32\" height=\"32\" viewbox=\"0 0 32 32\" fill=\"currentColor\" aria-hidden=\"true\" xmlns=\"http:\/\/www.w3.org\/2000\/svg\">\n\t\t\t\t\t\t\t\t\t\t\t\t\t\t\t\t<path d=\"M15.4617 0.252159L14.9567 0.75931C14.6219 1.09545 14.6219 1.64048 14.9567 1.97669L27.7062 14.7806H0.857144C0.383786 14.7806 0 15.166 0 15.6414V16.3587C0 16.8341 0.383786 17.2195 0.857144 17.2195H27.7062L14.9567 30.0234C14.6219 30.3595 14.6219 30.9045 14.9567 31.2407L15.4617 31.7479C15.7964 32.084 16.3392 32.084 16.6739 31.7479L31.749 16.6087C32.0837 16.2725 32.0837 15.7275 31.749 15.3913L16.6739 0.252159C16.3392 -0.084053 15.7964 -0.084053 15.4617 0.252159Z\"\/>\n\t\t\t\t\t\t\t\n\t\t\t\t\t\t\t<\/svg>\n\t\t\t\t\t\t<\/div>\n\t\t\t\t\t<\/div>\n\n\t\t\t\t\t<div class=\"c-card__media \" style=\" \">\n\t\t\t\t\t\t<img decoding=\"async\" width=\"400\" height=\"230\" src=\"https:\/\/designgymnasiet.se\/wp-content\/uploads\/2023\/09\/roxy-pa-design-day-202204-e1696491764473-400x230.jpg\" class=\"attachment-sm size-sm\" alt=\"Personportr\u00e4tt p\u00e5 eleven Roxy.\" sizes=\"(min-width: 64em) 300px, (min-width: 48em) calc(.50 * (100vw - 224px)), calc(100vw - 160px)\" srcset=\"https:\/\/designgymnasiet.se\/wp-content\/uploads\/2023\/09\/roxy-pa-design-day-202204-e1696491764473-400x230.jpg 400w, https:\/\/designgymnasiet.se\/wp-content\/uploads\/2023\/09\/roxy-pa-design-day-202204-e1696491764473-300x173.jpg 300w, https:\/\/designgymnasiet.se\/wp-content\/uploads\/2023\/09\/roxy-pa-design-day-202204-e1696491764473-600x345.jpg 600w, https:\/\/designgymnasiet.se\/wp-content\/uploads\/2023\/09\/roxy-pa-design-day-202204-e1696491764473-800x460.jpg 800w, https:\/\/designgymnasiet.se\/wp-content\/uploads\/2023\/09\/roxy-pa-design-day-202204-e1696491764473.jpg 1000w\" \/>\n\t\t\t\t\t<\/div>\n\t\t\t\t<\/article>\n\t\t\t<\/li>\n\t\t\t\t\t\t\t\t\t\t\t\t\t\t\t\t\t\n\t\t\t\n\t\t\t\n\t\t\t<li class=\"l-col-6@md l-col-4@lg \" data-filter=\"design-day elevintervjuer maj-2022\">\n\t\t\t\t<article class=\"c-card  has-media-zoom  \" data-variant=\"border\" data-style=\"square\" data-click-area>\n\t\t\t\t\t<div class=\"c-card__content l-stack l-stack-sm\">\n\n\t\t\t\t\t\t\t\t\t\t\t\t\t<time class=\"c-card__date u-font-small\" datetime=\"2022-05-31\">31 maj 2022<\/time>\n\t\t\t\t\t\t\n\t\t\t\t\t\t\t\t\t\t\t\t\t<h3 class=\"c-card__title u-font-title-3\">\n\t\t\t\t\t\t\t\t\t\t\t\t\t\t\t\t\t<a class=\"c-card__link\" href=\"https:\/\/designgymnasiet.se\/vasteras\/artikel\/lokal\/adam-omra-design-day\">\n\t\t\t\t\t\t\t\t\t\tAdam visar upp sin app under Design Day\n\t\t\t\t\t\t\t\t\t<\/a>\n\t\t\t\t\t\t\t\t\t\t\t\t\t\t\t<\/h3>\n\t\t\t\t\t\t\n\t\t\t\t\t\t\t\t\t\t\t\t\t<p class=\"c-card__text l-stack-xs u-font-body\">\n\t\t\t\t\t\t\t\tAppen som hanterar digitala kvitton har Adam redan hunnit visa upp f\u00f6r Bank IDs VD \n\t\t\t\t\t\t\t<\/p>\n\t\t\t\t\t\t\n\t\t\t\t\t\t\t\t\t\t\t\t\t<ul class=\"c-card__tags l-stack-grow u-list-none u-pt-md\" aria-label=\"Kategorier\">\n\t\t\t\t\t\t\t\t\t\t\t\t\t\t\t\t\t<li><span class=\"c-tag\" data-variant=\"outline\">Design Day<\/span><\/li>\n\t\t\t\t\t\t\t\t\t\t\t\t\t\t\t\t\t<li><span class=\"c-tag\" data-variant=\"outline\">Elevintervjuer<\/span><\/li>\n\t\t\t\t\t\t\t\t\t\t\t\t\t\t\t<\/ul>\n\t\t\t\t\t\t\n\t\t\t\t\t\t<div class=\"c-card__icon\">\n\t\t\t\t\t\t\t\t\t\t\t\t\t\t<svg class=\"ams-icon ams-icon--arrow-right\" width=\"32\" height=\"32\" viewbox=\"0 0 32 32\" fill=\"currentColor\" aria-hidden=\"true\" xmlns=\"http:\/\/www.w3.org\/2000\/svg\">\n\t\t\t\t\t\t\t\t\t\t\t\t\t\t\t\t<path d=\"M15.4617 0.252159L14.9567 0.75931C14.6219 1.09545 14.6219 1.64048 14.9567 1.97669L27.7062 14.7806H0.857144C0.383786 14.7806 0 15.166 0 15.6414V16.3587C0 16.8341 0.383786 17.2195 0.857144 17.2195H27.7062L14.9567 30.0234C14.6219 30.3595 14.6219 30.9045 14.9567 31.2407L15.4617 31.7479C15.7964 32.084 16.3392 32.084 16.6739 31.7479L31.749 16.6087C32.0837 16.2725 32.0837 15.7275 31.749 15.3913L16.6739 0.252159C16.3392 -0.084053 15.7964 -0.084053 15.4617 0.252159Z\"\/>\n\t\t\t\t\t\t\t\n\t\t\t\t\t\t\t<\/svg>\n\t\t\t\t\t\t<\/div>\n\t\t\t\t\t<\/div>\n\n\t\t\t\t\t<div class=\"c-card__media \" style=\" \">\n\t\t\t\t\t\t<img decoding=\"async\" width=\"400\" height=\"233\" src=\"https:\/\/designgymnasiet.se\/wp-content\/uploads\/2023\/09\/adam-omra-design-day-202204-e1696493141744-400x233.jpg\" class=\"attachment-sm size-sm\" alt=\"Personportr\u00e4tt p\u00e5 eleven Adam.\" sizes=\"(min-width: 64em) 300px, (min-width: 48em) calc(.50 * (100vw - 224px)), calc(100vw - 160px)\" srcset=\"https:\/\/designgymnasiet.se\/wp-content\/uploads\/2023\/09\/adam-omra-design-day-202204-e1696493141744-400x233.jpg 400w, https:\/\/designgymnasiet.se\/wp-content\/uploads\/2023\/09\/adam-omra-design-day-202204-e1696493141744-300x175.jpg 300w, https:\/\/designgymnasiet.se\/wp-content\/uploads\/2023\/09\/adam-omra-design-day-202204-e1696493141744-600x349.jpg 600w, https:\/\/designgymnasiet.se\/wp-content\/uploads\/2023\/09\/adam-omra-design-day-202204-e1696493141744-800x466.jpg 800w, https:\/\/designgymnasiet.se\/wp-content\/uploads\/2023\/09\/adam-omra-design-day-202204-e1696493141744.jpg 1000w\" \/>\n\t\t\t\t\t<\/div>\n\t\t\t\t<\/article>\n\t\t\t<\/li>\n\t\t\t\t\t\t\t\t\t\t\t\t\t\t\t\t\t\n\t\t\t\n\t\t\t\n\t\t\t<li class=\"l-col-6@md l-col-4@lg \" data-filter=\"design-day elevintervjuer maj-2022\">\n\t\t\t\t<article class=\"c-card  has-media-zoom  \" data-variant=\"border\" data-style=\"square\" data-click-area>\n\t\t\t\t\t<div class=\"c-card__content l-stack l-stack-sm\">\n\n\t\t\t\t\t\t\t\t\t\t\t\t\t<time class=\"c-card__date u-font-small\" datetime=\"2022-05-31\">31 maj 2022<\/time>\n\t\t\t\t\t\t\n\t\t\t\t\t\t\t\t\t\t\t\t\t<h3 class=\"c-card__title u-font-title-3\">\n\t\t\t\t\t\t\t\t\t\t\t\t\t\t\t\t\t<a class=\"c-card__link\" href=\"https:\/\/designgymnasiet.se\/vasteras\/artikel\/lokal\/anna-och-hannah-design-day\">\n\t\t\t\t\t\t\t\t\t\tAnna och Hannah har designat ett eget mordmysterium\n\t\t\t\t\t\t\t\t\t<\/a>\n\t\t\t\t\t\t\t\t\t\t\t\t\t\t\t<\/h3>\n\t\t\t\t\t\t\n\t\t\t\t\t\t\t\t\t\t\t\t\t<p class=\"c-card__text l-stack-xs u-font-body\">\n\t\t\t\t\t\t\t\tArbetet \u00e4r en del av gymnasiearbetet och visas upp under Design Day \n\t\t\t\t\t\t\t<\/p>\n\t\t\t\t\t\t\n\t\t\t\t\t\t\t\t\t\t\t\t\t<ul class=\"c-card__tags l-stack-grow u-list-none u-pt-md\" aria-label=\"Kategorier\">\n\t\t\t\t\t\t\t\t\t\t\t\t\t\t\t\t\t<li><span class=\"c-tag\" data-variant=\"outline\">Design Day<\/span><\/li>\n\t\t\t\t\t\t\t\t\t\t\t\t\t\t\t\t\t<li><span class=\"c-tag\" data-variant=\"outline\">Elevintervjuer<\/span><\/li>\n\t\t\t\t\t\t\t\t\t\t\t\t\t\t\t<\/ul>\n\t\t\t\t\t\t\n\t\t\t\t\t\t<div class=\"c-card__icon\">\n\t\t\t\t\t\t\t\t\t\t\t\t\t\t<svg class=\"ams-icon ams-icon--arrow-right\" width=\"32\" height=\"32\" viewbox=\"0 0 32 32\" fill=\"currentColor\" aria-hidden=\"true\" xmlns=\"http:\/\/www.w3.org\/2000\/svg\">\n\t\t\t\t\t\t\t\t\t\t\t\t\t\t\t\t<path d=\"M15.4617 0.252159L14.9567 0.75931C14.6219 1.09545 14.6219 1.64048 14.9567 1.97669L27.7062 14.7806H0.857144C0.383786 14.7806 0 15.166 0 15.6414V16.3587C0 16.8341 0.383786 17.2195 0.857144 17.2195H27.7062L14.9567 30.0234C14.6219 30.3595 14.6219 30.9045 14.9567 31.2407L15.4617 31.7479C15.7964 32.084 16.3392 32.084 16.6739 31.7479L31.749 16.6087C32.0837 16.2725 32.0837 15.7275 31.749 15.3913L16.6739 0.252159C16.3392 -0.084053 15.7964 -0.084053 15.4617 0.252159Z\"\/>\n\t\t\t\t\t\t\t\n\t\t\t\t\t\t\t<\/svg>\n\t\t\t\t\t\t<\/div>\n\t\t\t\t\t<\/div>\n\n\t\t\t\t\t<div class=\"c-card__media \" style=\" \">\n\t\t\t\t\t\t<img decoding=\"async\" width=\"400\" height=\"375\" src=\"https:\/\/designgymnasiet.se\/wp-content\/uploads\/2023\/09\/hanna-och-anna-pa-deign-day-202204-e1696491562494-400x375.jpg\" class=\"attachment-sm size-sm\" alt=\"Personportr\u00e4tt p\u00e5 eleverna Hanna och Anna.\" sizes=\"(min-width: 64em) 300px, (min-width: 48em) calc(.50 * (100vw - 224px)), calc(100vw - 160px)\" srcset=\"https:\/\/designgymnasiet.se\/wp-content\/uploads\/2023\/09\/hanna-och-anna-pa-deign-day-202204-e1696491562494-400x375.jpg 400w, https:\/\/designgymnasiet.se\/wp-content\/uploads\/2023\/09\/hanna-och-anna-pa-deign-day-202204-e1696491562494-300x281.jpg 300w, https:\/\/designgymnasiet.se\/wp-content\/uploads\/2023\/09\/hanna-och-anna-pa-deign-day-202204-e1696491562494-600x562.jpg 600w, https:\/\/designgymnasiet.se\/wp-content\/uploads\/2023\/09\/hanna-och-anna-pa-deign-day-202204-e1696491562494.jpg 650w\" \/>\n\t\t\t\t\t<\/div>\n\t\t\t\t<\/article>\n\t\t\t<\/li>\n\t\t\t<\/ul>\n\n\t<div class=\"no-results u-mt-0 u-hide\" data-filter-fallback-id=\"ams-article-list-69f2528646996\">\n\t<p>Det finns inga resultat som matchar din filtrering.<\/p>\n<\/div>\n\n\t\n\n\t\t\n\t\t\t<div class=\"ams-article__action u-inline-items\">\n\t\t\t\t\t\t\t\n\n\n<a href=\"https:\/\/designgymnasiet.se\/vasteras\/nyheter\/\"\n\t\n\tclass=\"c-btn \"\n\tdata-style=\"square\"\n\tdata-size=\"md\"\n\tdata-width=\"full-mobile\"\n\tdata-variant=\"outline\"\n\ttarget=\"_self\">\n\t\t\t<span class=\"label\"> Se fler elevintervjuer <\/span>\n\t\t\t<\/a>\n\t\t\t<\/div>\n\t<\/div>\n\n\t\t\n\n<\/section>\n\n\n\n\t<div class=\"module_wrapper ams_remote_pages_module \">\n\t\t\n\n<section  class=\"ams-image-gallery ams-image-gallery--mosaic c-block l-stacked\" data-color-scheme=\"white\">\n\t<div class=\"l-container l-stack l-stack-fluid-2xl u-pt-fluid-3xl-6xl u-pb-fluid-3xl-6xl is-center is-center@md\">\n\t\t\t\t\t<div class=\"ams-image-gallery__intro l-stack l-stack-lg\">\n\t\t\t\t\t\n\t<h2\n\tclass=\"c-heading u-font-title-1 \"\n\tstyle=\"\">\n\t\t\n\t\t\t\t\tMinnen fr\u00e5n Design Day\n\t\t\t\t\n\t<\/h2>\n\n\t\t\t\t\t\t\t<\/div>\n\t\t\n\t\t\t<div class=\"c-gallery\" data-variant=\"mosaic\">\n\t\t<ul class=\"c-gallery__items u-list-none swiper-wrapper\" aria-label=\"Bildgalleri\">\n\t\t\t\t\t\t\t\t\t\t\t\t<li class=\"c-gallery__item swiper-slide\">\n\t\t\t\t\t\t\t\t\t\t\t\t<a href=\"https:\/\/designgymnasiet.se\/wp-content\/uploads\/2023\/09\/design-day-utstallning.jpg\" aria-label=\"\u00d6ppna bildgalleri lightbox\" class=\"c-gallery__link\" data-lightbox data-gallery=\"id-830150566\">\n\t\t\t\t\t\t\t<img decoding=\"async\" width=\"600\" height=\"400\" src=\"https:\/\/designgymnasiet.se\/wp-content\/uploads\/2023\/09\/design-day-utstallning-600x400.jpg\" class=\"attachment-md size-md\" alt=\"Inglasade vita 3D modeller.\" sizes=\"(min-width: 48em) 600px, calc(100vw - 160px)\" srcset=\"https:\/\/designgymnasiet.se\/wp-content\/uploads\/2023\/09\/design-day-utstallning-600x400.jpg 600w, https:\/\/designgymnasiet.se\/wp-content\/uploads\/2023\/09\/design-day-utstallning-300x200.jpg 300w, https:\/\/designgymnasiet.se\/wp-content\/uploads\/2023\/09\/design-day-utstallning-400x267.jpg 400w, https:\/\/designgymnasiet.se\/wp-content\/uploads\/2023\/09\/design-day-utstallning-800x534.jpg 800w, https:\/\/designgymnasiet.se\/wp-content\/uploads\/2023\/09\/design-day-utstallning.jpg 1000w\" \/>\n\t\t\t\t\t\t<\/a>\n\t\t\t\t\t<\/li>\n\t\t\t\t\t\t\t\t\t<li class=\"c-gallery__item swiper-slide\">\n\t\t\t\t\t\t\t\t\t\t\t\t<a href=\"https:\/\/designgymnasiet.se\/wp-content\/uploads\/2023\/09\/design-day-3d-modell202204-1024x683.jpg\" aria-label=\"\u00d6ppna bildgalleri lightbox\" class=\"c-gallery__link\" data-lightbox data-gallery=\"id-830150566\">\n\t\t\t\t\t\t\t<img decoding=\"async\" width=\"600\" height=\"400\" src=\"https:\/\/designgymnasiet.se\/wp-content\/uploads\/2023\/09\/design-day-3d-modell202204-600x400.jpg\" class=\"attachment-md size-md\" alt=\"Tv\u00e5 elever kikar ner i 3d modell av hus.\" sizes=\"(min-width: 48em) 600px, calc(100vw - 160px)\" srcset=\"https:\/\/designgymnasiet.se\/wp-content\/uploads\/2023\/09\/design-day-3d-modell202204-600x400.jpg 600w, https:\/\/designgymnasiet.se\/wp-content\/uploads\/2023\/09\/design-day-3d-modell202204-300x200.jpg 300w, https:\/\/designgymnasiet.se\/wp-content\/uploads\/2023\/09\/design-day-3d-modell202204-400x267.jpg 400w, https:\/\/designgymnasiet.se\/wp-content\/uploads\/2023\/09\/design-day-3d-modell202204-800x534.jpg 800w, https:\/\/designgymnasiet.se\/wp-content\/uploads\/2023\/09\/design-day-3d-modell202204-1024x683.jpg 1024w, https:\/\/designgymnasiet.se\/wp-content\/uploads\/2023\/09\/design-day-3d-modell202204-1200x801.jpg 1200w, https:\/\/designgymnasiet.se\/wp-content\/uploads\/2023\/09\/design-day-3d-modell202204.jpg 1280w\" \/>\n\t\t\t\t\t\t<\/a>\n\t\t\t\t\t<\/li>\n\t\t\t\t\t\t\t\t\t<li class=\"c-gallery__item swiper-slide\">\n\t\t\t\t\t\t\t\t\t\t\t\t<a href=\"https:\/\/designgymnasiet.se\/wp-content\/uploads\/2023\/10\/modedesign-e1696584927657.jpg\" aria-label=\"\u00d6ppna bildgalleri lightbox\" class=\"c-gallery__link\" data-lightbox data-gallery=\"id-830150566\">\n\t\t\t\t\t\t\t<img decoding=\"async\" width=\"600\" height=\"629\" src=\"https:\/\/designgymnasiet.se\/wp-content\/uploads\/2023\/10\/modedesign-e1696584927657-600x629.jpg\" class=\"attachment-md size-md\" alt=\"Elev med designade kl\u00e4der p\u00e5 catwalk.\" sizes=\"(min-width: 48em) 600px, calc(100vw - 160px)\" srcset=\"https:\/\/designgymnasiet.se\/wp-content\/uploads\/2023\/10\/modedesign-e1696584927657-600x629.jpg 600w, https:\/\/designgymnasiet.se\/wp-content\/uploads\/2023\/10\/modedesign-e1696584927657-300x314.jpg 300w, https:\/\/designgymnasiet.se\/wp-content\/uploads\/2023\/10\/modedesign-e1696584927657-400x419.jpg 400w, https:\/\/designgymnasiet.se\/wp-content\/uploads\/2023\/10\/modedesign-e1696584927657-800x838.jpg 800w, https:\/\/designgymnasiet.se\/wp-content\/uploads\/2023\/10\/modedesign-e1696584927657.jpg 999w\" \/>\n\t\t\t\t\t\t<\/a>\n\t\t\t\t\t<\/li>\n\t\t\t\t\t\t\t\t\t<li class=\"c-gallery__item swiper-slide\">\n\t\t\t\t\t\t\t\t\t\t\t\t<a href=\"https:\/\/designgymnasiet.se\/wp-content\/uploads\/2023\/09\/design-day-modevisning.jpg\" aria-label=\"\u00d6ppna bildgalleri lightbox\" class=\"c-gallery__link\" data-lightbox data-gallery=\"id-830150566\">\n\t\t\t\t\t\t\t<img decoding=\"async\" width=\"600\" height=\"1066\" src=\"https:\/\/designgymnasiet.se\/wp-content\/uploads\/2023\/09\/design-day-modevisning-600x1066.jpg\" class=\"attachment-md size-md\" alt=\"Modeller g\u00e5r p\u00e5 catwalken med elevernas egensydda kl\u00e4der.\" sizes=\"(min-width: 48em) 600px, calc(100vw - 160px)\" srcset=\"https:\/\/designgymnasiet.se\/wp-content\/uploads\/2023\/09\/design-day-modevisning-600x1066.jpg 600w, https:\/\/designgymnasiet.se\/wp-content\/uploads\/2023\/09\/design-day-modevisning-300x533.jpg 300w, https:\/\/designgymnasiet.se\/wp-content\/uploads\/2023\/09\/design-day-modevisning-400x711.jpg 400w, https:\/\/designgymnasiet.se\/wp-content\/uploads\/2023\/09\/design-day-modevisning-800x1422.jpg 800w, https:\/\/designgymnasiet.se\/wp-content\/uploads\/2023\/09\/design-day-modevisning.jpg 1000w\" \/>\n\t\t\t\t\t\t<\/a>\n\t\t\t\t\t<\/li>\n\t\t\t\t\t\t\t\t\t<li class=\"c-gallery__item swiper-slide\">\n\t\t\t\t\t\t\t\t\t\t\t\t<a href=\"https:\/\/designgymnasiet.se\/wp-content\/uploads\/2023\/10\/inredningsdesign-pa-designgymnasiet-202304-scaled-1024x576.jpg\" aria-label=\"\u00d6ppna bildgalleri lightbox\" class=\"c-gallery__link\" data-lightbox data-gallery=\"id-830150566\">\n\t\t\t\t\t\t\t<img decoding=\"async\" width=\"600\" height=\"338\" src=\"https:\/\/designgymnasiet.se\/wp-content\/uploads\/2023\/10\/inredningsdesign-pa-designgymnasiet-202304-scaled-600x338.jpg\" class=\"attachment-md size-md\" alt=\"Utst\u00e4llning av pallar p\u00e5 ett vitt papper.\" sizes=\"(min-width: 48em) 600px, calc(100vw - 160px)\" srcset=\"https:\/\/designgymnasiet.se\/wp-content\/uploads\/2023\/10\/inredningsdesign-pa-designgymnasiet-202304-scaled-600x338.jpg 600w, https:\/\/designgymnasiet.se\/wp-content\/uploads\/2023\/10\/inredningsdesign-pa-designgymnasiet-202304-scaled-300x169.jpg 300w, https:\/\/designgymnasiet.se\/wp-content\/uploads\/2023\/10\/inredningsdesign-pa-designgymnasiet-202304-scaled-400x225.jpg 400w, https:\/\/designgymnasiet.se\/wp-content\/uploads\/2023\/10\/inredningsdesign-pa-designgymnasiet-202304-scaled-800x450.jpg 800w, https:\/\/designgymnasiet.se\/wp-content\/uploads\/2023\/10\/inredningsdesign-pa-designgymnasiet-202304-scaled-1024x576.jpg 1024w, https:\/\/designgymnasiet.se\/wp-content\/uploads\/2023\/10\/inredningsdesign-pa-designgymnasiet-202304-scaled-1200x675.jpg 1200w, https:\/\/designgymnasiet.se\/wp-content\/uploads\/2023\/10\/inredningsdesign-pa-designgymnasiet-202304-scaled-1920x1080.jpg 1920w\" \/>\n\t\t\t\t\t\t<\/a>\n\t\t\t\t\t<\/li>\n\t\t\t\t\t\t\t\t\t<li class=\"c-gallery__item swiper-slide\">\n\t\t\t\t\t\t\t\t\t\t\t\t<a href=\"https:\/\/designgymnasiet.se\/wp-content\/uploads\/2023\/09\/design-day-konst.jpg\" aria-label=\"\u00d6ppna bildgalleri lightbox\" class=\"c-gallery__link\" data-lightbox data-gallery=\"id-830150566\">\n\t\t\t\t\t\t\t<img decoding=\"async\" width=\"600\" height=\"338\" src=\"https:\/\/designgymnasiet.se\/wp-content\/uploads\/2023\/09\/design-day-konst-600x338.jpg\" class=\"attachment-md size-md\" alt=\"Blandad konst p\u00e5 ett stort papper.\" sizes=\"(min-width: 48em) 600px, calc(100vw - 160px)\" srcset=\"https:\/\/designgymnasiet.se\/wp-content\/uploads\/2023\/09\/design-day-konst-600x338.jpg 600w, https:\/\/designgymnasiet.se\/wp-content\/uploads\/2023\/09\/design-day-konst-300x169.jpg 300w, https:\/\/designgymnasiet.se\/wp-content\/uploads\/2023\/09\/design-day-konst-400x225.jpg 400w, https:\/\/designgymnasiet.se\/wp-content\/uploads\/2023\/09\/design-day-konst-800x450.jpg 800w, https:\/\/designgymnasiet.se\/wp-content\/uploads\/2023\/09\/design-day-konst.jpg 1000w\" \/>\n\t\t\t\t\t\t<\/a>\n\t\t\t\t\t<\/li>\n\t\t\t\t\t\t\t\t\t<\/ul>\n\n\t\t<div class=\"c-gallery__meta\">\n\t\t\t<div class=\"c-gallery__num u-font-small\"><\/div>\n\t\t\t<div class=\"c-gallery__nav\">\n\t\t\t\t<button class=\"prev c-btn\" aria-label=\"Previous\">\n\t\t\t\t\t<svg class=\"ams-icon ams-icon--arrow-left-small\" viewBox=\"0 0 32 32\" fill=\"currentColor\" aria-hidden=\"true\" xmlns=\"http:\/\/www.w3.org\/2000\/svg\">\n\t\t\t\t\t\t<path d=\"M5.26 16.43L12.12 23.29C12.35 23.52 12.74 23.52 12.97 23.29L13.53 22.73C13.76 22.5 13.76 22.11 13.53 21.88L8.66 17.01L26.4 17.01C26.73 17.01 27 16.74 27 16.41L27 15.61C27 15.28 26.73 15.01 26.4 15.01L8.67 15.01L13.54 10.14C13.77 9.90999 13.77 9.51999 13.54 9.28999L12.98 8.72999C12.75 8.49999 12.36 8.49999 12.13 8.72999L5.27 15.59C5.04 15.82 5.04 16.21 5.27 16.44L5.26 16.43Z\"\/>\n\t\t\t\t\t<\/svg>\n\t\t\t\t<\/button>\n\t\t\t\t<button class=\"next c-btn\" aria-label=\"Next\">\n\t\t\t\t\t<svg class=\"ams-icon ams-icon--arrow-right-small\" viewBox=\"0 0 32 32\" fill=\"currentColor\" aria-hidden=\"true\" xmlns=\"http:\/\/www.w3.org\/2000\/svg\">\n\t\t\t\t\t\t<path d=\"M26.74 15.57L19.88 8.71001C19.65 8.48001 19.26 8.48001 19.03 8.71001L18.47 9.27001C18.24 9.50001 18.24 9.89001 18.47 10.12L23.34 14.99H5.6C5.27 14.99 5 15.26 5 15.59V16.39C5 16.72 5.27 16.99 5.6 16.99H23.33L18.46 21.86C18.23 22.09 18.23 22.48 18.46 22.71L19.02 23.27C19.25 23.5 19.64 23.5 19.87 23.27L26.73 16.41C26.96 16.18 26.96 15.79 26.73 15.56L26.74 15.57Z\"\/>\n\t\t\t\t\t<\/svg>\n\t\t\t\t<\/button>\n\t\t\t<\/div>\n\t\t<\/div>\n\t<\/div>\n\n\t\t\t<\/div>\n\n\t\t\n\n<\/section>\n\t<\/div>\n\n\t\n\n\n\t<div class=\"module_wrapper ams_remote_pages_module \">\n\t\t\n\n<section  class=\"ams-cta ams-cta--stacked c-block l-stacked\" data-color-scheme=\"gray\">\n\t<div class=\"l-container-narrow l-stack l-stack-fluid-2xl u-pt-fluid-3xl-6xl u-pb-fluid-3xl-6xl is-center is-center@md\">\n\t\t\t\t\t<div class=\"ams-cta__intro l-stack l-stack-lg\">\n\t\t\t\t\t\n\t<h2\n\tclass=\"c-heading u-font-title-1 \"\n\tstyle=\"\">\n\t\t\n\t\t\t\t\tBes\u00f6k oss\n\t\t\t\t\n\t<\/h2>\n\n\t\t\t\t\t\t\t\t\t<div class=\"c-text l-stack u-cs-xl u-font-body\">\n\t\t\t\t\t\t<p><span data-sheets-value=\"{&quot;1&quot;:2,&quot;2&quot;:&quot;Du upplever oss allra b\u00e4st p\u00e5 plats. Anm\u00e4l dig till \u00d6ppet hus eller boka in dig till Designelev f\u00f6r en dag f\u00f6r att l\u00e4ra k\u00e4nna oss b\u00e4ttre. Varmt v\u00e4lkommen!&quot;}\" data-sheets-userformat=\"{&quot;2&quot;:4995,&quot;3&quot;:{&quot;1&quot;:0},&quot;4&quot;:{&quot;1&quot;:2,&quot;2&quot;:15789035},&quot;10&quot;:0,&quot;11&quot;:4,&quot;12&quot;:0,&quot;15&quot;:&quot;Helvetica Neue&quot;}\">Du upplever oss allra b\u00e4st p\u00e5 plats. Anm\u00e4l dig till \u00d6ppet hus eller Designelev f\u00f6r en dag f\u00f6r att l\u00e4ra k\u00e4nna oss b\u00e4ttre. Varmt v\u00e4lkommen!<\/span><\/p>\n\n\t\t\t\t\t<\/div>\n\t\t\t\t\t\t\t<\/div>\n\t\t\n\t\t\n\t\t\t<div class=\"ams-cta__action u-inline-items\">\n\t\t\t\t\t\t\t\n\n\n<a href=\"https:\/\/designgymnasiet.se\/vasteras\/oppet-hus\/\"\n\t\n\tclass=\"c-btn \"\n\tdata-style=\"square\"\n\tdata-size=\"md\"\n\tdata-width=\"full-mobile\"\n\tdata-variant=\"default\"\n\ttarget=\"_self\">\n\t\t\t<span class=\"label\"> Anm\u00e4l dig till \u00d6ppet hus<\/span>\n\t\t\t<\/a>\n\t\t\t\t\t\t\t\n\n\n<a href=\"https:\/\/designgymnasiet.se\/vasteras\/designelev-for-en-dag\/\"\n\t\n\tclass=\"c-btn \"\n\tdata-style=\"square\"\n\tdata-size=\"md\"\n\tdata-width=\"full-mobile\"\n\tdata-variant=\"default\"\n\ttarget=\"_self\">\n\t\t\t<span class=\"label\"> Anm\u00e4l dig till designelev f\u00f6r en dag<\/span>\n\t\t\t<\/a>\n\t\t\t<\/div>\n\t<\/div>\n\n\t\t\n\t\t\t\n\t\t\t\t\t\t\t\n\t\t\t\t<div class=\"c-bg c-bg--img\" data-settings=\"{&quot;desktop_settings&quot;:{&quot;size&quot;:&quot;contain&quot;,&quot;position&quot;:&quot;top-left&quot;},&quot;mobile_settings&quot;:{&quot;size&quot;:&quot;contain&quot;,&quot;position&quot;:&quot;top-left&quot;}}\" data-position=\"middle-center\" data-size=\"cover\">\n\t\t\t<picture><source media=\"(min-width: 48em)\" srcset=\"https:\/\/designgymnasiet.se\/wp-content\/uploads\/sites\/12\/2023\/10\/dgwebbscribblestjarnortreplaceringvanstra-ovre-hornetdesktop.svg\" sizes=\"\" \/><source srcset=\"https:\/\/designgymnasiet.se\/wp-content\/uploads\/sites\/12\/2023\/10\/dgwebbscribblestjarnortreplaceringvanstra-ovre-hornetmobil.svg\" sizes=\"\" \/><img decoding=\"async\" src=\"https:\/\/designgymnasiet.se\/wp-content\/uploads\/sites\/12\/2023\/10\/dgwebbscribblestjarnortreplaceringvanstra-ovre-hornetdesktop.svg\" class=\"attachment-hero-lg size-hero-lg\" alt=\"\" sizes=\"\" height=\"237\" width=\"1920\" \/><\/picture>\n\t\t<\/div>\n\t\n<\/section>\n\t<\/div>\n\n\t","protected":false},"excerpt":{"rendered":"","protected":false},"author":1,"featured_media":0,"parent":19,"menu_order":0,"comment_status":"closed","ping_status":"closed","template":"","meta":{"footnotes":""},"yoast_head":"<!-- This site is optimized with the Yoast SEO plugin v22.0 - https:\/\/yoast.com\/wordpress\/plugins\/seo\/ -->\n<title>V\u00e4ster\u00e5s<\/title>\n<meta name=\"description\" content=\"V\u00e4lkommen till Design Day \u2013 v\u00e5rens stora designutst\u00e4llning! Uppt\u00e4ck elevers kreativa projekt inom produktdesign, arkitektur, grafisk design!\" \/>\n<meta name=\"robots\" content=\"index, follow, max-snippet:-1, max-image-preview:large, max-video-preview:-1\" \/>\n<link rel=\"canonical\" href=\"https:\/\/designgymnasiet.se\/vasteras\/var-gymnasieskola\/design-day\/\" \/>\n<meta property=\"og:locale\" content=\"sv_SE\" \/>\n<meta property=\"og:type\" content=\"article\" \/>\n<meta property=\"og:description\" content=\"V\u00e4lkommen till Design Day \u2013 v\u00e5rens stora designutst\u00e4llning! Uppt\u00e4ck elevers kreativa projekt inom produktdesign, arkitektur, grafisk design!\" \/>\n<meta property=\"og:url\" content=\"https:\/\/designgymnasiet.se\/vasteras\/var-gymnasieskola\/design-day\/\" \/>\n<meta property=\"og:site_name\" content=\"V\u00e4ster\u00e5s\" \/>\n<meta property=\"article:modified_time\" content=\"2026-04-21T12:09:32+00:00\" \/>\n<meta name=\"twitter:card\" content=\"summary_large_image\" \/>\n<meta name=\"twitter:description\" content=\"V\u00e4lkommen till Design Day \u2013 v\u00e5rens stora designutst\u00e4llning! Uppt\u00e4ck elevers kreativa projekt inom produktdesign, arkitektur, grafisk design!\" \/>\n<meta name=\"twitter:label1\" content=\"Ber\u00e4knad l\u00e4stid\" \/>\n\t<meta name=\"twitter:data1\" content=\"2 minuter\" \/>\n<script type=\"application\/ld+json\" class=\"yoast-schema-graph\">{\"@context\":\"https:\/\/schema.org\",\"@graph\":[{\"@type\":\"WebPage\",\"@id\":\"https:\/\/designgymnasiet.se\/vasteras\/var-gymnasieskola\/design-day\/\",\"url\":\"https:\/\/designgymnasiet.se\/vasteras\/var-gymnasieskola\/design-day\/\",\"name\":\"Design day - V\u00e4ster\u00e5s\",\"isPartOf\":{\"@id\":\"https:\/\/designgymnasiet.se\/vasteras\/#website\"},\"datePublished\":\"2023-08-15T09:06:12+00:00\",\"dateModified\":\"2026-04-21T12:09:32+00:00\",\"description\":\"V\u00e4lkommen till Design Day \u2013 v\u00e5rens stora designutst\u00e4llning! Uppt\u00e4ck elevers kreativa projekt inom produktdesign, arkitektur, grafisk design!\",\"breadcrumb\":{\"@id\":\"https:\/\/designgymnasiet.se\/vasteras\/var-gymnasieskola\/design-day\/#breadcrumb\"},\"inLanguage\":\"sv-SE\",\"potentialAction\":[{\"@type\":\"ReadAction\",\"target\":[\"https:\/\/designgymnasiet.se\/vasteras\/var-gymnasieskola\/design-day\/\"]}]},{\"@type\":\"BreadcrumbList\",\"@id\":\"https:\/\/designgymnasiet.se\/vasteras\/var-gymnasieskola\/design-day\/#breadcrumb\",\"itemListElement\":[{\"@type\":\"ListItem\",\"position\":1,\"name\":\"Start\",\"item\":\"https:\/\/designgymnasiet.se\/vasteras\/\"},{\"@type\":\"ListItem\",\"position\":2,\"name\":\"V\u00e5r gymnasieskola\",\"item\":\"https:\/\/designgymnasiet.se\/vasteras\/var-gymnasieskola\/\"},{\"@type\":\"ListItem\",\"position\":3,\"name\":\"Design day\"}]},{\"@type\":\"WebSite\",\"@id\":\"https:\/\/designgymnasiet.se\/vasteras\/#website\",\"url\":\"https:\/\/designgymnasiet.se\/vasteras\/\",\"name\":\"V\u00e4ster\u00e5s\",\"description\":\"Har du designdr\u00f6mmar?\",\"potentialAction\":[{\"@type\":\"SearchAction\",\"target\":{\"@type\":\"EntryPoint\",\"urlTemplate\":\"https:\/\/designgymnasiet.se\/vasteras\/?s={search_term_string}\"},\"query-input\":\"required name=search_term_string\"}],\"inLanguage\":\"sv-SE\"}]}<\/script>\n<!-- \/ Yoast SEO plugin. -->","yoast_head_json":{"title":"V\u00e4ster\u00e5s","description":"V\u00e4lkommen till Design Day \u2013 v\u00e5rens stora designutst\u00e4llning! Uppt\u00e4ck elevers kreativa projekt inom produktdesign, arkitektur, grafisk design!","robots":{"index":"index","follow":"follow","max-snippet":"max-snippet:-1","max-image-preview":"max-image-preview:large","max-video-preview":"max-video-preview:-1"},"canonical":"https:\/\/designgymnasiet.se\/vasteras\/var-gymnasieskola\/design-day\/","og_locale":"sv_SE","og_type":"article","og_description":"V\u00e4lkommen till Design Day \u2013 v\u00e5rens stora designutst\u00e4llning! Uppt\u00e4ck elevers kreativa projekt inom produktdesign, arkitektur, grafisk design!","og_url":"https:\/\/designgymnasiet.se\/vasteras\/var-gymnasieskola\/design-day\/","og_site_name":"V\u00e4ster\u00e5s","article_modified_time":"2026-04-21T12:09:32+00:00","twitter_card":"summary_large_image","twitter_description":"V\u00e4lkommen till Design Day \u2013 v\u00e5rens stora designutst\u00e4llning! Uppt\u00e4ck elevers kreativa projekt inom produktdesign, arkitektur, grafisk design!","twitter_misc":{"Ber\u00e4knad l\u00e4stid":"2 minuter"},"schema":{"@context":"https:\/\/schema.org","@graph":[{"@type":"WebPage","@id":"https:\/\/designgymnasiet.se\/vasteras\/var-gymnasieskola\/design-day\/","url":"https:\/\/designgymnasiet.se\/vasteras\/var-gymnasieskola\/design-day\/","name":"Design day - V\u00e4ster\u00e5s","isPartOf":{"@id":"https:\/\/designgymnasiet.se\/vasteras\/#website"},"datePublished":"2023-08-15T09:06:12+00:00","dateModified":"2026-04-21T12:09:32+00:00","description":"V\u00e4lkommen till Design Day \u2013 v\u00e5rens stora designutst\u00e4llning! Uppt\u00e4ck elevers kreativa projekt inom produktdesign, arkitektur, grafisk design!","breadcrumb":{"@id":"https:\/\/designgymnasiet.se\/vasteras\/var-gymnasieskola\/design-day\/#breadcrumb"},"inLanguage":"sv-SE","potentialAction":[{"@type":"ReadAction","target":["https:\/\/designgymnasiet.se\/vasteras\/var-gymnasieskola\/design-day\/"]}]},{"@type":"BreadcrumbList","@id":"https:\/\/designgymnasiet.se\/vasteras\/var-gymnasieskola\/design-day\/#breadcrumb","itemListElement":[{"@type":"ListItem","position":1,"name":"Start","item":"https:\/\/designgymnasiet.se\/vasteras\/"},{"@type":"ListItem","position":2,"name":"V\u00e5r gymnasieskola","item":"https:\/\/designgymnasiet.se\/vasteras\/var-gymnasieskola\/"},{"@type":"ListItem","position":3,"name":"Design day"}]},{"@type":"WebSite","@id":"https:\/\/designgymnasiet.se\/vasteras\/#website","url":"https:\/\/designgymnasiet.se\/vasteras\/","name":"V\u00e4ster\u00e5s","description":"Har du designdr\u00f6mmar?","potentialAction":[{"@type":"SearchAction","target":{"@type":"EntryPoint","urlTemplate":"https:\/\/designgymnasiet.se\/vasteras\/?s={search_term_string}"},"query-input":"required name=search_term_string"}],"inLanguage":"sv-SE"}]}},"_links":{"self":[{"href":"https:\/\/designgymnasiet.se\/vasteras\/wp-json\/wp\/v2\/pages\/882"}],"collection":[{"href":"https:\/\/designgymnasiet.se\/vasteras\/wp-json\/wp\/v2\/pages"}],"about":[{"href":"https:\/\/designgymnasiet.se\/vasteras\/wp-json\/wp\/v2\/types\/page"}],"author":[{"embeddable":true,"href":"https:\/\/designgymnasiet.se\/vasteras\/wp-json\/wp\/v2\/users\/1"}],"replies":[{"embeddable":true,"href":"https:\/\/designgymnasiet.se\/vasteras\/wp-json\/wp\/v2\/comments?post=882"}],"version-history":[{"count":10,"href":"https:\/\/designgymnasiet.se\/vasteras\/wp-json\/wp\/v2\/pages\/882\/revisions"}],"predecessor-version":[{"id":1995,"href":"https:\/\/designgymnasiet.se\/vasteras\/wp-json\/wp\/v2\/pages\/882\/revisions\/1995"}],"up":[{"embeddable":true,"href":"https:\/\/designgymnasiet.se\/vasteras\/wp-json\/wp\/v2\/pages\/19"}],"wp:attachment":[{"href":"https:\/\/designgymnasiet.se\/vasteras\/wp-json\/wp\/v2\/media?parent=882"}],"curies":[{"name":"wp","href":"https:\/\/api.w.org\/{rel}","templated":true}]}}