{"id":1905,"date":"2025-12-18T15:34:22","date_gmt":"2025-12-18T14:34:22","guid":{"rendered":"https:\/\/designgymnasiet.se\/vasteras\/?page_id=1905"},"modified":"2025-12-18T16:49:56","modified_gmt":"2025-12-18T15:49:56","slug":"boende-for-inflyttande","status":"publish","type":"page","link":"https:\/\/designgymnasiet.se\/vasteras\/boende-for-inflyttande\/","title":{"rendered":"Boende f\u00f6r inflyttande"},"content":{"rendered":"\n\t\n\t\n\t\n\n\t\n\t\n\t\t\n<section  class=\"c-block l-stacked  \" data-color-scheme=\"gray\">\n\t<div class=\"ams-fifty ams-fifty--container ams-fifty--right ams-fifty--bottom l-container u-pt-fluid-3xl-6xl u-pb-fluid-3xl-6xl\">\n\t\t<div class=\"ams-fifty__content l-stack l-stack-xl is-center is-center@lg\">\n\t\t\t<div class=\"ams-fifty__text l-stack l-stack-lg\">\n\t\t\t\t\t\n\t<h1\n\tclass=\"c-heading u-font-title-1 \"\n\tstyle=\"\">\n\t\t\n\t\t\t\t\tFunderar du p\u00e5 att flytta till V\u00e4ster\u00e5s?\n\t\t\t\t\n\t<\/h1>\n\n\t\t\t\t\t\t\t\t\t<div class=\"text l-stack u-font-body\">\n\t\t\t\t\t\t<p>Flera av v\u00e5ra elever flyttar till V\u00e4ster\u00e5s f\u00f6r att g\u00e5 hos oss. H\u00e4r hittar du information om olika bostadsl\u00f6sningar. Vi rekommenderar att du b\u00f6rjar leta boende s\u00e5 snart som m\u00f6jligt efter antagningsbeskedet.<\/p>\n\n\t\t\t\t\t<\/div>\n\t\t\t\t\t\t\t<\/div>\n\n\t\t\t\t\t<\/div>\n\n\t\t <div class=\"ams-fifty__media u-ratio-landscape\">\n\t\t \t\t\t\t\t<img decoding=\"async\" width=\"600\" height=\"474\" src=\"https:\/\/designgymnasiet.se\/wp-content\/uploads\/sites\/12\/2023\/09\/designgymnasiet-elevhalsa-202304-e1696941401808-600x474.jpg\" class=\"attachment-md size-md\" alt=\"En elev skrattar och ler i ett klassrum.\" sizes=\"(min-width: 64em) 600px, calc(100vw - 160px)\" srcset=\"https:\/\/designgymnasiet.se\/wp-content\/uploads\/sites\/12\/2023\/09\/designgymnasiet-elevhalsa-202304-e1696941401808-600x474.jpg 600w, https:\/\/designgymnasiet.se\/wp-content\/uploads\/sites\/12\/2023\/09\/designgymnasiet-elevhalsa-202304-e1696941401808-300x237.jpg 300w, https:\/\/designgymnasiet.se\/wp-content\/uploads\/sites\/12\/2023\/09\/designgymnasiet-elevhalsa-202304-e1696941401808-400x316.jpg 400w, https:\/\/designgymnasiet.se\/wp-content\/uploads\/sites\/12\/2023\/09\/designgymnasiet-elevhalsa-202304-e1696941401808-800x632.jpg 800w, https:\/\/designgymnasiet.se\/wp-content\/uploads\/sites\/12\/2023\/09\/designgymnasiet-elevhalsa-202304-e1696941401808-1024x809.jpg 1024w, https:\/\/designgymnasiet.se\/wp-content\/uploads\/sites\/12\/2023\/09\/designgymnasiet-elevhalsa-202304-e1696941401808.jpg 1198w\" \/>\n\t\t\t\n\t\t\t\n\t\t\t\t\t<\/div>\n\t<\/div>\n\n\t\t\n\n<\/section>\n\n\n\n<h2 class=\"wp-block-heading has-md-font-size\"><strong>Bostad V\u00e4ster\u00e5s \u2013 kommunens samlade studentbost\u00e4der<\/strong><\/h2>\n\n\n\n<p><strong>Bostad V\u00e4ster\u00e5s<\/strong> f\u00f6rmedlar en stor del av student- och ungdomsbost\u00e4derna i staden. H\u00e4r finns b\u00e5de rum, ettor, mindre l\u00e4genheter och boenden som passar elever som precis flyttat hemifr\u00e5n.<\/p>\n\n\n\n<p>S\u00f6k studentbostad:<a href=\"https:\/\/www.bostadvasteras.se\/soka-studentbostad\/?utm_source=chatgpt.com\" target=\"_blank\" rel=\"noreferrer noopener\"> https:\/\/www.bostadvasteras.se\/soka-studentbostad\/<\/a><\/p>\n\n\n\n<h2 class=\"wp-block-heading has-md-font-size\"><strong>Victoriahem \u2013 privata studentl\u00e4genheter i V\u00e4ster\u00e5s<\/strong><\/h2>\n\n\n\n<p><strong>Victoriahem<\/strong> hyr ut studentbost\u00e4der och mindre l\u00e4genheter som passar gymnasieelever, och m\u00e5nga uppskattar att kontrakten \u00e4r riktiga f\u00f6rstahandskontrakt. Det inneb\u00e4r att du kan bo kvar \u00e4ven efter studietiden.<\/p>\n\n\n\n<p>L\u00e4nk:<a href=\"https:\/\/www.victoriahem.se\/sok-ledigt\/hyreslagenheter\/lagenheter-for-studenter-i-vasteras\/?utm_source=chatgpt.com\" target=\"_blank\" rel=\"noreferrer noopener\"> https:\/\/www.victoriahem.se\/sok-ledigt\/hyreslagenheter\/lagenheter-for-studenter-i-vasteras\/<\/a><\/p>\n\n\n\n<div style=\"height:64px\" aria-hidden=\"true\" class=\"wp-block-spacer\"><\/div>\n\n\n\n\n<section  class=\"ams-cta ams-cta--stacked c-block l-stacked\" data-color-scheme=\"burgundy\">\n\t<div class=\"l-container l-stack l-stack-fluid-2xl u-pt-fluid-3xl-6xl u-pb-fluid-3xl-6xl is-center is-center@md\">\n\t\t\t\t\t<div class=\"ams-cta__intro l-stack l-stack-lg\">\n\t\t\t\t\t\n\t<h2\n\tclass=\"c-heading u-font-title-1 \"\n\tstyle=\"\">\n\t\t\n\t\t\t\t\tB\u00f6rja leta boende <span class=\"highlight\">s\u00e5 snart<\/span> du f\u00e5tt antagningsbeskedet!\n\t\t\t\t\n\t<\/h2>\n\n\t\t\t\t\t\t\t<\/div>\n\t\t\n\t\t\n\t\t\t<\/div>\n\n\t\t\n\n<\/section>\n\n\n\n<div style=\"height:31px\" aria-hidden=\"true\" class=\"wp-block-spacer\"><\/div>\n\n\n\n\n\n<section  class=\"ams-faq ams_event_module c-block l-stacked js-load-more\" data-count=\"3\" data-count-mobile=\"2\">\n\t<div class=\"l-container l-stack l-stack-fluid-2xl u-pt-fluid-3xl-6xl u-pb-fluid-3xl-6xl is-center is-center@md\">\n\t\t\t\t\t<div class=\"ams-faq__intro l-stack l-stack-lg\">\n\t\t\t\t\t\n\t<h2\n\tclass=\"c-heading u-font-title-1 \"\n\tstyle=\"\">\n\t\t\n\t\t\t\t\tFr\u00e5gor och svar om studentboende\n\t\t\t\t\n\t<\/h2>\n\n\t\t\t\t\t\t\t<\/div>\n\t\t\n\t\t\n\t\n\t    \n\t\n\t<ul\n\t\tid=\"ams-faq-list-69f2407fe78d3\"\n\t\tclass=\"ams-faq__ac ams-accordion_module c-accordion js-results \"\n\t\taria-label=\"Vanliga fr\u00e5gor\"\n\t\tdata-variant=\"border-between\"\n\t\tdata-ajax-action=\"log_faq_view\"\n\t\tdata-ajax-url=\"https:\/\/designgymnasiet.se\/vasteras\/wp-admin\/admin-ajax.php\"\n\t\tdata-ajax-nonce=\"6f96425c7d\"\n\t\tdata-filter-animation=\"off\">\n\n\t\t\n\t\t\t\t\t\t\t\t\t\t\t\t\t\t\t\n\t\t\t\n\t\t\t<li data-ajax-id=\"1923\" class=\"c-accordion__item \"\n\t\t\tdata-filter=\"studentboende december-2025\"\n\t\t\t>\n\t\t\t\t<h3 class=\"c-accordion__header\">\n\t\t\t\t\t\t\t\t\t\t<button class=\"c-accordion__trigger u-py-sm u-px-fluid-md-xl u-font-title-4\">\n\t\t\t\t\t\t<span>Vem kontaktar jag vid fr\u00e5gor om boendest\u00f6d?<\/span>\n\t\t\t\t\t\t<svg class=\"ams-icon ams-icon__arrow-down\" width=\"24\" height=\"24\" viewbox=\"0 0 24 24\" fill=\"currentColor\" aria-hidden=\"true\" xmlns=\"http:\/\/www.w3.org\/2000\/svg\">\n\t\t\t\t\t\t\t\t\t\t\t\t\t<path d=\"m11.2033 18.4294-10.872894-10.67584c-.440539-.42594-.440539-1.1147 0-1.54065l.665495-.64345c.440539-.42595 1.152899-.42595 1.593439 0l9.41066 9.27114 9.4107-9.26207c.4405-.42595 1.1529-.42595 1.5934 0l.6655.64345c.4405.42594.4405 1.1147 0 1.54065l-10.8729 10.67587c-.4405.4168-1.1529.4168-1.5934-.0091z\"\/>\n\t\t\t\t\t\n\t\t\t\t\t\t<\/svg>\n\t\t\t\t\t<\/button>\n\t\t\t\t<\/h3>\n\t\t\t\t<div class=\"c-accordion__body l-stack u-font-body\">\n\t\t\t\t\t<div class=\"c-accordion__body__inner u-p-fluid-md-xl l-stack\">\n\t\t\t\t\t\t<div class=\"TypographyPresentation TypographyPresentation--medium RichText3-paragraph--withVSpacingNormal RichText3-paragraph HighlightSol HighlightSol--buildingBlock\">Om du har fr\u00e5gor om boende eller beh\u00f6ver tips p\u00e5 hur du kommer ig\u00e5ng med s\u00f6kandet, \u00e4r du v\u00e4lkommen att kontakta oss.<\/div>\n<div class=\"TypographyPresentation TypographyPresentation--medium RichText3-paragraph--withVSpacingNormal RichText3-paragraph HighlightSol HighlightSol--buildingBlock\">E-post<strong>:<\/strong> <a class=\"LinkThemeablePresentation LinkPrimaryPresentation LinkPrimaryPresentation--sentimentSelected PrimaryLink HighlightSol HighlightSol--core HighlightSol--buildingBlock\" href=\"mailto:info.vasteras@designgymnasiet.se\" target=\"_blank\" rel=\"noreferrer noopener\">info.vasteras@designgymnasiet.se<\/a><\/div>\n\n\t\t\t\t\t<\/div>\n\t\t\t\t<\/div>\n\t\t\t<\/li>\n\t\t\n\t\t\t\t\t\t\t\t\t\t\t\t\t\t\t\n\t\t\t\n\t\t\t<li data-ajax-id=\"1922\" class=\"c-accordion__item \"\n\t\t\tdata-filter=\"studentboende december-2025\"\n\t\t\t>\n\t\t\t\t<h3 class=\"c-accordion__header\">\n\t\t\t\t\t\t\t\t\t\t<button class=\"c-accordion__trigger u-py-sm u-px-fluid-md-xl u-font-title-4\">\n\t\t\t\t\t\t<span>Hur tidigt b\u00f6r man s\u00f6ka boende?<\/span>\n\t\t\t\t\t\t<svg class=\"ams-icon ams-icon__arrow-down\" width=\"24\" height=\"24\" viewbox=\"0 0 24 24\" fill=\"currentColor\" aria-hidden=\"true\" xmlns=\"http:\/\/www.w3.org\/2000\/svg\">\n\t\t\t\t\t\t\t\t\t\t\t\t\t<path d=\"m11.2033 18.4294-10.872894-10.67584c-.440539-.42594-.440539-1.1147 0-1.54065l.665495-.64345c.440539-.42595 1.152899-.42595 1.593439 0l9.41066 9.27114 9.4107-9.26207c.4405-.42595 1.1529-.42595 1.5934 0l.6655.64345c.4405.42594.4405 1.1147 0 1.54065l-10.8729 10.67587c-.4405.4168-1.1529.4168-1.5934-.0091z\"\/>\n\t\t\t\t\t\n\t\t\t\t\t\t<\/svg>\n\t\t\t\t\t<\/button>\n\t\t\t\t<\/h3>\n\t\t\t\t<div class=\"c-accordion__body l-stack u-font-body\">\n\t\t\t\t\t<div class=\"c-accordion__body__inner u-p-fluid-md-xl l-stack\">\n\t\t\t\t\t\t<p>S\u00e5 tidigt som m\u00f6jligt, g\u00e4rna direkt efter antagningsbesked.<\/p>\n\n\t\t\t\t\t<\/div>\n\t\t\t\t<\/div>\n\t\t\t<\/li>\n\t\t\n\t\t\t\t\t\t\t\t\t\t\t\t\t\t\t\n\t\t\t\n\t\t\t<li data-ajax-id=\"1921\" class=\"c-accordion__item \"\n\t\t\tdata-filter=\"studentboende december-2025\"\n\t\t\t>\n\t\t\t\t<h3 class=\"c-accordion__header\">\n\t\t\t\t\t\t\t\t\t\t<button class=\"c-accordion__trigger u-py-sm u-px-fluid-md-xl u-font-title-4\">\n\t\t\t\t\t\t<span>F\u00e5r man studentbostad fast man g\u00e5r p\u00e5 gymnasiet?<\/span>\n\t\t\t\t\t\t<svg class=\"ams-icon ams-icon__arrow-down\" width=\"24\" height=\"24\" viewbox=\"0 0 24 24\" fill=\"currentColor\" aria-hidden=\"true\" xmlns=\"http:\/\/www.w3.org\/2000\/svg\">\n\t\t\t\t\t\t\t\t\t\t\t\t\t<path d=\"m11.2033 18.4294-10.872894-10.67584c-.440539-.42594-.440539-1.1147 0-1.54065l.665495-.64345c.440539-.42595 1.152899-.42595 1.593439 0l9.41066 9.27114 9.4107-9.26207c.4405-.42595 1.1529-.42595 1.5934 0l.6655.64345c.4405.42594.4405 1.1147 0 1.54065l-10.8729 10.67587c-.4405.4168-1.1529.4168-1.5934-.0091z\"\/>\n\t\t\t\t\t\n\t\t\t\t\t\t<\/svg>\n\t\t\t\t\t<\/button>\n\t\t\t\t<\/h3>\n\t\t\t\t<div class=\"c-accordion__body l-stack u-font-body\">\n\t\t\t\t\t<div class=\"c-accordion__body__inner u-p-fluid-md-xl l-stack\">\n\t\t\t\t\t\t<p>Ja, m\u00e5nga av V\u00e4ster\u00e5s studentl\u00e4genheter \u00e4r \u00f6ppna f\u00f6r elever vid gymnasieskolor med riksintag \u2014 d\u00e4ribland Designgymnasiet.<\/p>\n\n\t\t\t\t\t<\/div>\n\t\t\t\t<\/div>\n\t\t\t<\/li>\n\t\t\t<\/ul>\n\n\t<div class=\"no-results u-mt-0 u-hide\" data-filter-fallback-id=\"ams-faq-list-69f2407fe78d3\">\n\t<p>Det finns inga resultat som matchar din filtrering.<\/p>\n<\/div>\n\n\t\n\n\t\t\n\t\t\t<\/div>\n\n\t\t\n\n<\/section>\n","protected":false},"excerpt":{"rendered":"<p>Bostad V\u00e4ster\u00e5s \u2013 kommunens samlade studentbost\u00e4der Bostad V\u00e4ster\u00e5s f\u00f6rmedlar en stor del av student- och ungdomsbost\u00e4derna i staden. H\u00e4r finns b\u00e5de rum, ettor, mindre l\u00e4genheter och boenden som passar elever som precis flyttat hemifr\u00e5n. S\u00f6k studentbostad: https:\/\/www.bostadvasteras.se\/soka-studentbostad\/ Victoriahem \u2013 privata studentl\u00e4genheter i V\u00e4ster\u00e5s Victoriahem hyr ut studentbost\u00e4der och mindre l\u00e4genheter som passar gymnasieelever, och m\u00e5nga&#8230;<\/p>\n","protected":false},"author":25,"featured_media":0,"parent":0,"menu_order":0,"comment_status":"closed","ping_status":"closed","template":"","meta":{"footnotes":""},"yoast_head":"<!-- This site is optimized with the Yoast SEO plugin v22.0 - https:\/\/yoast.com\/wordpress\/plugins\/seo\/ -->\n<title>V\u00e4ster\u00e5s<\/title>\n<meta name=\"robots\" content=\"index, follow, max-snippet:-1, max-image-preview:large, max-video-preview:-1\" \/>\n<link rel=\"canonical\" href=\"https:\/\/designgymnasiet.se\/vasteras\/boende-for-inflyttande\/\" \/>\n<meta property=\"og:locale\" content=\"sv_SE\" \/>\n<meta property=\"og:type\" content=\"article\" \/>\n<meta property=\"og:url\" content=\"https:\/\/designgymnasiet.se\/vasteras\/boende-for-inflyttande\/\" \/>\n<meta property=\"og:site_name\" content=\"V\u00e4ster\u00e5s\" \/>\n<meta property=\"article:modified_time\" content=\"2025-12-18T15:49:56+00:00\" \/>\n<meta name=\"twitter:card\" content=\"summary_large_image\" \/>\n<meta name=\"twitter:label1\" content=\"Ber\u00e4knad l\u00e4stid\" \/>\n\t<meta name=\"twitter:data1\" content=\"1 minut\" \/>\n<script type=\"application\/ld+json\" class=\"yoast-schema-graph\">{\"@context\":\"https:\/\/schema.org\",\"@graph\":[{\"@type\":\"WebPage\",\"@id\":\"https:\/\/designgymnasiet.se\/vasteras\/boende-for-inflyttande\/\",\"url\":\"https:\/\/designgymnasiet.se\/vasteras\/boende-for-inflyttande\/\",\"name\":\"Boende f\u00f6r inflyttande - V\u00e4ster\u00e5s\",\"isPartOf\":{\"@id\":\"https:\/\/designgymnasiet.se\/vasteras\/#website\"},\"datePublished\":\"2025-12-18T14:34:22+00:00\",\"dateModified\":\"2025-12-18T15:49:56+00:00\",\"breadcrumb\":{\"@id\":\"https:\/\/designgymnasiet.se\/vasteras\/boende-for-inflyttande\/#breadcrumb\"},\"inLanguage\":\"sv-SE\",\"potentialAction\":[{\"@type\":\"ReadAction\",\"target\":[\"https:\/\/designgymnasiet.se\/vasteras\/boende-for-inflyttande\/\"]}]},{\"@type\":\"BreadcrumbList\",\"@id\":\"https:\/\/designgymnasiet.se\/vasteras\/boende-for-inflyttande\/#breadcrumb\",\"itemListElement\":[{\"@type\":\"ListItem\",\"position\":1,\"name\":\"Start\",\"item\":\"https:\/\/designgymnasiet.se\/vasteras\/\"},{\"@type\":\"ListItem\",\"position\":2,\"name\":\"Boende f\u00f6r inflyttande\"}]},{\"@type\":\"WebSite\",\"@id\":\"https:\/\/designgymnasiet.se\/vasteras\/#website\",\"url\":\"https:\/\/designgymnasiet.se\/vasteras\/\",\"name\":\"V\u00e4ster\u00e5s\",\"description\":\"Har du designdr\u00f6mmar?\",\"potentialAction\":[{\"@type\":\"SearchAction\",\"target\":{\"@type\":\"EntryPoint\",\"urlTemplate\":\"https:\/\/designgymnasiet.se\/vasteras\/?s={search_term_string}\"},\"query-input\":\"required name=search_term_string\"}],\"inLanguage\":\"sv-SE\"}]}<\/script>\n<!-- \/ Yoast SEO plugin. -->","yoast_head_json":{"title":"V\u00e4ster\u00e5s","robots":{"index":"index","follow":"follow","max-snippet":"max-snippet:-1","max-image-preview":"max-image-preview:large","max-video-preview":"max-video-preview:-1"},"canonical":"https:\/\/designgymnasiet.se\/vasteras\/boende-for-inflyttande\/","og_locale":"sv_SE","og_type":"article","og_url":"https:\/\/designgymnasiet.se\/vasteras\/boende-for-inflyttande\/","og_site_name":"V\u00e4ster\u00e5s","article_modified_time":"2025-12-18T15:49:56+00:00","twitter_card":"summary_large_image","twitter_misc":{"Ber\u00e4knad l\u00e4stid":"1 minut"},"schema":{"@context":"https:\/\/schema.org","@graph":[{"@type":"WebPage","@id":"https:\/\/designgymnasiet.se\/vasteras\/boende-for-inflyttande\/","url":"https:\/\/designgymnasiet.se\/vasteras\/boende-for-inflyttande\/","name":"Boende f\u00f6r inflyttande - V\u00e4ster\u00e5s","isPartOf":{"@id":"https:\/\/designgymnasiet.se\/vasteras\/#website"},"datePublished":"2025-12-18T14:34:22+00:00","dateModified":"2025-12-18T15:49:56+00:00","breadcrumb":{"@id":"https:\/\/designgymnasiet.se\/vasteras\/boende-for-inflyttande\/#breadcrumb"},"inLanguage":"sv-SE","potentialAction":[{"@type":"ReadAction","target":["https:\/\/designgymnasiet.se\/vasteras\/boende-for-inflyttande\/"]}]},{"@type":"BreadcrumbList","@id":"https:\/\/designgymnasiet.se\/vasteras\/boende-for-inflyttande\/#breadcrumb","itemListElement":[{"@type":"ListItem","position":1,"name":"Start","item":"https:\/\/designgymnasiet.se\/vasteras\/"},{"@type":"ListItem","position":2,"name":"Boende f\u00f6r inflyttande"}]},{"@type":"WebSite","@id":"https:\/\/designgymnasiet.se\/vasteras\/#website","url":"https:\/\/designgymnasiet.se\/vasteras\/","name":"V\u00e4ster\u00e5s","description":"Har du designdr\u00f6mmar?","potentialAction":[{"@type":"SearchAction","target":{"@type":"EntryPoint","urlTemplate":"https:\/\/designgymnasiet.se\/vasteras\/?s={search_term_string}"},"query-input":"required name=search_term_string"}],"inLanguage":"sv-SE"}]}},"_links":{"self":[{"href":"https:\/\/designgymnasiet.se\/vasteras\/wp-json\/wp\/v2\/pages\/1905"}],"collection":[{"href":"https:\/\/designgymnasiet.se\/vasteras\/wp-json\/wp\/v2\/pages"}],"about":[{"href":"https:\/\/designgymnasiet.se\/vasteras\/wp-json\/wp\/v2\/types\/page"}],"author":[{"embeddable":true,"href":"https:\/\/designgymnasiet.se\/vasteras\/wp-json\/wp\/v2\/users\/25"}],"replies":[{"embeddable":true,"href":"https:\/\/designgymnasiet.se\/vasteras\/wp-json\/wp\/v2\/comments?post=1905"}],"version-history":[{"count":9,"href":"https:\/\/designgymnasiet.se\/vasteras\/wp-json\/wp\/v2\/pages\/1905\/revisions"}],"predecessor-version":[{"id":1934,"href":"https:\/\/designgymnasiet.se\/vasteras\/wp-json\/wp\/v2\/pages\/1905\/revisions\/1934"}],"wp:attachment":[{"href":"https:\/\/designgymnasiet.se\/vasteras\/wp-json\/wp\/v2\/media?parent=1905"}],"curies":[{"name":"wp","href":"https:\/\/api.w.org\/{rel}","templated":true}]}}