{"id":1360,"date":"2023-10-04T08:45:22","date_gmt":"2023-10-04T06:45:22","guid":{"rendered":""},"modified":"2025-10-22T14:39:48","modified_gmt":"2025-10-22T12:39:48","slug":"utstallningsdesign","status":"publish","type":"program_orientation","link":"https:\/\/designgymnasiet.se\/kungsholmen\/program\/forsaljnings-och-serviceprogrammet\/utstallningsdesign\/","title":{"rendered":"Utst\u00e4llningsdesign"},"content":{"rendered":"\n\t<div class=\"module_wrapper ams_remote_pages_module \">\n\t\t\n\t\n\t\n\t\n\t\n\t\n\t\n<section \n\tclass=\"ams-hero ams-hero--classic ams-hero--75 has-content-bg c-block l-stacked  \"\n\tdata-color-scheme=\"white\"\n\tstyle=\"\">\n\t<div class=\"ams-hero__container u-items-end u-justify-end\">\n\t\t<div\n\t\t\tclass=\"ams-hero__content l-stack l-stack-xl is-left is-left@md\" style=--hero-content-bg:#ffffff;>\n\t\t\t<div class=\"l-stack l-stack-lg\">\n\t\t\t\t\t\n\t<h1\n\tclass=\"c-heading u-font-display \"\n\tstyle=\"\">\n\t\t\n\t\t\t\t\tUtst\u00e4ll\u00adnings\u00addesign\n\t\t\t\t\n\t<\/h1>\n\n\t\t\t\t\t\t\t<\/div>\n\n\t\t\t\t\t<\/div>\n\t<\/div>\n\n\t\n\t\t\t\n\t\t\t\t\t\t\t\n\t\t\t\t<div class=\"c-bg c-bg--img\" data-settings=\"{&quot;desktop_settings&quot;:{&quot;size&quot;:&quot;cover&quot;,&quot;position&quot;:&quot;middle-center&quot;},&quot;mobile_settings&quot;:{&quot;size&quot;:&quot;cover&quot;,&quot;position&quot;:&quot;middle-center&quot;}}\" data-position=\"middle-center\" data-size=\"cover\">\n\t\t\t<picture><source media=\"(min-width: 48em)\" srcset=\"https:\/\/designgymnasiet.se\/wp-content\/uploads\/2023\/10\/utstallningsdesign-forsaljning-och-serviceprogrammet-202304-e1697434436858.jpg 1920w, https:\/\/designgymnasiet.se\/wp-content\/uploads\/2023\/10\/utstallningsdesign-forsaljning-och-serviceprogrammet-202304-e1697434436858-300x149.jpg 300w, https:\/\/designgymnasiet.se\/wp-content\/uploads\/2023\/10\/utstallningsdesign-forsaljning-och-serviceprogrammet-202304-e1697434436858-400x199.jpg 400w, https:\/\/designgymnasiet.se\/wp-content\/uploads\/2023\/10\/utstallningsdesign-forsaljning-och-serviceprogrammet-202304-e1697434436858-600x298.jpg 600w, https:\/\/designgymnasiet.se\/wp-content\/uploads\/2023\/10\/utstallningsdesign-forsaljning-och-serviceprogrammet-202304-e1697434436858-800x398.jpg 800w, https:\/\/designgymnasiet.se\/wp-content\/uploads\/2023\/10\/utstallningsdesign-forsaljning-och-serviceprogrammet-202304-e1697434436858-1024x509.jpg 1024w, https:\/\/designgymnasiet.se\/wp-content\/uploads\/2023\/10\/utstallningsdesign-forsaljning-och-serviceprogrammet-202304-e1697434436858-1200x597.jpg 1200w\" sizes=\"(max-width: 1920px) 100vw, 1920px\" \/><source srcset=\"https:\/\/designgymnasiet.se\/wp-content\/uploads\/2023\/10\/forsaljning-och-serviceprogrammet-pa-designgymnasiet-202304-kopia-1-768x576.jpg\" sizes=\"(max-width: 768px) 100vw, 768px\" \/><img decoding=\"async\" width=\"1920\" height=\"955\" src=\"https:\/\/designgymnasiet.se\/wp-content\/uploads\/2023\/10\/utstallningsdesign-forsaljning-och-serviceprogrammet-202304-e1697434436858.jpg\" class=\"attachment-hero-lg size-hero-lg\" alt=\"Elever pratar kring ett bord i ett klassrum, svartvitt.\" sizes=\"(max-width: 1920px) 100vw, 1920px\" srcset=\"https:\/\/designgymnasiet.se\/wp-content\/uploads\/2023\/10\/utstallningsdesign-forsaljning-och-serviceprogrammet-202304-e1697434436858.jpg 1920w, https:\/\/designgymnasiet.se\/wp-content\/uploads\/2023\/10\/utstallningsdesign-forsaljning-och-serviceprogrammet-202304-e1697434436858-300x149.jpg 300w, https:\/\/designgymnasiet.se\/wp-content\/uploads\/2023\/10\/utstallningsdesign-forsaljning-och-serviceprogrammet-202304-e1697434436858-400x199.jpg 400w, https:\/\/designgymnasiet.se\/wp-content\/uploads\/2023\/10\/utstallningsdesign-forsaljning-och-serviceprogrammet-202304-e1697434436858-600x298.jpg 600w, https:\/\/designgymnasiet.se\/wp-content\/uploads\/2023\/10\/utstallningsdesign-forsaljning-och-serviceprogrammet-202304-e1697434436858-800x398.jpg 800w, https:\/\/designgymnasiet.se\/wp-content\/uploads\/2023\/10\/utstallningsdesign-forsaljning-och-serviceprogrammet-202304-e1697434436858-1024x509.jpg 1024w, https:\/\/designgymnasiet.se\/wp-content\/uploads\/2023\/10\/utstallningsdesign-forsaljning-och-serviceprogrammet-202304-e1697434436858-1200x597.jpg 1200w\" \/><\/picture>\n\t\t<\/div>\n\t\n<\/section>\n\t\t\t\t\t<div class=\"container core-spacer\">\n\t\t\t\t\t\t<div class=\"row\">\n\t\t\t\t\t\t\t<div class=\"col-12\">\n\t\t\t\t\t\t\t\t\n<div style=\"height:220px\" aria-hidden=\"true\" class=\"wp-block-spacer\"><\/div>\n\t\t\t\t\t\t\t<\/div>\n\t\t\t\t\t\t<\/div>\n\t\t\t\t\t<\/div>\n\t\t\t\t\t\t\t\t\t\t<div class=\"container core-columns\">\n\t\t\t\t\t\t<div class=\"row\">\n\t\t\t\t\t\t\t<div class=\"col-12\">\n\t\t\t\t\t\t\t\t\n<div class=\"wp-block-columns is-layout-flex wp-container-core-columns-layout-1 wp-block-columns-is-layout-flex\">\n<div class=\"wp-block-column is-layout-flow wp-block-column-is-layout-flow\" style=\"flex-basis:64%\">\n<h2 class=\"wp-block-heading\">F\u00f6lj din utst\u00e4llningsdr\u00f6m<\/h2>\n\n\n\n<p   class=\"site__ingress container text-left  site__text-color--dark  site__free_text--ingress p-0\">\n\tUtst\u00e4llningsdesign \u00e4r en sp\u00e4nnande yrkesutbildning f\u00f6r dig som \u00e4r intresserad av design, f\u00f6rs\u00e4ljning, service och entrepren\u00f6rskap. Du f\u00e5r kunskaper i allt fr\u00e5n ledarskap och marknadsf\u00f6ring till grafisk kommunikation och ink\u00f6p. Utbildningen g\u00f6r dig b\u00e5de redo f\u00f6r yrkeslivet samt ger dig grundl\u00e4ggande h\u00f6gskolebeh\u00f6righet och m\u00f6jligheten att studera vidare.<\/p>\n\n\n\n\n\n<p>P\u00e5 Designgymnasiet kopplar vi ihop handel, service och design genom en profil som vi kallar Utst\u00e4llningsdesign. Utbildningen ger dig F\u00f6rs\u00e4ljnings- och serviceprogrammet grundl\u00e4ggande kunskaper inom butiksf\u00f6rs\u00e4ljning, service och handel tillsammans med den kreativa f\u00f6rdjupningen mot utst\u00e4llningsdesign, gestaltning och skyltning. Elever som vill ha en internationell inriktning kan \u00e4ven ans\u00f6ka om praktikplats utomlands.<\/p>\n\n\n\n<p>Som ett av de f\u00e5 kvalitetscertifierade f\u00f6rs\u00e4ljnings- och service- programmet i Sverige erbjuder utbildningen dig kunskaper inom butiksf\u00f6rs\u00e4ljning, service och handel tillsammans med den kreativa f\u00f6rdjupningen mot utst\u00e4llningsdesign, gestaltning och skyltning. Du f\u00e5r l\u00e4sa entrepren\u00f6rskap d\u00e4r du startar, driver och avvecklar ett UF-f\u00f6retag under l\u00e4s\u00e5ret. <\/p>\n\n\n\n<h3 class=\"wp-block-heading\"><strong>Praktik<\/strong><\/h3>\n\n\n\n<p>P\u00e5 utbildningen g\u00f6r du minst 15 veckors APL (Arbetsplatsf\u00f6rlagt l\u00e4rande) under tre \u00e5r. Inf\u00f6r tredje \u00e5ret p\u00e5 programmet har du dessutom m\u00f6jlighet att s\u00f6ka din APL utomlands. Vi erbjuder f\u00f6r tillf\u00e4llet praktik i Cordoba, Spanien. Praktiken utomlands \u00e4r ett samarbete med Erasmus+.  Under \u00e5tta veckor f\u00e5r du en fantastisk m\u00f6jlighet att skaffa dig internationell erfarenhet, en h\u00e4rlig upplevelse, och en egen personlig utveckling. Det \u00e4r ocks\u00e5 meriterande att ha p\u00e5 sitt CV.<\/p>\n<\/div>\n\n\n\n<div class=\"wp-block-column is-layout-flow wp-block-column-is-layout-flow\" style=\"flex-basis:1%\"><\/div>\n\n\n\n<div class=\"wp-block-column is-layout-flow wp-block-column-is-layout-flow\" style=\"flex-basis:35%\"><style>\n@media only screen and (min-width: 600px) {\n\t}\n@media only screen and (max-width: 600px) {\n\t}\n<\/style>\n<div   class=\"ams-fragor  site__secondary-bg--13   ams-fragor-nchdxgvnlruaxulqjnis\" >\n\t<p class=\"site__subheading-1  site__text-color--dark  u-mb-2xs\">\n\t\tInfo\t<\/p>\n   \t\t <div   class=\" site__text-color--dark  ams-fragor__namn\">\n\t\t\t\t\t\t<span class=\" \">\n\t\t\t\t\t\t\t<\/span>\n\t\t<\/div>\n\t\t<div   class=\" site__text-color--dark  ams-fragor__utbildning\">\n\t\t\t\t\t\t<span class=\" \">\n\t\t\t\t\t\t\t<\/span>\n\t\t<\/div>\n\t\t\t\t\t<ul>\n\t\t\t\t\t\t\t<li   class=\" site__text-color--dark  \" >\n\t\t\t\t\tProgram:\t\t\t\t\t\t\t\t\t\t\t<span class=\"\">\n\t\t\t\t\t\t\tF\u00f6rs\u00e4ljnings- och serviceprogrammet\t\t\t\t\t\t<\/span>\n\t\t\t\t\t\t\t\t\t<\/li>\n\t\t\t\t\t\t\t<li   class=\" site__text-color--dark  \" >\n\t\t\t\t\tS\u00f6kkod:\t\t\t\t\t\t\t\t\t\t\t<span class=\"\">\n\t\t\t\t\t\t\tFS25\t\t\t\t\t\t<\/span>\n\t\t\t\t\t\t\t\t\t<\/li>\n\t\t\t\t\t<\/ul>\n\t\t\t<\/div>\n<script>\n\tamsFragor = function() {\n\t\tvar w = window.innerWidth;\n\t\tvar siteMain = document.getElementsByClassName(\"site-main\")[0]\n\t\tif(typeof siteMain !== 'undefined'){\n\t\t\tvar testimonial = siteMain.getElementsByClassName(\"testimonial_header_module\")[0]\n\t\t\tif(typeof testimonial !== 'undefined'){\n\t\t\t\tvar amsFragor = document.getElementsByClassName(\"ams-fragor\")\n\t\t\t\tfor(var i = 0; i < amsFragor.length; i++){\n\t\t\t\t\tif(w > 769 ){\n\t\t\t\t\t\tamsFragor[i].setAttribute('style', \"margin-top: 50px\");\n\t\t\t\t\t}else{\n\t\t\t\t\t\tamsFragor[i].setAttribute('style', \"margin-top: 0px\");\n\t\t\t\t\t}\n\t\t\t\t}\n\t\t\t}\n\t\t}\n\t};\n\tamsFragor();\n\twindow.addEventListener(\"resize\", amsFragor);\n<\/script>\n\n\n\n<div style=\"height:24px\" aria-hidden=\"true\" class=\"wp-block-spacer\"><\/div>\n\n\n<style>\n@media only screen and (min-width: 600px) {\n\t}\n@media only screen and (max-width: 600px) {\n\t}\n<\/style>\n<div   class=\"ams-fragor  site__secondary-bg--100   ams-fragor-fvdbezzbtkufxdgtsbig\" >\n\t<p class=\"site__subheading-1  site__text-color--light  u-mb-2xs\">\n\t\tRelaterade yrken\t<\/p>\n   \t\t <div   class=\" site__text-color--light  ams-fragor__namn\">\n\t\t\t\t\t\t<span class=\" \">\n\t\t\t\t\t\t\t<\/span>\n\t\t<\/div>\n\t\t<div   class=\" site__text-color--light  ams-fragor__utbildning\">\n\t\t\t\t\t\t<span class=\" \">\n\t\t\t\t\t\t\t<\/span>\n\t\t<\/div>\n\t\t\t\t\t<ul>\n\t\t\t\t\t\t\t<li   class=\" site__text-color--light  \" >\n\t\t\t\t\t\t\t\t\t\t\t\t\t\t\t\t<span class=\"\">\n\t\t\t\t\t\t\tUtst\u00e4llningsdesigner i butik, galleria, museum &#038; m\u00e4ssor eller visual merchendiser, s\u00e4ljare, eventpersonal och egenf\u00f6retagare. \t\t\t\t\t\t<\/span>\n\t\t\t\t\t\t\t\t\t<\/li>\n\t\t\t\t\t<\/ul>\n\t\t\t<\/div>\n<script>\n\tamsFragor = function() {\n\t\tvar w = window.innerWidth;\n\t\tvar siteMain = document.getElementsByClassName(\"site-main\")[0]\n\t\tif(typeof siteMain !== 'undefined'){\n\t\t\tvar testimonial = siteMain.getElementsByClassName(\"testimonial_header_module\")[0]\n\t\t\tif(typeof testimonial !== 'undefined'){\n\t\t\t\tvar amsFragor = document.getElementsByClassName(\"ams-fragor\")\n\t\t\t\tfor(var i = 0; i < amsFragor.length; i++){\n\t\t\t\t\tif(w > 769 ){\n\t\t\t\t\t\tamsFragor[i].setAttribute('style', \"margin-top: 50px\");\n\t\t\t\t\t}else{\n\t\t\t\t\t\tamsFragor[i].setAttribute('style', \"margin-top: 0px\");\n\t\t\t\t\t}\n\t\t\t\t}\n\t\t\t}\n\t\t}\n\t};\n\tamsFragor();\n\twindow.addEventListener(\"resize\", amsFragor);\n<\/script>\n<\/div>\n<\/div>\n\t\t\t\t\t\t\t<\/div>\n\t\t\t\t\t\t<\/div>\n\t\t\t\t\t<\/div>\n\t\t\t\t\t\t<\/div>\n\n\t\n\n\n\t\n\t\n\t\n\n\t\n\t\n\t\t\n<section  class=\"c-block l-stacked  \" data-color-scheme=\"gray\">\n\t<div class=\"ams-fifty ams-fifty--container ams-fifty--left ams-fifty--top l-container u-pt-fluid-3xl-6xl u-pb-fluid-3xl-6xl\">\n\t\t<div class=\"ams-fifty__content l-stack l-stack-xl is-left is-left@lg\">\n\t\t\t<div class=\"ams-fifty__text l-stack l-stack-lg\">\n\t\t\t\t\t\n\t<h2\n\tclass=\"c-heading u-font-title-1 \"\n\tstyle=\"\">\n\t\t\n\t\t\t\t\tUtst\u00e4llningsdesign f\u00f6rklarat\n\t\t\t\t\n\t<\/h2>\n\n\t\t\t\t\t\t\t\t\t<div class=\"text l-stack u-font-body\">\n\t\t\t\t\t\t<p><span data-sheets-value=\"{&quot;1&quot;:2,&quot;2&quot;:&quot;En utst\u00e4llningsdesigner kan bland annat arbeta med att designa skyltf\u00f6nster, planera och inreda m\u00e4ssmontrar samt utforma den visuella upplevelsen p\u00e5 ett museum genom att exempelvis best\u00e4mma ordningen p\u00e5 olika verk samt hur de ska visas. Spela videon f\u00f6r att l\u00e4ra dig mer om utbildningen!&quot;}\" data-sheets-userformat=\"{&quot;2&quot;:4531,&quot;3&quot;:{&quot;1&quot;:0},&quot;4&quot;:{&quot;1&quot;:2,&quot;2&quot;:16777215},&quot;7&quot;:{&quot;1&quot;:[{&quot;1&quot;:2,&quot;2&quot;:0,&quot;5&quot;:{&quot;1&quot;:2,&quot;2&quot;:0}},{&quot;1&quot;:0,&quot;2&quot;:0,&quot;3&quot;:3},{&quot;1&quot;:1,&quot;2&quot;:0,&quot;4&quot;:1}]},&quot;8&quot;:{&quot;1&quot;:[{&quot;1&quot;:2,&quot;2&quot;:0,&quot;5&quot;:{&quot;1&quot;:2,&quot;2&quot;:0}},{&quot;1&quot;:0,&quot;2&quot;:0,&quot;3&quot;:3},{&quot;1&quot;:1,&quot;2&quot;:0,&quot;4&quot;:1}]},&quot;10&quot;:2,&quot;11&quot;:4,&quot;15&quot;:&quot;\\&quot;Helvetica Neue\\&quot;&quot;}\">En utst\u00e4llningsdesigner kan bland annat arbeta med att designa skyltf\u00f6nster, planera och inreda m\u00e4ssmontrar samt utforma den visuella upplevelsen p\u00e5 ett museum genom att exempelvis best\u00e4mma ordningen p\u00e5 olika verk samt hur de ska visas. Spela videon f\u00f6r att l\u00e4ra dig mer om utbildningen!<\/span><\/p>\n\n\t\t\t\t\t<\/div>\n\t\t\t\t\t\t\t<\/div>\n\n\t\t\t\t<div class=\"ams-fifty__action u-inline-items\">\n\t\t\t\t\t\t\t\n\n\n<a href=\"https:\/\/designgymnasiet.se\/kungsholmen\/oppet-hus\/\"\n\t\n\tclass=\"c-btn \"\n\tdata-style=\"square\"\n\tdata-size=\"md\"\n\tdata-width=\"full-mobile\"\n\tdata-variant=\"default\"\n\ttarget=\"_self\">\n\t\t\t<span class=\"label\"> Bes\u00f6k oss p\u00e5 \u00d6ppet hus<\/span>\n\t\t\t<\/a>\n\t\t\t<\/div>\n\t\t<\/div>\n\n\t\t <div class=\"ams-fifty__media u-ratio-widescreen\">\n\t\t \t\n\t\t\t\n\t\t\t\t\t\t\t<lite-youtube videoid=\"DkHursu1YcA\" style=\"background-image: url('https:\/\/i.ytimg.com\/vi\/DkHursu1YcA\/hqdefault.jpg');\">\n\t\t\t\t\t\t<button href=\"https:\/\/youtube.com\/watch?v=DkHursu1YcA\" class=\"lty-playbtn\" title=\"Play Video\">\n\t\t\t\t\t\t\t<span class=\"lyt-visually-hidden\">Play Video<\/span>\n\t\t\t\t\t\t<\/button>\n\t\t\t\t\t<\/lite-youtube>\n\t\t\t\t\t<\/div>\n\t<\/div>\n\n\t\t\n\t\t\t\n\t\t\t\t\t\t\t\n\t\t\t\t<div class=\"c-bg c-bg--img\" data-settings=\"{&quot;desktop_settings&quot;:{&quot;size&quot;:&quot;contain&quot;,&quot;position&quot;:&quot;top-right&quot;},&quot;mobile_settings&quot;:{&quot;size&quot;:&quot;contain&quot;,&quot;position&quot;:&quot;top-right&quot;}}\" data-position=\"middle-center\" data-size=\"cover\">\n\t\t\t<picture><source media=\"(min-width: 48em)\" srcset=\"https:\/\/designgymnasiet.se\/wp-content\/uploads\/sites\/9\/2023\/10\/dgscribblekronaplaceringhogra-ovre-hornet1920desktop.svg\" sizes=\"\" \/><source srcset=\"https:\/\/designgymnasiet.se\/wp-content\/uploads\/sites\/9\/2023\/10\/dgscribblekronaplaceringhogra-ovre-hornet1440mobile.svg\" sizes=\"\" \/><img decoding=\"async\" src=\"https:\/\/designgymnasiet.se\/wp-content\/uploads\/sites\/9\/2023\/10\/dgscribblekronaplaceringhogra-ovre-hornet1920desktop.svg\" class=\"attachment-hero-lg size-hero-lg\" alt=\"\" sizes=\"\" height=\"180\" width=\"1920\" \/><\/picture>\n\t\t<\/div>\n\t\n<\/section>\n\n\n\n\n\n<section  class=\"ams-article c-block l-stacked js-load-more\" data-color-scheme=\"cards-white\" data-count=\"2\" data-count-mobile=\"2\">\n\t<div class=\"l-container l-stack l-stack-fluid-2xl u-pt-fluid-3xl-6xl u-pb-fluid-3xl-6xl is-center is-center@md\">\n\t\t\t\t\t<div class=\"ams-article__intro l-stack l-stack-lg\">\n\t\t\t\t\t\n\t<h2\n\tclass=\"c-heading u-font-title-1 \"\n\tstyle=\"\">\n\t\t\n\t\t\t\t\tElever ber\u00e4ttar\n\t\t\t\t\n\t<\/h2>\n\n\t\t\t\t\t\t\t\t\t<div class=\"c-text l-stack u-cs-xl u-font-body\">\n\t\t\t\t\t\t<p>H\u00e4r kan du l\u00e4sa intervjuer med elever som g\u00e5r eller har g\u00e5tt p\u00e5 programmet och inspireras av deras erfarenheter och tankar.<\/p>\n\n\t\t\t\t\t<\/div>\n\t\t\t\t\t\t\t<\/div>\n\t\t\n\t\t\t\n\t    \n\t\n\t<ul id=\"ams-article-list-69f4292faf527\" class=\"ams-article__list l-grid u-gap-2xl u-justify-center js-results \" aria-label=\"Artiklar\" data-filter-animation=\"off\">\n\t\t\t\t\t\t\t\t\t\t\t\t\t\t\t\t\t\n\t\t\t\n\t\t\t\n\t\t\t<li class=\"l-col-6@md l-col-4@lg \" data-filter=\"elevintervjuer maj-2022\">\n\t\t\t\t<article class=\"c-card  has-media-zoom  \" data-variant=\"border\" data-style=\"square\" data-click-area>\n\t\t\t\t\t<div class=\"c-card__content l-stack l-stack-sm\">\n\n\t\t\t\t\t\t\t\t\t\t\t\t\t<time class=\"c-card__date u-font-small\" datetime=\"2022-05-31\">31 maj 2022<\/time>\n\t\t\t\t\t\t\n\t\t\t\t\t\t\t\t\t\t\t\t\t<h3 class=\"c-card__title u-font-title-3\">\n\t\t\t\t\t\t\t\t\t\t\t\t\t\t\t\t\t<a class=\"c-card__link\" href=\"https:\/\/designgymnasiet.se\/kungsholmen\/artikel\/lokal\/efter-studenten-tankte-jag-driva-en-egen-butik\">\n\t\t\t\t\t\t\t\t\t\t&#8221;Efter studenten t\u00e4nkte jag driva en egen butik&#8221;\n\t\t\t\t\t\t\t\t\t<\/a>\n\t\t\t\t\t\t\t\t\t\t\t\t\t\t\t<\/h3>\n\t\t\t\t\t\t\n\t\t\t\t\t\t\t\t\t\t\t\t\t<p class=\"c-card__text l-stack-xs u-font-body\">\n\t\t\t\t\t\t\t\tAli Reza g\u00e5r i \u00e5rskurs 2 p\u00e5 F\u00f6rs\u00e4ljning- och serviceprogrammet. H\u00e4r ber\u00e4ttar han om skolan och programmet.\n\t\t\t\t\t\t\t<\/p>\n\t\t\t\t\t\t\n\t\t\t\t\t\t\t\t\t\t\t\t\t<ul class=\"c-card__tags l-stack-grow u-list-none u-pt-md\" aria-label=\"Kategorier\">\n\t\t\t\t\t\t\t\t\t\t\t\t\t\t\t\t\t<li><span class=\"c-tag\" data-variant=\"outline\">Elevintervjuer<\/span><\/li>\n\t\t\t\t\t\t\t\t\t\t\t\t\t\t\t<\/ul>\n\t\t\t\t\t\t\n\t\t\t\t\t\t<div class=\"c-card__icon\">\n\t\t\t\t\t\t\t\t\t\t\t\t\t\t<svg class=\"ams-icon ams-icon--arrow-right\" width=\"32\" height=\"32\" viewbox=\"0 0 32 32\" fill=\"currentColor\" aria-hidden=\"true\" xmlns=\"http:\/\/www.w3.org\/2000\/svg\">\n\t\t\t\t\t\t\t\t\t\t\t\t\t\t\t\t<path d=\"M15.4617 0.252159L14.9567 0.75931C14.6219 1.09545 14.6219 1.64048 14.9567 1.97669L27.7062 14.7806H0.857144C0.383786 14.7806 0 15.166 0 15.6414V16.3587C0 16.8341 0.383786 17.2195 0.857144 17.2195H27.7062L14.9567 30.0234C14.6219 30.3595 14.6219 30.9045 14.9567 31.2407L15.4617 31.7479C15.7964 32.084 16.3392 32.084 16.6739 31.7479L31.749 16.6087C32.0837 16.2725 32.0837 15.7275 31.749 15.3913L16.6739 0.252159C16.3392 -0.084053 15.7964 -0.084053 15.4617 0.252159Z\"\/>\n\t\t\t\t\t\t\t\n\t\t\t\t\t\t\t<\/svg>\n\t\t\t\t\t\t<\/div>\n\t\t\t\t\t<\/div>\n\n\t\t\t\t\t<div class=\"c-card__media \" style=\" \">\n\t\t\t\t\t\t<img decoding=\"async\" width=\"400\" height=\"272\" src=\"https:\/\/designgymnasiet.se\/wp-content\/uploads\/2023\/10\/ali-reza-elev-utstallningsdesign-202204-e1709018693298-400x272.jpg\" class=\"attachment-sm size-sm\" alt=\"Personportr\u00e4tt p\u00e5 eleven Ali.\" sizes=\"(min-width: 64em) 300px, (min-width: 48em) calc(.50 * (100vw - 224px)), calc(100vw - 160px)\" srcset=\"https:\/\/designgymnasiet.se\/wp-content\/uploads\/2023\/10\/ali-reza-elev-utstallningsdesign-202204-e1709018693298-400x272.jpg 400w, https:\/\/designgymnasiet.se\/wp-content\/uploads\/2023\/10\/ali-reza-elev-utstallningsdesign-202204-e1709018693298-300x204.jpg 300w, https:\/\/designgymnasiet.se\/wp-content\/uploads\/2023\/10\/ali-reza-elev-utstallningsdesign-202204-e1709018693298-600x408.jpg 600w, https:\/\/designgymnasiet.se\/wp-content\/uploads\/2023\/10\/ali-reza-elev-utstallningsdesign-202204-e1709018693298-800x544.jpg 800w, https:\/\/designgymnasiet.se\/wp-content\/uploads\/2023\/10\/ali-reza-elev-utstallningsdesign-202204-e1709018693298.jpg 853w\" \/>\n\t\t\t\t\t<\/div>\n\t\t\t\t<\/article>\n\t\t\t<\/li>\n\t\t\t<\/ul>\n\n\t<div class=\"no-results u-mt-0 u-hide\" data-filter-fallback-id=\"ams-article-list-69f4292faf527\">\n\t<p>Det finns inga resultat som matchar din filtrering.<\/p>\n<\/div>\n\n\t    <div class=\"ams-article__more u-inline-items js-load-more-btn\">\n        <button href=\"#\"\n                class=\"c-btn\"\n                data-style=\"square\"\n                data-size=\"md\"\n                data-width=\"full-mobile\"\n                data-variant=\"outline\">\n        \tVisa fler resultat\n        <\/button>\n    <\/div>\n\n\n\t\t\n\t\t\t<div class=\"ams-article__action u-inline-items\">\n\t\t\t\t\t\t\t\n\n\n<a href=\"https:\/\/designgymnasiet.se\/kungsholmen\/nyheter\/\"\n\t\n\tclass=\"c-btn \"\n\tdata-style=\"square\"\n\tdata-size=\"md\"\n\tdata-width=\"full-mobile\"\n\tdata-variant=\"outline\"\n\ttarget=\"_self\">\n\t\t\t<span class=\"label\"> L\u00e4s fler elevintervjuer<\/span>\n\t\t\t<\/a>\n\t\t\t<\/div>\n\t<\/div>\n\n\t\t\n\n<\/section>\n\n\n\n\n\n<section  class=\"ams-faq ams_event_module c-block l-stacked js-load-more\" data-color-scheme=\"faq\" data-count=\"5\" data-count-mobile=\"5\">\n\t<div class=\"l-container-narrow l-stack l-stack-fluid-2xl u-pt-fluid-3xl-6xl u-pb-fluid-3xl-6xl is-center is-center@md\">\n\t\t\t\t\t<div class=\"ams-faq__intro l-stack l-stack-lg\">\n\t\t\t\t\t\n\t<h2\n\tclass=\"c-heading u-font-title-1 \"\n\tstyle=\"\">\n\t\t\n\t\t\t\t\tVanliga fr\u00e5gor och svar\n\t\t\t\t\n\t<\/h2>\n\n\t\t\t\t\t\t\t\t\t<div class=\"c-text l-stack u-cs-xl u-font-body\">\n\t\t\t\t\t\t<p><span data-sheets-value=\"{&quot;1&quot;:2,&quot;2&quot;:&quot;H\u00e4r har vi samlat vanliga fr\u00e5gor och svar om inriktningen. F\u00e5r du inte svar p\u00e5 din fr\u00e5ga \u00e4r du varmt v\u00e4lkommen att kontakta oss.&quot;}\" data-sheets-userformat=\"{&quot;2&quot;:7011,&quot;3&quot;:{&quot;1&quot;:0},&quot;4&quot;:{&quot;1&quot;:2,&quot;2&quot;:16777215},&quot;8&quot;:{&quot;1&quot;:[{&quot;1&quot;:2,&quot;2&quot;:0,&quot;5&quot;:{&quot;1&quot;:2,&quot;2&quot;:0}},{&quot;1&quot;:0,&quot;2&quot;:0,&quot;3&quot;:3},{&quot;1&quot;:1,&quot;2&quot;:0,&quot;4&quot;:1}]},&quot;9&quot;:0,&quot;11&quot;:4,&quot;12&quot;:0,&quot;14&quot;:{&quot;1&quot;:2,&quot;2&quot;:0},&quot;15&quot;:&quot;Helvetica Neue&quot;}\">H\u00e4r har vi samlat vanliga fr\u00e5gor och svar om inriktningen. F\u00e5r du inte svar p\u00e5 din fr\u00e5ga \u00e4r du varmt v\u00e4lkommen att kontakta oss.<\/span><\/p>\n\n\t\t\t\t\t<\/div>\n\t\t\t\t\t\t\t<\/div>\n\t\t\n\t\t\n\t\n\t    \n\t\n\t<ul\n\t\tid=\"ams-faq-list-69f4292fbd207\"\n\t\tclass=\"ams-faq__ac ams-accordion_module c-accordion js-results \"\n\t\taria-label=\"Vanliga fr\u00e5gor\"\n\t\tdata-variant=\"border-between\"\n\t\tdata-ajax-action=\"log_faq_view\"\n\t\tdata-ajax-url=\"https:\/\/designgymnasiet.se\/kungsholmen\/wp-admin\/admin-ajax.php\"\n\t\tdata-ajax-nonce=\"4c7c67ca3f\"\n\t\tdata-filter-animation=\"off\">\n\n\t\t\n\t\t\t\t\t\t\t\t\t\t\t\t\t\t\t\n\t\t\t\n\t\t\t<li data-ajax-id=\"2068\" class=\"c-accordion__item \"\n\t\t\tdata-filter=\"forsaljning-och-service september-2023\"\n\t\t\t>\n\t\t\t\t<h3 class=\"c-accordion__header\">\n\t\t\t\t\t\t\t\t\t\t<button class=\"c-accordion__trigger u-py-sm u-px-fluid-md-xl u-font-title-4\">\n\t\t\t\t\t\t<span>Vad kan jag jobba med efter studenten?<\/span>\n\t\t\t\t\t\t<svg class=\"ams-icon ams-icon__arrow-down\" width=\"24\" height=\"24\" viewbox=\"0 0 24 24\" fill=\"currentColor\" aria-hidden=\"true\" xmlns=\"http:\/\/www.w3.org\/2000\/svg\">\n\t\t\t\t\t\t\t\t\t\t\t\t\t<path d=\"m11.2033 18.4294-10.872894-10.67584c-.440539-.42594-.440539-1.1147 0-1.54065l.665495-.64345c.440539-.42595 1.152899-.42595 1.593439 0l9.41066 9.27114 9.4107-9.26207c.4405-.42595 1.1529-.42595 1.5934 0l.6655.64345c.4405.42594.4405 1.1147 0 1.54065l-10.8729 10.67587c-.4405.4168-1.1529.4168-1.5934-.0091z\"\/>\n\t\t\t\t\t\n\t\t\t\t\t\t<\/svg>\n\t\t\t\t\t<\/button>\n\t\t\t\t<\/h3>\n\t\t\t\t<div class=\"c-accordion__body l-stack u-font-body\">\n\t\t\t\t\t<div class=\"c-accordion__body__inner u-p-fluid-md-xl l-stack\">\n\t\t\t\t\t\t<p><span data-sheets-value=\"{&quot;1&quot;:2,&quot;2&quot;:&quot;Efter din examen kan du jobba som till exempel s\u00e4ljare, ink\u00f6pare, butikss\u00e4ljare med visuellt ansvar, butiksledare eller som administrat\u00f6r inom ekonomi, personal och IT eller studera vidare p\u00e5 h\u00f6gskola och universitet. I dessa yrken \u00e4r det viktigt att vara serviceminded och bra p\u00e5 att kommunicera, under dina tre \u00e5r hos oss kommer du f\u00e5 utveckla dessa f\u00f6rm\u00e5gor hos dig sj\u00e4lv.&quot;}\" data-sheets-userformat=\"{&quot;2&quot;:769,&quot;3&quot;:{&quot;1&quot;:0},&quot;11&quot;:4,&quot;12&quot;:0}\">Efter din examen kan du jobba som till exempel s\u00e4ljare, ink\u00f6pare, butikss\u00e4ljare med visuellt ansvar, butiksledare eller som administrat\u00f6r inom ekonomi, personal och IT eller studera vidare p\u00e5 h\u00f6gskola och universitet. I dessa yrken \u00e4r det viktigt att vara serviceminded och bra p\u00e5 att kommunicera, under dina tre \u00e5r hos oss kommer du f\u00e5 utveckla dessa f\u00f6rm\u00e5gor hos dig sj\u00e4lv.<\/span><\/p>\n\n\t\t\t\t\t<\/div>\n\t\t\t\t<\/div>\n\t\t\t<\/li>\n\t\t\n\t\t\t\t\t\t\t\t\t\t\t\t\t\t\t\n\t\t\t\n\t\t\t<li data-ajax-id=\"2066\" class=\"c-accordion__item \"\n\t\t\tdata-filter=\"forsaljning-och-service september-2023\"\n\t\t\t>\n\t\t\t\t<h3 class=\"c-accordion__header\">\n\t\t\t\t\t\t\t\t\t\t<button class=\"c-accordion__trigger u-py-sm u-px-fluid-md-xl u-font-title-4\">\n\t\t\t\t\t\t<span>F\u00e5r jag h\u00f6gskolebeh\u00f6righet?<\/span>\n\t\t\t\t\t\t<svg class=\"ams-icon ams-icon__arrow-down\" width=\"24\" height=\"24\" viewbox=\"0 0 24 24\" fill=\"currentColor\" aria-hidden=\"true\" xmlns=\"http:\/\/www.w3.org\/2000\/svg\">\n\t\t\t\t\t\t\t\t\t\t\t\t\t<path d=\"m11.2033 18.4294-10.872894-10.67584c-.440539-.42594-.440539-1.1147 0-1.54065l.665495-.64345c.440539-.42595 1.152899-.42595 1.593439 0l9.41066 9.27114 9.4107-9.26207c.4405-.42595 1.1529-.42595 1.5934 0l.6655.64345c.4405.42594.4405 1.1147 0 1.54065l-10.8729 10.67587c-.4405.4168-1.1529.4168-1.5934-.0091z\"\/>\n\t\t\t\t\t\n\t\t\t\t\t\t<\/svg>\n\t\t\t\t\t<\/button>\n\t\t\t\t<\/h3>\n\t\t\t\t<div class=\"c-accordion__body l-stack u-font-body\">\n\t\t\t\t\t<div class=\"c-accordion__body__inner u-p-fluid-md-xl l-stack\">\n\t\t\t\t\t\t<p><span data-sheets-value=\"{&quot;1&quot;:2,&quot;2&quot;:&quot;Ja, fr\u00e5n och med h\u00f6sten 2023 inneh\u00e5ller alla yrkesprogram de kurser som kr\u00e4vs f\u00f6r grundl\u00e4ggande h\u00f6gskolebeh\u00f6righet. Svenska\/Svenska som andraspr\u00e5k 2 och 3 samt Engelska 6 \u00e4r de kurser som adderats till programmet. De kurser kan du som vill ocks\u00e5 v\u00e4lja bort om du inte vill ha h\u00f6gskolebeh\u00f6righeten. I programmet ing\u00e5r ocks\u00e5 tv\u00e5 individuella val som du kan anv\u00e4nda f\u00f6r att bredda din beh\u00f6righet eller nischa dig inom ditt yrkesval.&quot;}\" data-sheets-userformat=\"{&quot;2&quot;:769,&quot;3&quot;:{&quot;1&quot;:0},&quot;11&quot;:4,&quot;12&quot;:0}\">Ja alla yrkesprogram inneh\u00e5ller de \u00e4mnesniv\u00e5er som kr\u00e4vs f\u00f6r grundl\u00e4ggande h\u00f6gskolebeh\u00f6righet. Svenska\/Svenska som andraspr\u00e5k 2 och 3 samt Engelska 2 \u00e4r de \u00e4mnesniv\u00e5er som adderats till programmet. De \u00e4mnesniv\u00e5erna kan du som vill ocks\u00e5 v\u00e4lja bort om du inte vill ha h\u00f6gskolebeh\u00f6righeten. I programmet ing\u00e5r ocks\u00e5 tv\u00e5 individuella val som du kan anv\u00e4nda f\u00f6r att bredda din beh\u00f6righet eller nischa dig inom ditt yrkesval.<\/span><\/p>\n\n\t\t\t\t\t<\/div>\n\t\t\t\t<\/div>\n\t\t\t<\/li>\n\t\t\n\t\t\t\t\t\t\t\t\t\t\t\t\t\t\t\n\t\t\t\n\t\t\t<li data-ajax-id=\"2063\" class=\"c-accordion__item \"\n\t\t\tdata-filter=\"forsaljning-och-service september-2023\"\n\t\t\t>\n\t\t\t\t<h3 class=\"c-accordion__header\">\n\t\t\t\t\t\t\t\t\t\t<button class=\"c-accordion__trigger u-py-sm u-px-fluid-md-xl u-font-title-4\">\n\t\t\t\t\t\t<span>Vad betyder det att utbildningen \u00e4r certifierad?<\/span>\n\t\t\t\t\t\t<svg class=\"ams-icon ams-icon__arrow-down\" width=\"24\" height=\"24\" viewbox=\"0 0 24 24\" fill=\"currentColor\" aria-hidden=\"true\" xmlns=\"http:\/\/www.w3.org\/2000\/svg\">\n\t\t\t\t\t\t\t\t\t\t\t\t\t<path d=\"m11.2033 18.4294-10.872894-10.67584c-.440539-.42594-.440539-1.1147 0-1.54065l.665495-.64345c.440539-.42595 1.152899-.42595 1.593439 0l9.41066 9.27114 9.4107-9.26207c.4405-.42595 1.1529-.42595 1.5934 0l.6655.64345c.4405.42594.4405 1.1147 0 1.54065l-10.8729 10.67587c-.4405.4168-1.1529.4168-1.5934-.0091z\"\/>\n\t\t\t\t\t\n\t\t\t\t\t\t<\/svg>\n\t\t\t\t\t<\/button>\n\t\t\t\t<\/h3>\n\t\t\t\t<div class=\"c-accordion__body l-stack u-font-body\">\n\t\t\t\t\t<div class=\"c-accordion__body__inner u-p-fluid-md-xl l-stack\">\n\t\t\t\t\t\t<p><span data-sheets-value=\"{&quot;1&quot;:2,&quot;2&quot;:&quot;Programmet \u00e4r ett Kvalitetscertifierat program. Handelsr\u00e5det som utf\u00e4rdar riktlinjer f\u00f6r Handelsbranschen \u00e4r den certifierande organisationen. Att vara elev p\u00e5 en certifierad skola inneb\u00e4r att man g\u00e5r p\u00e5 en skola som har organiserat sin utbildning i enlighet med certifieringsgruppens kriterier.\\n\\nM\u00e5ls\u00e4ttningen \u00e4r att utbildningen st\u00e4ndigt ska vara aktuell och konkurrenskraftig i och med att arbetslaget st\u00e4ndigt arbetar med att utveckla verksamheten i enlighet med certifieringskriterierna. Vid examen fr\u00e5n FS-utbildningen f\u00e5r eleverna vid certifierade skolor ett intyg fr\u00e5n handelsr\u00e5det som visar att eleven har genomf\u00f6rt sin utbildning p\u00e5 en kvalitetss\u00e4krad (certifierad) skola. L\u00e4s mer om certifieringen h\u00e4r.&quot;}\" data-sheets-userformat=\"{&quot;2&quot;:769,&quot;3&quot;:{&quot;1&quot;:0},&quot;11&quot;:4,&quot;12&quot;:0}\">Programmet \u00e4r ett Kvalitetscertifierat program. Handelsr\u00e5det som utf\u00e4rdar riktlinjer f\u00f6r Handelsbranschen \u00e4r den certifierande organisationen. Att vara elev p\u00e5 en certifierad skola inneb\u00e4r att man g\u00e5r p\u00e5 en skola som har organiserat sin utbildning i enlighet med certifieringsgruppens kriterier.<\/span><\/p>\n<p>M\u00e5ls\u00e4ttningen \u00e4r att utbildningen st\u00e4ndigt ska vara aktuell och konkurrenskraftig i och med att arbetslaget st\u00e4ndigt arbetar med att utveckla verksamheten i enlighet med certifieringskriterierna. Vid examen fr\u00e5n FS-utbildningen f\u00e5r eleverna vid certifierade skolor ett intyg fr\u00e5n handelsr\u00e5det som visar att eleven har genomf\u00f6rt sin utbildning p\u00e5 en kvalitetss\u00e4krad (certifierad) skola. L\u00e4s mer om certifieringen <a href=\"https:\/\/designgymnasiet.se\/wp-content\/uploads\/2023\/09\/om-handelsprogrammets-kvalitetscertifiering.pdf\" target=\"_blank\" rel=\"noopener\">h\u00e4r<\/a>.<\/p>\n\n\t\t\t\t\t<\/div>\n\t\t\t\t<\/div>\n\t\t\t<\/li>\n\t\t\n\t\t\t\t\t\t\t\t\t\t\t\t\t\t\t\n\t\t\t\n\t\t\t<li data-ajax-id=\"2062\" class=\"c-accordion__item \"\n\t\t\tdata-filter=\"estetiska-programmet forsaljning-och-service hantverksprogrammet teknikprogrammet september-2023\"\n\t\t\t>\n\t\t\t\t<h3 class=\"c-accordion__header\">\n\t\t\t\t\t\t\t\t\t\t<button class=\"c-accordion__trigger u-py-sm u-px-fluid-md-xl u-font-title-4\">\n\t\t\t\t\t\t<span>Kr\u00e4vs ett antagningsprov f\u00f6r att komma in?<\/span>\n\t\t\t\t\t\t<svg class=\"ams-icon ams-icon__arrow-down\" width=\"24\" height=\"24\" viewbox=\"0 0 24 24\" fill=\"currentColor\" aria-hidden=\"true\" xmlns=\"http:\/\/www.w3.org\/2000\/svg\">\n\t\t\t\t\t\t\t\t\t\t\t\t\t<path d=\"m11.2033 18.4294-10.872894-10.67584c-.440539-.42594-.440539-1.1147 0-1.54065l.665495-.64345c.440539-.42595 1.152899-.42595 1.593439 0l9.41066 9.27114 9.4107-9.26207c.4405-.42595 1.1529-.42595 1.5934 0l.6655.64345c.4405.42594.4405 1.1147 0 1.54065l-10.8729 10.67587c-.4405.4168-1.1529.4168-1.5934-.0091z\"\/>\n\t\t\t\t\t\n\t\t\t\t\t\t<\/svg>\n\t\t\t\t\t<\/button>\n\t\t\t\t<\/h3>\n\t\t\t\t<div class=\"c-accordion__body l-stack u-font-body\">\n\t\t\t\t\t<div class=\"c-accordion__body__inner u-p-fluid-md-xl l-stack\">\n\t\t\t\t\t\t<p><span data-sheets-value=\"{&quot;1&quot;:2,&quot;2&quot;:&quot;Nej, p\u00e5 Designgymnasiet har vi inga antagningsprov. Du beh\u00f6ver inte ha n\u00e5gra f\u00f6rkunskaper f\u00f6r att b\u00f6rja hos oss, bara ett intresse!&quot;}\" data-sheets-userformat=\"{&quot;2&quot;:769,&quot;3&quot;:{&quot;1&quot;:0},&quot;11&quot;:4,&quot;12&quot;:0}\">Nej, p\u00e5 Designgymnasiet har vi inga antagningsprov. Du beh\u00f6ver inte ha n\u00e5gra f\u00f6rkunskaper f\u00f6r att b\u00f6rja hos oss, bara ett intresse!<\/span><\/p>\n\n\t\t\t\t\t<\/div>\n\t\t\t\t<\/div>\n\t\t\t<\/li>\n\t\t\t<\/ul>\n\n\t<div class=\"no-results u-mt-0 u-hide\" data-filter-fallback-id=\"ams-faq-list-69f4292fbd207\">\n\t<p>Det finns inga resultat som matchar din filtrering.<\/p>\n<\/div>\n\n\t    <div class=\"ams-faq__more u-inline-items js-load-more-btn\">\n        <button href=\"#\"\n                class=\"c-btn\"\n                data-style=\"square\"\n                data-size=\"md\"\n                data-width=\"full-mobile\"\n                data-variant=\"outline\">\n        \tVisa fler resultat\n        <\/button>\n    <\/div>\n\n\n\t\t\n\t\t\t<div class=\"ams-faq__action u-inline-items\">\n\t\t\t\t\t\t\t\n\n\n<a href=\"https:\/\/designgymnasiet.se\/kungsholmen\/soka-till-designgymnasiet\/\"\n\t\n\tclass=\"c-btn \"\n\tdata-style=\"square\"\n\tdata-size=\"md\"\n\tdata-width=\"full-mobile\"\n\tdata-variant=\"default\"\n\ttarget=\"_self\">\n\t\t\t<span class=\"label\"> Om ans\u00f6kan till Designgymnasiet<\/span>\n\t\t\t<\/a>\n\t\t\t<\/div>\n\t<\/div>\n\n\t\t\n\t\t\t\n\t\t\t\t\t\t\t\n\t\t\t\t<div class=\"c-bg c-bg--img\" data-settings=\"{&quot;desktop_settings&quot;:{&quot;size&quot;:&quot;contain&quot;,&quot;position&quot;:&quot;top-left&quot;},&quot;mobile_settings&quot;:{&quot;size&quot;:&quot;contain&quot;,&quot;position&quot;:&quot;top-left&quot;}}\" data-position=\"middle-center\" data-size=\"cover\">\n\t\t\t<picture><source media=\"(min-width: 48em)\" srcset=\"https:\/\/designgymnasiet.se\/wp-content\/uploads\/sites\/9\/2023\/10\/dgwebbscribblestjarnortreplaceringvanstra-ovre-hornetdesktop.svg\" sizes=\"\" \/><source srcset=\"https:\/\/designgymnasiet.se\/wp-content\/uploads\/sites\/9\/2023\/10\/dgwebbscribblestjarnortreplaceringvanstra-ovre-hornetmobil.svg\" sizes=\"\" \/><img decoding=\"async\" src=\"https:\/\/designgymnasiet.se\/wp-content\/uploads\/sites\/9\/2023\/10\/dgwebbscribblestjarnortreplaceringvanstra-ovre-hornetdesktop.svg\" class=\"attachment-hero-lg size-hero-lg\" alt=\"\" sizes=\"\" height=\"237\" width=\"1920\" \/><\/picture>\n\t\t<\/div>\n\t\n<\/section>\n\n\n\n\t<div class=\"module_wrapper ams_remote_pages_module \">\n\t\t\t\t\t\t\t<div class=\"container core-columns\">\n\t\t\t\t\t\t<div class=\"row\">\n\t\t\t\t\t\t\t<div class=\"col-12\">\n\t\t\t\t\t\t\t\t\n<div class=\"wp-block-columns is-layout-flex wp-container-core-columns-layout-2 wp-block-columns-is-layout-flex\">\n<div class=\"wp-block-column is-layout-flow wp-block-column-is-layout-flow\">\n<h2 class=\"wp-block-heading\">F\u00f6rs\u00e4ljnings- och serviceprogrammet<\/h2>\n\n\n\n<p>F\u00f6rs\u00e4ljnings- och serviceprogrammet \u00e4r ett yrkesprogram som g\u00f6r dig redo att ta steget direkt ut i arbetslivet efter studenten. Programmet ger dig ocks\u00e5 grundl\u00e4ggande h\u00f6gskolebeh\u00f6righet och m\u00f6jligheten att studera vidare p\u00e5 h\u00f6gskola och universitet. Det finns m\u00e4ngder med vidareutbildningar f\u00f6r den som vill nischa in sig inom ett specifikt omr\u00e5de inom f\u00f6rs\u00e4ljning, service eller utst\u00e4llningsdesign men med beh\u00f6righeten finns ocks\u00e5 m\u00f6jligheten att studera vidare mot helt andra branscher.<\/p>\n<\/div>\n\n\n\n<div class=\"wp-block-column is-layout-flow wp-block-column-is-layout-flow\"><section \n\tclass=\"ams-info-graph  c-block l-stacked  \"\n\tdata-color-scheme=\"white\">\n\t<div\n\t\tclass=\"l-stack l-stack-fluid-2xl u-pt-fluid-None u-pb-fluid-None is-center is-center@md\">\n\t\t\n\t\t\n\t\t<ul class=\"ams-info-graph__list l-grid u-justify-start\">\n\t\t\t\t\t\t\t\t\t\n\t\t\t\t\t\t\t<li \n\t\t\t\t\tdata-color-scheme=\"white\"\n\t\t\t\t\tdata-color-scheme-mobile=\"white\"\n\t\t\t\t\tclass=\"c-ig c-ig--graph l-col-12@md\">\n\n\t\t\t\t\t\t\t\t\t\t\t\t\n\t\n\t\n\t\n\t\t\t<div\n\t\t\tclass=\"c-ig__graph\"\n\t\t\tdata-type=\"donut\"\n\t\t\tdata-show-legend=\"1\"\n\t\t\tdata-ispercent=\"\"\n\t\t\tdata-y-axis-range=\"eyJtaW4iOiIiLCJtYXgiOiIifQ==\"\n\t\t\tdata-items-config=\"ZmFsc2U=\"\n\t\t\tdata-items=\"W3sibGFiZWwiOiJVdHN0XHUwMGU0bGxuaW5nc2Rlc2lnbiIsInZhbHVlIjoiNzAwIiwiY29sb3IiOiIjZTAyZjExIn0seyJsYWJlbCI6IkZcdTAwZjZyc1x1MDBlNGxqbmluZyBvY2ggc2VydmljZSIsInZhbHVlIjoiOTAwIiwiY29sb3IiOiIjZjBlYmViIn0seyJsYWJlbCI6Ikd5bW5hc2llZ2VtZW5zYW1tYSBcdTAwZTRtbmVuIiwidmFsdWUiOiI2MDAiLCJjb2xvciI6IiMzOTA1MTQifSx7ImxhYmVsIjoiSFx1MDBmNmdza29sZWJlaFx1MDBmNnJpZ2hldHNnaXZhbmRlIFx1MDBlNG1uZW4iLCJ2YWx1ZSI6IjMwMCIsImNvbG9yIjoiI2Y2YzFiOCJ9LHsibGFiZWwiOiJJbmRpdmlkdWVsbHQgdmFsIiwidmFsdWUiOiIyMDAiLCJjb2xvciI6IiNjNGI0YjkifSx7ImxhYmVsIjoiR3ltbmFzaWVhcmJldGUiLCJ2YWx1ZSI6IjEwMCIsImNvbG9yIjoiI2YzZGJkMiJ9XQ==\"\n\t\t\tdata-color-legend=\"var(--ig-text-color)\"\n\t\t\tdata-css-font=\"var(--ig-font-family)\"\n\t\t><\/div>\n\t\n\t\t\t\t\t\n\t\t\t\t<\/li>\n\t\t\t\t\t<\/ul>\n\t<\/div>\n\n\t\t\n\n\n<\/section>\n\n\t\n\t\n\t\n\t\n\t<\/div>\n<\/div>\n\t\t\t\t\t\t\t<\/div>\n\t\t\t\t\t\t<\/div>\n\t\t\t\t\t<\/div>\n\t\t\t\t\t\t<\/div>\n\n\t\n\n\n\n<section  class=\"ams-point-plan c-block l-stacked\" data-color-scheme=\"poangplan\">\n\t<div class=\"l-container-narrow l-stack l-stack-fluid-2xl u-pt-fluid-None u-pb-fluid-3xl-6xl is-center is-center@md\">\n\t\t\t\t\t<div class=\"ams-point-plan__intro l-stack l-stack-lg\">\n\t\t\t\t\t\n\t<h2\n\tclass=\"c-heading u-font-title-1 \"\n\tstyle=\"\">\n\t\t\n\t\t\t\t\tPo\u00e4ngplan\n\t\t\t\t\n\t<\/h2>\n\n\t\t\t\t\t\t\t<\/div>\n\t\t\n\t\t\t<ul class=\"ams-point-plan__ac c-accordion\" aria-label=\"Po\u00e4ngplan\" data-variant=\"space-between\">\n\t\t<li class=\"ams-point-plan__tp u-font-title-4 u-py-sm u-px-fluid-md-xl\">\n\t\t\t<span class=\"title\">Totala po\u00e4ng<\/span>\n\t\t\t<span class=\"points\">2800p<\/span>\n\t\t<\/li>\n\t\t\t\t\t<li class=\"c-accordion__item\">\n\t\t\t\t<h3 class=\"c-accordion__header \">\n\t\t\t\t\t\t\t\t\t\t<button class=\"c-accordion__trigger u-py-sm u-px-fluid-md-xl u-font-title-4\">\n\t\t\t\t\t\t<span>Gymnasiegemensamma <\/span>\n\t\t\t\t\t\t<svg class=\"ams-icon ams-icon__arrow-down\" width=\"24\" height=\"24\" viewbox=\"0 0 24 24\" fill=\"currentColor\" aria-hidden=\"true\" xmlns=\"http:\/\/www.w3.org\/2000\/svg\">\n\t\t\t\t\t\t\t\t\t\t\t\t\t<path d=\"m11.2033 18.4294-10.872894-10.67584c-.440539-.42594-.440539-1.1147 0-1.54065l.665495-.64345c.440539-.42595 1.152899-.42595 1.593439 0l9.41066 9.27114 9.4107-9.26207c.4405-.42595 1.1529-.42595 1.5934 0l.6655.64345c.4405.42594.4405 1.1147 0 1.54065l-10.8729 10.67587c-.4405.4168-1.1529.4168-1.5934-.0091z\"\/>\n\t\t\t\t\t\n\t\t\t\t\t\t<\/svg>\n\t\t\t\t\t<\/button>\n\t\t\t\t<\/h3>\n\t\t\t\t<div class=\"c-accordion__body u-font-body\">\n\t\t\t\t\t<ul class=\"points-list u-list-none\">\n\t\t\t\t\t\t\t\t\t\t\t\t\t<li>\n\t\t\t\t\t\t\t\t<span class=\"title\">Historia niv\u00e5 1a1<\/span>\n\t\t\t\t\t\t\t\t<span class=\"points\">50<\/span>\n\t\t\t\t\t\t\t<\/li>\n\t\t\t\t\t\t\t\t\t\t\t\t\t<li>\n\t\t\t\t\t\t\t\t<span class=\"title\">Idrott och h\u00e4lsa niv\u00e5 1<\/span>\n\t\t\t\t\t\t\t\t<span class=\"points\">100<\/span>\n\t\t\t\t\t\t\t<\/li>\n\t\t\t\t\t\t\t\t\t\t\t\t\t<li>\n\t\t\t\t\t\t\t\t<span class=\"title\">Matematik niv\u00e5 1a<\/span>\n\t\t\t\t\t\t\t\t<span class=\"points\">100<\/span>\n\t\t\t\t\t\t\t<\/li>\n\t\t\t\t\t\t\t\t\t\t\t\t\t<li>\n\t\t\t\t\t\t\t\t<span class=\"title\">Naturkunskap niv\u00e5 1a1<\/span>\n\t\t\t\t\t\t\t\t<span class=\"points\">50<\/span>\n\t\t\t\t\t\t\t<\/li>\n\t\t\t\t\t\t\t\t\t\t\t\t\t<li>\n\t\t\t\t\t\t\t\t<span class=\"title\">Religionskunskap niv\u00e5 1<\/span>\n\t\t\t\t\t\t\t\t<span class=\"points\">50<\/span>\n\t\t\t\t\t\t\t<\/li>\n\t\t\t\t\t\t\t\t\t\t\t\t\t<li>\n\t\t\t\t\t\t\t\t<span class=\"title\">Samh\u00e4llskunskap niv\u00e5 1a1<\/span>\n\t\t\t\t\t\t\t\t<span class=\"points\">50<\/span>\n\t\t\t\t\t\t\t<\/li>\n\t\t\t\t\t\t\t\t\t\t\t\t\t<li>\n\t\t\t\t\t\t\t\t<span class=\"title\">Svenska 1 \/ Svenska som andraspr\u00e5k niv\u00e5 1<\/span>\n\t\t\t\t\t\t\t\t<span class=\"points\">100<\/span>\n\t\t\t\t\t\t\t<\/li>\n\t\t\t\t\t\t\t\t\t\t\t\t\t<li>\n\t\t\t\t\t\t\t\t<span class=\"title\">Svenska 2 \/ Svenska som andraspr\u00e5k niv\u00e5 2*<\/span>\n\t\t\t\t\t\t\t\t<span class=\"points\">100<\/span>\n\t\t\t\t\t\t\t<\/li>\n\t\t\t\t\t\t\t\t\t\t\t\t\t<li>\n\t\t\t\t\t\t\t\t<span class=\"title\">Svenska 3 \/ Svenska som andraspr\u00e5k niv\u00e5 3*<\/span>\n\t\t\t\t\t\t\t\t<span class=\"points\">100<\/span>\n\t\t\t\t\t\t\t<\/li>\n\t\t\t\t\t\t\t\t\t\t\t\t\t<li>\n\t\t\t\t\t\t\t\t<span class=\"title\">Engelska niv\u00e5 1<\/span>\n\t\t\t\t\t\t\t\t<span class=\"points\">100<\/span>\n\t\t\t\t\t\t\t<\/li>\n\t\t\t\t\t\t\t\t\t\t\t\t\t<li>\n\t\t\t\t\t\t\t\t<span class=\"title\">Engelska niv\u00e5 2*<\/span>\n\t\t\t\t\t\t\t\t<span class=\"points\">100<\/span>\n\t\t\t\t\t\t\t<\/li>\n\t\t\t\t\t\t\t\t\t\t\t<\/ul>\n\t\t\t\t<\/div>\n\t\t\t<\/li>\n\t\t\t\t\t<li class=\"c-accordion__item\">\n\t\t\t\t<h3 class=\"c-accordion__header \">\n\t\t\t\t\t\t\t\t\t\t<button class=\"c-accordion__trigger u-py-sm u-px-fluid-md-xl u-font-title-4\">\n\t\t\t\t\t\t<span>Programgemensamma \u00e4mnen<\/span>\n\t\t\t\t\t\t<svg class=\"ams-icon ams-icon__arrow-down\" width=\"24\" height=\"24\" viewbox=\"0 0 24 24\" fill=\"currentColor\" aria-hidden=\"true\" xmlns=\"http:\/\/www.w3.org\/2000\/svg\">\n\t\t\t\t\t\t\t\t\t\t\t\t\t<path d=\"m11.2033 18.4294-10.872894-10.67584c-.440539-.42594-.440539-1.1147 0-1.54065l.665495-.64345c.440539-.42595 1.152899-.42595 1.593439 0l9.41066 9.27114 9.4107-9.26207c.4405-.42595 1.1529-.42595 1.5934 0l.6655.64345c.4405.42594.4405 1.1147 0 1.54065l-10.8729 10.67587c-.4405.4168-1.1529.4168-1.5934-.0091z\"\/>\n\t\t\t\t\t\n\t\t\t\t\t\t<\/svg>\n\t\t\t\t\t<\/button>\n\t\t\t\t<\/h3>\n\t\t\t\t<div class=\"c-accordion__body u-font-body\">\n\t\t\t\t\t<ul class=\"points-list u-list-none\">\n\t\t\t\t\t\t\t\t\t\t\t\t\t<li>\n\t\t\t\t\t\t\t\t<span class=\"title\">Entrepren\u00f6rskap niv\u00e5 1 <\/span>\n\t\t\t\t\t\t\t\t<span class=\"points\">100<\/span>\n\t\t\t\t\t\t\t<\/li>\n\t\t\t\t\t\t\t\t\t\t\t\t\t<li>\n\t\t\t\t\t\t\t\t<span class=\"title\">F\u00f6rs\u00e4ljning och kundservice niv\u00e5 1<\/span>\n\t\t\t\t\t\t\t\t<span class=\"points\">100<\/span>\n\t\t\t\t\t\t\t<\/li>\n\t\t\t\t\t\t\t\t\t\t\t\t\t<li>\n\t\t\t\t\t\t\t\t<span class=\"title\">F\u00f6rs\u00e4ljning och kundservice niv\u00e5 2<\/span>\n\t\t\t\t\t\t\t\t<span class=\"points\">100<\/span>\n\t\t\t\t\t\t\t<\/li>\n\t\t\t\t\t\t\t\t\t\t\t\t\t<li>\n\t\t\t\t\t\t\t\t<span class=\"title\">F\u00f6rs\u00e4ljning och kundservice niv\u00e5 3<\/span>\n\t\t\t\t\t\t\t\t<span class=\"points\">100<\/span>\n\t\t\t\t\t\t\t<\/li>\n\t\t\t\t\t\t\t\t\t\t\t\t\t<li>\n\t\t\t\t\t\t\t\t<span class=\"title\">Handel niv\u00e5 1<\/span>\n\t\t\t\t\t\t\t\t<span class=\"points\">100<\/span>\n\t\t\t\t\t\t\t<\/li>\n\t\t\t\t\t\t\t\t\t\t\t\t\t<li>\n\t\t\t\t\t\t\t\t<span class=\"title\">Handel niv\u00e5 2<\/span>\n\t\t\t\t\t\t\t\t<span class=\"points\">100<\/span>\n\t\t\t\t\t\t\t<\/li>\n\t\t\t\t\t\t\t\t\t\t\t\t\t<li>\n\t\t\t\t\t\t\t\t<span class=\"title\">Handel och h\u00e5llbar utveckling niv\u00e5 1<\/span>\n\t\t\t\t\t\t\t\t<span class=\"points\">100<\/span>\n\t\t\t\t\t\t\t<\/li>\n\t\t\t\t\t\t\t\t\t\t\t\t\t<li>\n\t\t\t\t\t\t\t\t<span class=\"title\">Information och kommunikation niv\u00e5 1<\/span>\n\t\t\t\t\t\t\t\t<span class=\"points\">100<\/span>\n\t\t\t\t\t\t\t<\/li>\n\t\t\t\t\t\t\t\t\t\t\t\t\t<li>\n\t\t\t\t\t\t\t\t<span class=\"title\">Praktisk marknadsf\u00f6ring niv\u00e5 1<\/span>\n\t\t\t\t\t\t\t\t<span class=\"points\">100<\/span>\n\t\t\t\t\t\t\t<\/li>\n\t\t\t\t\t\t\t\t\t\t\t\t\t<li>\n\t\t\t\t\t\t\t\t<span class=\"title\">Praktisk marknadsf\u00f6ring niv\u00e5 2<\/span>\n\t\t\t\t\t\t\t\t<span class=\"points\">100<\/span>\n\t\t\t\t\t\t\t<\/li>\n\t\t\t\t\t\t\t\t\t\t\t<\/ul>\n\t\t\t\t<\/div>\n\t\t\t<\/li>\n\t\t\t\t\t<li class=\"c-accordion__item\">\n\t\t\t\t<h3 class=\"c-accordion__header \">\n\t\t\t\t\t\t\t\t\t\t<button class=\"c-accordion__trigger u-py-sm u-px-fluid-md-xl u-font-title-4\">\n\t\t\t\t\t\t<span>Programf\u00f6rdjupning<\/span>\n\t\t\t\t\t\t<svg class=\"ams-icon ams-icon__arrow-down\" width=\"24\" height=\"24\" viewbox=\"0 0 24 24\" fill=\"currentColor\" aria-hidden=\"true\" xmlns=\"http:\/\/www.w3.org\/2000\/svg\">\n\t\t\t\t\t\t\t\t\t\t\t\t\t<path d=\"m11.2033 18.4294-10.872894-10.67584c-.440539-.42594-.440539-1.1147 0-1.54065l.665495-.64345c.440539-.42595 1.152899-.42595 1.593439 0l9.41066 9.27114 9.4107-9.26207c.4405-.42595 1.1529-.42595 1.5934 0l.6655.64345c.4405.42594.4405 1.1147 0 1.54065l-10.8729 10.67587c-.4405.4168-1.1529.4168-1.5934-.0091z\"\/>\n\t\t\t\t\t\n\t\t\t\t\t\t<\/svg>\n\t\t\t\t\t<\/button>\n\t\t\t\t<\/h3>\n\t\t\t\t<div class=\"c-accordion__body u-font-body\">\n\t\t\t\t\t<ul class=\"points-list u-list-none\">\n\t\t\t\t\t\t\t\t\t\t\t\t\t<li>\n\t\t\t\t\t\t\t\t<span class=\"title\">Ledarskap och organisation niv\u00e5 1<\/span>\n\t\t\t\t\t\t\t\t<span class=\"points\">100<\/span>\n\t\t\t\t\t\t\t<\/li>\n\t\t\t\t\t\t\t\t\t\t\t\t\t<li>\n\t\t\t\t\t\t\t\t<span class=\"title\">Retorik niv\u00e5 1<\/span>\n\t\t\t\t\t\t\t\t<span class=\"points\">100<\/span>\n\t\t\t\t\t\t\t<\/li>\n\t\t\t\t\t\t\t\t\t\t\t\t\t<li>\n\t\t\t\t\t\t\t\t<span class=\"title\">Exponering niv\u00e5 1<\/span>\n\t\t\t\t\t\t\t\t<span class=\"points\">100<\/span>\n\t\t\t\t\t\t\t<\/li>\n\t\t\t\t\t\t\t\t\t\t\t\t\t<li>\n\t\t\t\t\t\t\t\t<span class=\"title\">Exponering niv\u00e5 2<\/span>\n\t\t\t\t\t\t\t\t<span class=\"points\">100<\/span>\n\t\t\t\t\t\t\t<\/li>\n\t\t\t\t\t\t\t\t\t\t\t\t\t<li>\n\t\t\t\t\t\t\t\t<span class=\"title\">M\u00f6ten och event niv\u00e5 1<\/span>\n\t\t\t\t\t\t\t\t<span class=\"points\">100<\/span>\n\t\t\t\t\t\t\t<\/li>\n\t\t\t\t\t\t\t\t\t\t\t\t\t<li>\n\t\t\t\t\t\t\t\t<span class=\"title\">Ink\u00f6p niv\u00e5 1<\/span>\n\t\t\t\t\t\t\t\t<span class=\"points\">100<\/span>\n\t\t\t\t\t\t\t<\/li>\n\t\t\t\t\t\t\t\t\t\t\t<\/ul>\n\t\t\t\t<\/div>\n\t\t\t<\/li>\n\t\t\t\t\t<li class=\"c-accordion__item\">\n\t\t\t\t<h3 class=\"c-accordion__header \">\n\t\t\t\t\t\t\t\t\t\t<button class=\"c-accordion__trigger u-py-sm u-px-fluid-md-xl u-font-title-4\">\n\t\t\t\t\t\t<span>Gymnasiearbete<\/span>\n\t\t\t\t\t\t<svg class=\"ams-icon ams-icon__arrow-down\" width=\"24\" height=\"24\" viewbox=\"0 0 24 24\" fill=\"currentColor\" aria-hidden=\"true\" xmlns=\"http:\/\/www.w3.org\/2000\/svg\">\n\t\t\t\t\t\t\t\t\t\t\t\t\t<path d=\"m11.2033 18.4294-10.872894-10.67584c-.440539-.42594-.440539-1.1147 0-1.54065l.665495-.64345c.440539-.42595 1.152899-.42595 1.593439 0l9.41066 9.27114 9.4107-9.26207c.4405-.42595 1.1529-.42595 1.5934 0l.6655.64345c.4405.42594.4405 1.1147 0 1.54065l-10.8729 10.67587c-.4405.4168-1.1529.4168-1.5934-.0091z\"\/>\n\t\t\t\t\t\n\t\t\t\t\t\t<\/svg>\n\t\t\t\t\t<\/button>\n\t\t\t\t<\/h3>\n\t\t\t\t<div class=\"c-accordion__body u-font-body\">\n\t\t\t\t\t<ul class=\"points-list u-list-none\">\n\t\t\t\t\t\t\t\t\t\t\t\t\t<li>\n\t\t\t\t\t\t\t\t<span class=\"title\">Gymnasiearbete<\/span>\n\t\t\t\t\t\t\t\t<span class=\"points\">100<\/span>\n\t\t\t\t\t\t\t<\/li>\n\t\t\t\t\t\t\t\t\t\t\t<\/ul>\n\t\t\t\t<\/div>\n\t\t\t<\/li>\n\t\t\t\t\t<li class=\"c-accordion__item\">\n\t\t\t\t<h3 class=\"c-accordion__header \">\n\t\t\t\t\t\t\t\t\t\t<button class=\"c-accordion__trigger u-py-sm u-px-fluid-md-xl u-font-title-4\">\n\t\t\t\t\t\t<span>Individuellt val <\/span>\n\t\t\t\t\t\t<svg class=\"ams-icon ams-icon__arrow-down\" width=\"24\" height=\"24\" viewbox=\"0 0 24 24\" fill=\"currentColor\" aria-hidden=\"true\" xmlns=\"http:\/\/www.w3.org\/2000\/svg\">\n\t\t\t\t\t\t\t\t\t\t\t\t\t<path d=\"m11.2033 18.4294-10.872894-10.67584c-.440539-.42594-.440539-1.1147 0-1.54065l.665495-.64345c.440539-.42595 1.152899-.42595 1.593439 0l9.41066 9.27114 9.4107-9.26207c.4405-.42595 1.1529-.42595 1.5934 0l.6655.64345c.4405.42594.4405 1.1147 0 1.54065l-10.8729 10.67587c-.4405.4168-1.1529.4168-1.5934-.0091z\"\/>\n\t\t\t\t\t\n\t\t\t\t\t\t<\/svg>\n\t\t\t\t\t<\/button>\n\t\t\t\t<\/h3>\n\t\t\t\t<div class=\"c-accordion__body u-font-body\">\n\t\t\t\t\t<ul class=\"points-list u-list-none\">\n\t\t\t\t\t\t\t\t\t\t\t\t\t<li>\n\t\t\t\t\t\t\t\t<span class=\"title\">Kurs 1<\/span>\n\t\t\t\t\t\t\t\t<span class=\"points\">100<\/span>\n\t\t\t\t\t\t\t<\/li>\n\t\t\t\t\t\t\t\t\t\t\t\t\t<li>\n\t\t\t\t\t\t\t\t<span class=\"title\">Kurs 2<\/span>\n\t\t\t\t\t\t\t\t<span class=\"points\">100<\/span>\n\t\t\t\t\t\t\t<\/li>\n\t\t\t\t\t\t\t\t\t\t\t<\/ul>\n\t\t\t\t<\/div>\n\t\t\t<\/li>\n\t\t\t<\/ul>\n\n\t\t\t<\/div>\n\n\t\t\n\n<\/section>\n\n\n\n\t<div class=\"module_wrapper ams_remote_pages_module \">\n\t\t\n\n<section  class=\"ams-cta ams-cta--stacked c-block l-stacked\" data-color-scheme=\"gray\">\n\t<div class=\"l-container-narrow l-stack l-stack-fluid-2xl u-pt-fluid-3xl-6xl u-pb-fluid-3xl-6xl is-center is-center@md\">\n\t\t\t\t\t<div class=\"ams-cta__intro l-stack l-stack-lg\">\n\t\t\t\t\t\n\t<h2\n\tclass=\"c-heading u-font-title-1 \"\n\tstyle=\"\">\n\t\t\n\t\t\t\t\tVill du se v\u00e5ra andra program?\n\t\t\t\t\n\t<\/h2>\n\n\t\t\t\t\t\t\t\t\t<div class=\"c-text l-stack u-cs-xl u-font-body\">\n\t\t\t\t\t\t<p><span data-sheets-value=\"{&quot;1&quot;:2,&quot;2&quot;:&quot;Om det h\u00e4r inte var n\u00e5got f\u00f6r dig eller om du vill utforska dina alternativ kan du h\u00e4r se alla v\u00e5ra program.&quot;}\" data-sheets-userformat=\"{&quot;2&quot;:4483,&quot;3&quot;:{&quot;1&quot;:0},&quot;4&quot;:{&quot;1&quot;:2,&quot;2&quot;:15789035},&quot;10&quot;:0,&quot;11&quot;:4,&quot;15&quot;:&quot;\\&quot;Helvetica Neue\\&quot;&quot;}\">Om det h\u00e4r inte var n\u00e5got f\u00f6r dig eller om du vill utforska dina alternativ kan du h\u00e4r se alla v\u00e5ra program.<\/span><\/p>\n\n\t\t\t\t\t<\/div>\n\t\t\t\t\t\t\t<\/div>\n\t\t\n\t\t\n\t\t\t<div class=\"ams-cta__action u-inline-items\">\n\t\t\t\t\t\t\t\n\n\n<a href=\"https:\/\/designgymnasiet.se\/kungsholmen\/program\/\"\n\t\n\tclass=\"c-btn \"\n\tdata-style=\"square\"\n\tdata-size=\"md\"\n\tdata-width=\"full-mobile\"\n\tdata-variant=\"default\"\n\ttarget=\"_self\">\n\t\t\t<span class=\"label\"> Till v\u00e5ra program<\/span>\n\t\t\t<\/a>\n\t\t\t<\/div>\n\t<\/div>\n\n\t\t\n\t\t\t\n\t\t\t\t\t\t\t\n\t\t\t\t<div class=\"c-bg c-bg--img\" data-settings=\"{&quot;desktop_settings&quot;:{&quot;size&quot;:&quot;contain&quot;,&quot;position&quot;:&quot;top-right&quot;},&quot;mobile_settings&quot;:{&quot;size&quot;:&quot;contain&quot;,&quot;position&quot;:&quot;top-right&quot;}}\" data-position=\"middle-center\" data-size=\"cover\">\n\t\t\t<picture><source media=\"(min-width: 48em)\" srcset=\"https:\/\/designgymnasiet.se\/wp-content\/uploads\/sites\/9\/2023\/10\/dgscribblemolnplaceringhogra-ovre-hornetdesktop.svg\" sizes=\"\" \/><source srcset=\"https:\/\/designgymnasiet.se\/wp-content\/uploads\/sites\/9\/2023\/10\/dgscribblemolnplaceringhogra-ovre-hornetmobil.svg\" sizes=\"\" \/><img decoding=\"async\" src=\"https:\/\/designgymnasiet.se\/wp-content\/uploads\/sites\/9\/2023\/10\/dgscribblemolnplaceringhogra-ovre-hornetdesktop.svg\" class=\"attachment-hero-lg size-hero-lg\" alt=\"\" sizes=\"\" height=\"237\" width=\"1920\" \/><\/picture>\n\t\t<\/div>\n\t\n<\/section>\n\t<\/div>\n\n\t","protected":false},"excerpt":{"rendered":"","protected":false},"featured_media":1371,"parent":1359,"menu_order":0,"template":"","yoast_head":"<!-- This site is optimized with the Yoast SEO plugin v22.0 - https:\/\/yoast.com\/wordpress\/plugins\/seo\/ -->\n<title>Utst\u00e4llningsdesign - Designgymnasiet Stockholm, Kungsholmen<\/title>\n<meta name=\"description\" content=\"Vi kopplar ihop handel, service och design. Utbildningen ger dig goda kunskaper inom service och handel tillsammans med design i fokus.\" \/>\n<meta name=\"robots\" content=\"index, follow, max-snippet:-1, max-image-preview:large, max-video-preview:-1\" \/>\n<link rel=\"canonical\" href=\"https:\/\/designgymnasiet.se\/kungsholmen\/program\/forsaljnings-och-serviceprogrammet\/utstallningsdesign\/\" \/>\n<meta property=\"og:locale\" content=\"sv_SE\" \/>\n<meta property=\"og:type\" content=\"article\" \/>\n<meta property=\"og:title\" content=\"Utst\u00e4llningsdesign - Designgymnasiet Stockholm, Kungsholmen\" \/>\n<meta property=\"og:description\" content=\"Vi kopplar ihop handel, service och design. Utbildningen ger dig goda kunskaper inom service och handel tillsammans med design i fokus.\" \/>\n<meta property=\"og:url\" content=\"https:\/\/designgymnasiet.se\/kungsholmen\/program\/forsaljnings-och-serviceprogrammet\/utstallningsdesign\/\" \/>\n<meta property=\"og:site_name\" content=\"Kungsholmen\" \/>\n<meta property=\"article:modified_time\" content=\"2025-10-22T12:39:48+00:00\" \/>\n<meta property=\"og:image\" content=\"https:\/\/designgymnasiet.se\/wp-content\/uploads\/sites\/9\/2023\/10\/utstallningsdesign-designgymnaset-202304-e1696343766995-1200x630.jpg\" \/>\n\t<meta property=\"og:image:width\" content=\"1200\" \/>\n\t<meta property=\"og:image:height\" content=\"630\" \/>\n\t<meta property=\"og:image:type\" content=\"image\/jpeg\" \/>\n<meta name=\"twitter:card\" content=\"summary_large_image\" \/>\n<meta name=\"twitter:title\" content=\"Utst\u00e4llningsdesign - Designgymnasiet Stockholm, Kungsholmen\" \/>\n<meta name=\"twitter:description\" content=\"Vi kopplar ihop handel, service och design. Utbildningen ger dig goda kunskaper inom service och handel tillsammans med design i fokus.\" \/>\n<meta name=\"twitter:image\" content=\"https:\/\/designgymnasiet.se\/wp-content\/uploads\/sites\/9\/2023\/10\/utstallningsdesign-designgymnaset-202304-e1696343766995-1200x630.jpg\" \/>\n<meta name=\"twitter:label1\" content=\"Ber\u00e4knad l\u00e4stid\" \/>\n\t<meta name=\"twitter:data1\" content=\"2 minuter\" \/>\n<script type=\"application\/ld+json\" class=\"yoast-schema-graph\">{\"@context\":\"https:\/\/schema.org\",\"@graph\":[{\"@type\":\"WebPage\",\"@id\":\"https:\/\/designgymnasiet.se\/kungsholmen\/program\/forsaljnings-och-serviceprogrammet\/utstallningsdesign\/\",\"url\":\"https:\/\/designgymnasiet.se\/kungsholmen\/program\/forsaljnings-och-serviceprogrammet\/utstallningsdesign\/\",\"name\":\"Utst\u00e4llningsdesign - Designgymnasiet Stockholm, Kungsholmen\",\"isPartOf\":{\"@id\":\"https:\/\/designgymnasiet.se\/kungsholmen\/#website\"},\"datePublished\":\"2023-10-04T06:45:22+00:00\",\"dateModified\":\"2025-10-22T12:39:48+00:00\",\"description\":\"Vi kopplar ihop handel, service och design. Utbildningen ger dig goda kunskaper inom service och handel tillsammans med design i fokus.\",\"breadcrumb\":{\"@id\":\"https:\/\/designgymnasiet.se\/kungsholmen\/program\/forsaljnings-och-serviceprogrammet\/utstallningsdesign\/#breadcrumb\"},\"inLanguage\":\"sv-SE\",\"potentialAction\":[{\"@type\":\"ReadAction\",\"target\":[\"https:\/\/designgymnasiet.se\/kungsholmen\/program\/forsaljnings-och-serviceprogrammet\/utstallningsdesign\/\"]}]},{\"@type\":\"BreadcrumbList\",\"@id\":\"https:\/\/designgymnasiet.se\/kungsholmen\/program\/forsaljnings-och-serviceprogrammet\/utstallningsdesign\/#breadcrumb\",\"itemListElement\":[{\"@type\":\"ListItem\",\"position\":1,\"name\":\"Start\",\"item\":\"https:\/\/designgymnasiet.se\/kungsholmen\"},{\"@type\":\"ListItem\",\"position\":2,\"name\":\"Program\"}]},{\"@type\":\"WebSite\",\"@id\":\"https:\/\/designgymnasiet.se\/kungsholmen\/#website\",\"url\":\"https:\/\/designgymnasiet.se\/kungsholmen\/\",\"name\":\"Kungsholmen\",\"description\":\"Har du designdr\u00f6mmar?\",\"potentialAction\":[{\"@type\":\"SearchAction\",\"target\":{\"@type\":\"EntryPoint\",\"urlTemplate\":\"https:\/\/designgymnasiet.se\/kungsholmen\/?s={search_term_string}\"},\"query-input\":\"required name=search_term_string\"}],\"inLanguage\":\"sv-SE\"}]}<\/script>\n<!-- \/ Yoast SEO plugin. -->","yoast_head_json":{"title":"Utst\u00e4llningsdesign - Designgymnasiet Stockholm, Kungsholmen","description":"Vi kopplar ihop handel, service och design. Utbildningen ger dig goda kunskaper inom service och handel tillsammans med design i fokus.","robots":{"index":"index","follow":"follow","max-snippet":"max-snippet:-1","max-image-preview":"max-image-preview:large","max-video-preview":"max-video-preview:-1"},"canonical":"https:\/\/designgymnasiet.se\/kungsholmen\/program\/forsaljnings-och-serviceprogrammet\/utstallningsdesign\/","og_locale":"sv_SE","og_type":"article","og_title":"Utst\u00e4llningsdesign - Designgymnasiet Stockholm, Kungsholmen","og_description":"Vi kopplar ihop handel, service och design. Utbildningen ger dig goda kunskaper inom service och handel tillsammans med design i fokus.","og_url":"https:\/\/designgymnasiet.se\/kungsholmen\/program\/forsaljnings-och-serviceprogrammet\/utstallningsdesign\/","og_site_name":"Kungsholmen","article_modified_time":"2025-10-22T12:39:48+00:00","og_image":[{"width":1200,"height":630,"url":"https:\/\/designgymnasiet.se\/wp-content\/uploads\/sites\/9\/2023\/10\/utstallningsdesign-designgymnaset-202304-e1696343766995-1200x630.jpg","type":"image\/jpeg"}],"twitter_card":"summary_large_image","twitter_title":"Utst\u00e4llningsdesign - Designgymnasiet Stockholm, Kungsholmen","twitter_description":"Vi kopplar ihop handel, service och design. Utbildningen ger dig goda kunskaper inom service och handel tillsammans med design i fokus.","twitter_image":"https:\/\/designgymnasiet.se\/wp-content\/uploads\/sites\/9\/2023\/10\/utstallningsdesign-designgymnaset-202304-e1696343766995-1200x630.jpg","twitter_misc":{"Ber\u00e4knad l\u00e4stid":"2 minuter"},"schema":{"@context":"https:\/\/schema.org","@graph":[{"@type":"WebPage","@id":"https:\/\/designgymnasiet.se\/kungsholmen\/program\/forsaljnings-och-serviceprogrammet\/utstallningsdesign\/","url":"https:\/\/designgymnasiet.se\/kungsholmen\/program\/forsaljnings-och-serviceprogrammet\/utstallningsdesign\/","name":"Utst\u00e4llningsdesign - Designgymnasiet Stockholm, Kungsholmen","isPartOf":{"@id":"https:\/\/designgymnasiet.se\/kungsholmen\/#website"},"datePublished":"2023-10-04T06:45:22+00:00","dateModified":"2025-10-22T12:39:48+00:00","description":"Vi kopplar ihop handel, service och design. Utbildningen ger dig goda kunskaper inom service och handel tillsammans med design i fokus.","breadcrumb":{"@id":"https:\/\/designgymnasiet.se\/kungsholmen\/program\/forsaljnings-och-serviceprogrammet\/utstallningsdesign\/#breadcrumb"},"inLanguage":"sv-SE","potentialAction":[{"@type":"ReadAction","target":["https:\/\/designgymnasiet.se\/kungsholmen\/program\/forsaljnings-och-serviceprogrammet\/utstallningsdesign\/"]}]},{"@type":"BreadcrumbList","@id":"https:\/\/designgymnasiet.se\/kungsholmen\/program\/forsaljnings-och-serviceprogrammet\/utstallningsdesign\/#breadcrumb","itemListElement":[{"@type":"ListItem","position":1,"name":"Start","item":"https:\/\/designgymnasiet.se\/kungsholmen"},{"@type":"ListItem","position":2,"name":"Program"}]},{"@type":"WebSite","@id":"https:\/\/designgymnasiet.se\/kungsholmen\/#website","url":"https:\/\/designgymnasiet.se\/kungsholmen\/","name":"Kungsholmen","description":"Har du designdr\u00f6mmar?","potentialAction":[{"@type":"SearchAction","target":{"@type":"EntryPoint","urlTemplate":"https:\/\/designgymnasiet.se\/kungsholmen\/?s={search_term_string}"},"query-input":"required name=search_term_string"}],"inLanguage":"sv-SE"}]}},"_links":{"self":[{"href":"https:\/\/designgymnasiet.se\/kungsholmen\/wp-json\/wp\/v2\/program_orientation\/1360"}],"collection":[{"href":"https:\/\/designgymnasiet.se\/kungsholmen\/wp-json\/wp\/v2\/program_orientation"}],"about":[{"href":"https:\/\/designgymnasiet.se\/kungsholmen\/wp-json\/wp\/v2\/types\/program_orientation"}],"version-history":[{"count":10,"href":"https:\/\/designgymnasiet.se\/kungsholmen\/wp-json\/wp\/v2\/program_orientation\/1360\/revisions"}],"predecessor-version":[{"id":2284,"href":"https:\/\/designgymnasiet.se\/kungsholmen\/wp-json\/wp\/v2\/program_orientation\/1360\/revisions\/2284"}],"up":[{"embeddable":true,"href":"https:\/\/designgymnasiet.se\/kungsholmen\/wp-json\/wp\/v2\/program_orientation\/1359"}],"wp:featuredmedia":[{"embeddable":true,"href":"https:\/\/designgymnasiet.se\/kungsholmen\/wp-json\/wp\/v2\/media\/1371"}],"wp:attachment":[{"href":"https:\/\/designgymnasiet.se\/kungsholmen\/wp-json\/wp\/v2\/media?parent=1360"}],"curies":[{"name":"wp","href":"https:\/\/api.w.org\/{rel}","templated":true}]}}