{"id":2180,"date":"2025-06-12T13:42:01","date_gmt":"2025-06-12T11:42:01","guid":{"rendered":"https:\/\/designgymnasiet.se\/goteborg\/?page_id=2180"},"modified":"2026-01-29T08:56:56","modified_gmt":"2026-01-29T07:56:56","slug":"lediga-platser","status":"publish","type":"page","link":"https:\/\/designgymnasiet.se\/goteborg\/lediga-platser\/","title":{"rendered":"Lediga platser"},"content":{"rendered":"\n\t\n\t\n\t\n\n\t\n\t\n\t\t\n<section  class=\"c-block l-stacked  \" data-color-scheme=\"\">\n\t<div class=\"ams-fifty ams-fifty--container ams-fifty--right ams-fifty--bottom l-container u-pt-fluid-3xl-6xl u-pb-fluid-3xl-6xl\">\n\t\t<div class=\"ams-fifty__content l-stack l-stack-xl is-left is-left@lg\">\n\t\t\t<div class=\"ams-fifty__text l-stack l-stack-lg\">\n\t\t\t\t\t\n\t<h1\n\tclass=\"c-heading u-font-title-1 \"\n\tstyle=\"\">\n\t\t\n\t\t\t\t\t<span class=\"highlight\">V\u00e4lkommen<\/span> till Designgymnasiet G\u00f6teborg\n\t\t\t\t\n\t<\/h1>\n\n\t\t\t\t\t\t\t\t\t<div class=\"text l-stack u-font-body\">\n\t\t\t\t\t\t<p>Vi \u00e4r en relativt ny skola med h\u00e4rlig gemenskap d\u00e4r elever och l\u00e4rare f\u00f6renas av intresset f\u00f6r design. Vi har fortfarande lediga platser p\u00e5 n\u00e5gra av v\u00e5ra utbildningar. Om du \u00e4r intresserad av att b\u00f6rja hos oss till h\u00f6sten kan du g\u00f6ra en sen ans\u00f6kan via antagningswebben!<\/p>\n\n\t\t\t\t\t<\/div>\n\t\t\t\t\t\t\t<\/div>\n\n\t\t\t\t<div class=\"ams-fifty__action u-inline-items\">\n\t\t\t\t\t\t\t\n\n\n<a href=\"https:\/\/indra2.se\/\"\n\t\n\tclass=\"c-btn \"\n\tdata-style=\"square\"\n\tdata-size=\"md\"\n\tdata-width=\"full-mobile\"\n\tdata-variant=\"default\"\n\ttarget=\"_self\">\n\t\t\t<span class=\"label\"> Till gymnasieantagningen<\/span>\n\t\t\t<\/a>\n\t\t\t<\/div>\n\t\t<\/div>\n\n\t\t <div class=\"ams-fifty__media u-ratio-landscape\">\n\t\t \t\t\t\t\t<img decoding=\"async\" width=\"600\" height=\"518\" src=\"https:\/\/designgymnasiet.se\/wp-content\/uploads\/sites\/8\/2023\/10\/om-designgymnasiet-goteborg-202304-e1696835598957-600x518.jpg\" class=\"attachment-md size-md\" alt=\"Tv\u00e5 elever kikar p\u00e5 grafiska designer p\u00e5 bort.\" sizes=\"(min-width: 64em) 600px, calc(100vw - 160px)\" srcset=\"https:\/\/designgymnasiet.se\/wp-content\/uploads\/sites\/8\/2023\/10\/om-designgymnasiet-goteborg-202304-e1696835598957-600x518.jpg 600w, https:\/\/designgymnasiet.se\/wp-content\/uploads\/sites\/8\/2023\/10\/om-designgymnasiet-goteborg-202304-e1696835598957-300x259.jpg 300w, https:\/\/designgymnasiet.se\/wp-content\/uploads\/sites\/8\/2023\/10\/om-designgymnasiet-goteborg-202304-e1696835598957-400x345.jpg 400w, https:\/\/designgymnasiet.se\/wp-content\/uploads\/sites\/8\/2023\/10\/om-designgymnasiet-goteborg-202304-e1696835598957-800x690.jpg 800w, https:\/\/designgymnasiet.se\/wp-content\/uploads\/sites\/8\/2023\/10\/om-designgymnasiet-goteborg-202304-e1696835598957-1024x884.jpg 1024w, https:\/\/designgymnasiet.se\/wp-content\/uploads\/sites\/8\/2023\/10\/om-designgymnasiet-goteborg-202304-e1696835598957-1200x1035.jpg 1200w, https:\/\/designgymnasiet.se\/wp-content\/uploads\/sites\/8\/2023\/10\/om-designgymnasiet-goteborg-202304-e1696835598957.jpg 1582w\" \/>\n\t\t\t\n\t\t\t\n\t\t\t\t\t<\/div>\n\t<\/div>\n\n\t\t\n\n<\/section>\n\n\n\n\n<section  class=\"ams-courses-list c-block l-stacked\" data-color-scheme=\"gray\">\n\t<div class=\"l-container l-stack l-stack-fluid-2xl u-pt-fluid-3xl-6xl u-pb-fluid-3xl-6xl is-center is-center@md\">\n\t\t\t\t\t<div class=\"ams-courses-list__intro l-stack l-stack-lg\">\n\t\t\t\t\t\n\t<h2\n\tclass=\"c-heading u-font-title-1 \"\n\tstyle=\"\">\n\t\t\n\t\t\t\t\tV\u00e5ra designutbildningar\n\t\t\t\t\n\t<\/h2>\n\n\t\t\t\t\t\t\t\t\t<div class=\"c-text l-stack u-cs-xl u-font-body\">\n\t\t\t\t\t\t<p>Alla v\u00e5ra gymnasieprogram pr\u00e4glas av design och ger h\u00f6gskolebeh\u00f6righet f\u00f6r vidare studier p\u00e5 h\u00f6gskola och universitet.<\/p>\n\n\t\t\t\t\t<\/div>\n\t\t\t\t\t\t\t<\/div>\n\t\t\n\t\t\n\t\t\t\n<ul class=\"ams-courses-list__list l-grid u-gap-fluid-2xl-4xl u-justify-center\">\n\t\t\t<li class=\"l-col-6@md l-col-4@lg\">\n\t\t\t<article class=\"c-card has-media-zoom  u-shadow-lg\"\n\t\t\t\t\t\tdata-variant=\"border-top\"\n\t\t\t\t\t\tdata-style=\"square\"\n\t\t\t\t\t\tdata-click-area>\n\t\t\t\t<div class=\"c-card__content l-stack l-stack-sm\">\n\t\t\t\t\t\t\t\t\t\t\t<h3 class=\"c-card__title u-font-title-3\">\n\t\t\t\t\t\t\t\t\t\t\t\t\t\t\t<a class=\"c-card__title-link\" href=\"https:\/\/designgymnasiet.se\/goteborg\/program\/teknikprogrammet\/arkitektur-och-design\/\">\n\t\t\t\t\t\t\t\t\tArkitektur och design\n\t\t\t\t\t\t\t\t<\/a>\n\t\t\t\t\t\t\t\t\t\t\t\t\t<\/h3>\n\t\t\t\t\t\n\t\t\t\t\t\n\t\t\t\t\t\t\t\t\t\t\t\t\t\t\t\t<ul class=\"c-card__list u-list-none l-stack-grow u-divider-top u-font-body\">\n\t\t\t\t\t\t\t\t\t\t\t\t\t\t\t<li>\n\t\t\t\t\t\t\t\t\t<strong>Program<\/strong>\n\t\t\t\t\t\t\t\t\t<ul class=\"u-list-dash\">\n\t\t\t\t\t\t\t\t\t\t\t\t\t\t\t\t\t\t\t\t\t<li>Teknikprogrammet<\/li>\n\t\t\t\t\t\t\t\t\t\t\t\t\t\t\t\t\t\t\t<\/ul>\n\t\t\t\t\t\t\t\t<\/li>\n\t\t\t\t\t\t\t\n\t\t\t\t\t\t\t\t\t\t\t\t\t\t\t\t\t\t\t\t\t\t\t\t<li>\n\t\t\t\t\t\t\t\t\t\t<strong>Inriktning<\/strong>\n\t\t\t\t\t\t\t\t\t\t<ul class=\"u-list-dash\">\n\t\t\t\t\t\t\t\t\t\t\t\t\t\t\t\t\t\t\t\t\t\t\t<li>Samh\u00e4llsbyggande och milj\u00f6<\/li>\n\t\t\t\t\t\t\t\t\t\t\t\t\t\t\t\t\t\t\t\t\t<\/ul>\n\t\t\t\t\t\t\t\t\t<\/li>\n\t\t\t\t\t\t\t\t\t\t\t\t\t\t\t\t\t\t\t\t\t<\/ul>\n\n\t\t\t\t\t\t<div class=\"c-card__icon c-card__icon--nl\">\n\t\t\t\t\t\t\t\t\t\t\t\t\t\t<svg class=\"ams-icon ams-icon--arrow-right\" width=\"32\" height=\"32\" viewbox=\"0 0 32 32\" fill=\"currentColor\" aria-hidden=\"true\" xmlns=\"http:\/\/www.w3.org\/2000\/svg\">\n\t\t\t\t\t\t\t\t\t\t\t\t\t\t\t\t<path d=\"M15.4617 0.252159L14.9567 0.75931C14.6219 1.09545 14.6219 1.64048 14.9567 1.97669L27.7062 14.7806H0.857144C0.383786 14.7806 0 15.166 0 15.6414V16.3587C0 16.8341 0.383786 17.2195 0.857144 17.2195H27.7062L14.9567 30.0234C14.6219 30.3595 14.6219 30.9045 14.9567 31.2407L15.4617 31.7479C15.7964 32.084 16.3392 32.084 16.6739 31.7479L31.749 16.6087C32.0837 16.2725 32.0837 15.7275 31.749 15.3913L16.6739 0.252159C16.3392 -0.084053 15.7964 -0.084053 15.4617 0.252159Z\"\/>\n\t\t\t\t\t\t\t\n\t\t\t\t\t\t\t<\/svg>\n\t\t\t\t\t\t<\/div>\n\t\t\t\t\t\t\t\t\t<\/div>\n\t\t\t\t<div class=\"c-card__media \" style=\" \">\n\t\t\t\t\t<img decoding=\"async\" width=\"400\" height=\"369\" src=\"https:\/\/designgymnasiet.se\/wp-content\/uploads\/sites\/8\/2023\/10\/arkitektur-designgymnasiet-202304-e1696343236133-400x369.jpg\" class=\"attachment-sm size-sm wp-post-image\" alt=\"Elever p\u00e5 arkitektur tittar p\u00e5 3D modell av byggnad.\" sizes=\"(min-width: 64em) 300px, (min-width: 48em) calc(.50 * (100vw - 240px)), calc(100vw - 160px)\" srcset=\"https:\/\/designgymnasiet.se\/wp-content\/uploads\/sites\/8\/2023\/10\/arkitektur-designgymnasiet-202304-e1696343236133-400x369.jpg 400w, https:\/\/designgymnasiet.se\/wp-content\/uploads\/sites\/8\/2023\/10\/arkitektur-designgymnasiet-202304-e1696343236133-300x277.jpg 300w, https:\/\/designgymnasiet.se\/wp-content\/uploads\/sites\/8\/2023\/10\/arkitektur-designgymnasiet-202304-e1696343236133-600x554.jpg 600w, https:\/\/designgymnasiet.se\/wp-content\/uploads\/sites\/8\/2023\/10\/arkitektur-designgymnasiet-202304-e1696343236133-800x738.jpg 800w, https:\/\/designgymnasiet.se\/wp-content\/uploads\/sites\/8\/2023\/10\/arkitektur-designgymnasiet-202304-e1696343236133-1024x945.jpg 1024w, https:\/\/designgymnasiet.se\/wp-content\/uploads\/sites\/8\/2023\/10\/arkitektur-designgymnasiet-202304-e1696343236133-1200x1108.jpg 1200w, https:\/\/designgymnasiet.se\/wp-content\/uploads\/sites\/8\/2023\/10\/arkitektur-designgymnasiet-202304-e1696343236133.jpg 1479w\" \/>\n\t\t\t\t<\/div>\n\t\t\t<\/article>\n\t\t<\/li>\n\t\t\t<li class=\"l-col-6@md l-col-4@lg\">\n\t\t\t<article class=\"c-card has-media-zoom  u-shadow-lg\"\n\t\t\t\t\t\tdata-variant=\"border-top\"\n\t\t\t\t\t\tdata-style=\"square\"\n\t\t\t\t\t\tdata-click-area>\n\t\t\t\t<div class=\"c-card__content l-stack l-stack-sm\">\n\t\t\t\t\t\t\t\t\t\t\t<h3 class=\"c-card__title u-font-title-3\">\n\t\t\t\t\t\t\t\t\t\t\t\t\t\t\t<a class=\"c-card__title-link\" href=\"https:\/\/designgymnasiet.se\/goteborg\/program\/estetiska-programmet\/grafisk-design\/\">\n\t\t\t\t\t\t\t\t\tGrafisk design\n\t\t\t\t\t\t\t\t<\/a>\n\t\t\t\t\t\t\t\t\t\t\t\t\t<\/h3>\n\t\t\t\t\t\n\t\t\t\t\t\n\t\t\t\t\t\t\t\t\t\t\t\t\t\t\t\t<ul class=\"c-card__list u-list-none l-stack-grow u-divider-top u-font-body\">\n\t\t\t\t\t\t\t\t\t\t\t\t\t\t\t<li>\n\t\t\t\t\t\t\t\t\t<strong>Program<\/strong>\n\t\t\t\t\t\t\t\t\t<ul class=\"u-list-dash\">\n\t\t\t\t\t\t\t\t\t\t\t\t\t\t\t\t\t\t\t\t\t<li>Estetiska programmet<\/li>\n\t\t\t\t\t\t\t\t\t\t\t\t\t\t\t\t\t\t\t<\/ul>\n\t\t\t\t\t\t\t\t<\/li>\n\t\t\t\t\t\t\t\n\t\t\t\t\t\t\t\t\t\t\t\t\t\t\t\t\t\t\t\t\t\t\t\t<li>\n\t\t\t\t\t\t\t\t\t\t<strong>Inriktning<\/strong>\n\t\t\t\t\t\t\t\t\t\t<ul class=\"u-list-dash\">\n\t\t\t\t\t\t\t\t\t\t\t\t\t\t\t\t\t\t\t\t\t\t\t<li>Bild och form<\/li>\n\t\t\t\t\t\t\t\t\t\t\t\t\t\t\t\t\t\t\t\t\t<\/ul>\n\t\t\t\t\t\t\t\t\t<\/li>\n\t\t\t\t\t\t\t\t\t\t\t\t\t\t\t\t\t\t\t\t\t<\/ul>\n\n\t\t\t\t\t\t<div class=\"c-card__icon c-card__icon--nl\">\n\t\t\t\t\t\t\t\t\t\t\t\t\t\t<svg class=\"ams-icon ams-icon--arrow-right\" width=\"32\" height=\"32\" viewbox=\"0 0 32 32\" fill=\"currentColor\" aria-hidden=\"true\" xmlns=\"http:\/\/www.w3.org\/2000\/svg\">\n\t\t\t\t\t\t\t\t\t\t\t\t\t\t\t\t<path d=\"M15.4617 0.252159L14.9567 0.75931C14.6219 1.09545 14.6219 1.64048 14.9567 1.97669L27.7062 14.7806H0.857144C0.383786 14.7806 0 15.166 0 15.6414V16.3587C0 16.8341 0.383786 17.2195 0.857144 17.2195H27.7062L14.9567 30.0234C14.6219 30.3595 14.6219 30.9045 14.9567 31.2407L15.4617 31.7479C15.7964 32.084 16.3392 32.084 16.6739 31.7479L31.749 16.6087C32.0837 16.2725 32.0837 15.7275 31.749 15.3913L16.6739 0.252159C16.3392 -0.084053 15.7964 -0.084053 15.4617 0.252159Z\"\/>\n\t\t\t\t\t\t\t\n\t\t\t\t\t\t\t<\/svg>\n\t\t\t\t\t\t<\/div>\n\t\t\t\t\t\t\t\t\t<\/div>\n\t\t\t\t<div class=\"c-card__media \" style=\" \">\n\t\t\t\t\t<img decoding=\"async\" width=\"400\" height=\"267\" src=\"https:\/\/designgymnasiet.se\/wp-content\/uploads\/sites\/8\/2023\/10\/designgymnasiet-estetiska-programmet-042023-400x267.jpg\" class=\"attachment-sm size-sm wp-post-image\" alt=\"Elever arbetar med grafisk design i en kreativ verkstad.\" sizes=\"(min-width: 64em) 300px, (min-width: 48em) calc(.50 * (100vw - 240px)), calc(100vw - 160px)\" srcset=\"https:\/\/designgymnasiet.se\/wp-content\/uploads\/sites\/8\/2023\/10\/designgymnasiet-estetiska-programmet-042023-400x267.jpg 400w, https:\/\/designgymnasiet.se\/wp-content\/uploads\/sites\/8\/2023\/10\/designgymnasiet-estetiska-programmet-042023-300x200.jpg 300w, https:\/\/designgymnasiet.se\/wp-content\/uploads\/sites\/8\/2023\/10\/designgymnasiet-estetiska-programmet-042023-600x400.jpg 600w, https:\/\/designgymnasiet.se\/wp-content\/uploads\/sites\/8\/2023\/10\/designgymnasiet-estetiska-programmet-042023-800x533.jpg 800w, https:\/\/designgymnasiet.se\/wp-content\/uploads\/sites\/8\/2023\/10\/designgymnasiet-estetiska-programmet-042023-1024x683.jpg 1024w, https:\/\/designgymnasiet.se\/wp-content\/uploads\/sites\/8\/2023\/10\/designgymnasiet-estetiska-programmet-042023-1200x800.jpg 1200w, https:\/\/designgymnasiet.se\/wp-content\/uploads\/sites\/8\/2023\/10\/designgymnasiet-estetiska-programmet-042023.jpg 2048w\" \/>\n\t\t\t\t<\/div>\n\t\t\t<\/article>\n\t\t<\/li>\n\t\t\t<li class=\"l-col-6@md l-col-4@lg\">\n\t\t\t<article class=\"c-card has-media-zoom  u-shadow-lg\"\n\t\t\t\t\t\tdata-variant=\"border-top\"\n\t\t\t\t\t\tdata-style=\"square\"\n\t\t\t\t\t\tdata-click-area>\n\t\t\t\t<div class=\"c-card__content l-stack l-stack-sm\">\n\t\t\t\t\t\t\t\t\t\t\t<h3 class=\"c-card__title u-font-title-3\">\n\t\t\t\t\t\t\t\t\t\t\t\t\t\t\t<a class=\"c-card__title-link\" href=\"https:\/\/designgymnasiet.se\/goteborg\/program\/estetiska-programmet\/inredningsdesign\/\">\n\t\t\t\t\t\t\t\t\tInredningsdesign\n\t\t\t\t\t\t\t\t<\/a>\n\t\t\t\t\t\t\t\t\t\t\t\t\t<\/h3>\n\t\t\t\t\t\n\t\t\t\t\t\n\t\t\t\t\t\t\t\t\t\t\t\t\t\t\t\t<ul class=\"c-card__list u-list-none l-stack-grow u-divider-top u-font-body\">\n\t\t\t\t\t\t\t\t\t\t\t\t\t\t\t<li>\n\t\t\t\t\t\t\t\t\t<strong>Program<\/strong>\n\t\t\t\t\t\t\t\t\t<ul class=\"u-list-dash\">\n\t\t\t\t\t\t\t\t\t\t\t\t\t\t\t\t\t\t\t\t\t<li>Estetiska programmet<\/li>\n\t\t\t\t\t\t\t\t\t\t\t\t\t\t\t\t\t\t\t<\/ul>\n\t\t\t\t\t\t\t\t<\/li>\n\t\t\t\t\t\t\t\n\t\t\t\t\t\t\t\t\t\t\t\t\t\t\t\t\t\t\t\t\t\t\t\t<li>\n\t\t\t\t\t\t\t\t\t\t<strong>Inriktning<\/strong>\n\t\t\t\t\t\t\t\t\t\t<ul class=\"u-list-dash\">\n\t\t\t\t\t\t\t\t\t\t\t\t\t\t\t\t\t\t\t\t\t\t\t<li>Bild och form<\/li>\n\t\t\t\t\t\t\t\t\t\t\t\t\t\t\t\t\t\t\t\t\t<\/ul>\n\t\t\t\t\t\t\t\t\t<\/li>\n\t\t\t\t\t\t\t\t\t\t\t\t\t\t\t\t\t\t\t\t\t<\/ul>\n\n\t\t\t\t\t\t<div class=\"c-card__icon c-card__icon--nl\">\n\t\t\t\t\t\t\t\t\t\t\t\t\t\t<svg class=\"ams-icon ams-icon--arrow-right\" width=\"32\" height=\"32\" viewbox=\"0 0 32 32\" fill=\"currentColor\" aria-hidden=\"true\" xmlns=\"http:\/\/www.w3.org\/2000\/svg\">\n\t\t\t\t\t\t\t\t\t\t\t\t\t\t\t\t<path d=\"M15.4617 0.252159L14.9567 0.75931C14.6219 1.09545 14.6219 1.64048 14.9567 1.97669L27.7062 14.7806H0.857144C0.383786 14.7806 0 15.166 0 15.6414V16.3587C0 16.8341 0.383786 17.2195 0.857144 17.2195H27.7062L14.9567 30.0234C14.6219 30.3595 14.6219 30.9045 14.9567 31.2407L15.4617 31.7479C15.7964 32.084 16.3392 32.084 16.6739 31.7479L31.749 16.6087C32.0837 16.2725 32.0837 15.7275 31.749 15.3913L16.6739 0.252159C16.3392 -0.084053 15.7964 -0.084053 15.4617 0.252159Z\"\/>\n\t\t\t\t\t\t\t\n\t\t\t\t\t\t\t<\/svg>\n\t\t\t\t\t\t<\/div>\n\t\t\t\t\t\t\t\t\t<\/div>\n\t\t\t\t<div class=\"c-card__media \" style=\" \">\n\t\t\t\t\t<img decoding=\"async\" width=\"400\" height=\"225\" src=\"https:\/\/designgymnasiet.se\/wp-content\/uploads\/sites\/8\/2023\/10\/inredningsdesign-scaled-400x225.jpg\" class=\"attachment-sm size-sm wp-post-image\" alt=\"En utst\u00e4llning av elevarbeten i form av moodboards.\" sizes=\"(min-width: 64em) 300px, (min-width: 48em) calc(.50 * (100vw - 240px)), calc(100vw - 160px)\" srcset=\"https:\/\/designgymnasiet.se\/wp-content\/uploads\/sites\/8\/2023\/10\/inredningsdesign-scaled-400x225.jpg 400w, https:\/\/designgymnasiet.se\/wp-content\/uploads\/sites\/8\/2023\/10\/inredningsdesign-scaled-300x169.jpg 300w, https:\/\/designgymnasiet.se\/wp-content\/uploads\/sites\/8\/2023\/10\/inredningsdesign-scaled-600x338.jpg 600w, https:\/\/designgymnasiet.se\/wp-content\/uploads\/sites\/8\/2023\/10\/inredningsdesign-scaled-800x450.jpg 800w, https:\/\/designgymnasiet.se\/wp-content\/uploads\/sites\/8\/2023\/10\/inredningsdesign-scaled-1024x576.jpg 1024w, https:\/\/designgymnasiet.se\/wp-content\/uploads\/sites\/8\/2023\/10\/inredningsdesign-scaled-1200x675.jpg 1200w, https:\/\/designgymnasiet.se\/wp-content\/uploads\/sites\/8\/2023\/10\/inredningsdesign-scaled-1920x1080.jpg 1920w\" \/>\n\t\t\t\t<\/div>\n\t\t\t<\/article>\n\t\t<\/li>\n\t\t\t<li class=\"l-col-6@md l-col-4@lg\">\n\t\t\t<article class=\"c-card has-media-zoom  u-shadow-lg\"\n\t\t\t\t\t\tdata-variant=\"border-top\"\n\t\t\t\t\t\tdata-style=\"square\"\n\t\t\t\t\t\tdata-click-area>\n\t\t\t\t<div class=\"c-card__content l-stack l-stack-sm\">\n\t\t\t\t\t\t\t\t\t\t\t<h3 class=\"c-card__title u-font-title-3\">\n\t\t\t\t\t\t\t\t\t\t\t\t\t\t\t<a class=\"c-card__title-link\" href=\"https:\/\/designgymnasiet.se\/goteborg\/program\/estetiska-programmet\/modedesign\/\">\n\t\t\t\t\t\t\t\t\tModedesign\n\t\t\t\t\t\t\t\t<\/a>\n\t\t\t\t\t\t\t\t\t\t\t\t\t<\/h3>\n\t\t\t\t\t\n\t\t\t\t\t\n\t\t\t\t\t\t\t\t\t\t\t\t\t\t\t\t<ul class=\"c-card__list u-list-none l-stack-grow u-divider-top u-font-body\">\n\t\t\t\t\t\t\t\t\t\t\t\t\t\t\t<li>\n\t\t\t\t\t\t\t\t\t<strong>Program<\/strong>\n\t\t\t\t\t\t\t\t\t<ul class=\"u-list-dash\">\n\t\t\t\t\t\t\t\t\t\t\t\t\t\t\t\t\t\t\t\t\t<li>Estetiska programmet<\/li>\n\t\t\t\t\t\t\t\t\t\t\t\t\t\t\t\t\t\t\t<\/ul>\n\t\t\t\t\t\t\t\t<\/li>\n\t\t\t\t\t\t\t\n\t\t\t\t\t\t\t\t\t\t\t\t\t\t\t\t\t\t\t\t\t\t\t\t<li>\n\t\t\t\t\t\t\t\t\t\t<strong>Inriktning<\/strong>\n\t\t\t\t\t\t\t\t\t\t<ul class=\"u-list-dash\">\n\t\t\t\t\t\t\t\t\t\t\t\t\t\t\t\t\t\t\t\t\t\t\t<li>Bild och form<\/li>\n\t\t\t\t\t\t\t\t\t\t\t\t\t\t\t\t\t\t\t\t\t<\/ul>\n\t\t\t\t\t\t\t\t\t<\/li>\n\t\t\t\t\t\t\t\t\t\t\t\t\t\t\t\t\t\t\t\t\t<\/ul>\n\n\t\t\t\t\t\t<div class=\"c-card__icon c-card__icon--nl\">\n\t\t\t\t\t\t\t\t\t\t\t\t\t\t<svg class=\"ams-icon ams-icon--arrow-right\" width=\"32\" height=\"32\" viewbox=\"0 0 32 32\" fill=\"currentColor\" aria-hidden=\"true\" xmlns=\"http:\/\/www.w3.org\/2000\/svg\">\n\t\t\t\t\t\t\t\t\t\t\t\t\t\t\t\t<path d=\"M15.4617 0.252159L14.9567 0.75931C14.6219 1.09545 14.6219 1.64048 14.9567 1.97669L27.7062 14.7806H0.857144C0.383786 14.7806 0 15.166 0 15.6414V16.3587C0 16.8341 0.383786 17.2195 0.857144 17.2195H27.7062L14.9567 30.0234C14.6219 30.3595 14.6219 30.9045 14.9567 31.2407L15.4617 31.7479C15.7964 32.084 16.3392 32.084 16.6739 31.7479L31.749 16.6087C32.0837 16.2725 32.0837 15.7275 31.749 15.3913L16.6739 0.252159C16.3392 -0.084053 15.7964 -0.084053 15.4617 0.252159Z\"\/>\n\t\t\t\t\t\t\t\n\t\t\t\t\t\t\t<\/svg>\n\t\t\t\t\t\t<\/div>\n\t\t\t\t\t\t\t\t\t<\/div>\n\t\t\t\t<div class=\"c-card__media \" style=\" \">\n\t\t\t\t\t<img decoding=\"async\" width=\"400\" height=\"320\" src=\"https:\/\/designgymnasiet.se\/wp-content\/uploads\/sites\/8\/2023\/10\/designgymnasiet-modedesign-202304-e1696951586575-400x320.jpg\" class=\"attachment-sm size-sm wp-post-image\" alt=\"Elev med designade kl\u00e4der p\u00e5 catwalk.\" sizes=\"(min-width: 64em) 300px, (min-width: 48em) calc(.50 * (100vw - 240px)), calc(100vw - 160px)\" srcset=\"https:\/\/designgymnasiet.se\/wp-content\/uploads\/sites\/8\/2023\/10\/designgymnasiet-modedesign-202304-e1696951586575-400x320.jpg 400w, https:\/\/designgymnasiet.se\/wp-content\/uploads\/sites\/8\/2023\/10\/designgymnasiet-modedesign-202304-e1696951586575-300x240.jpg 300w, https:\/\/designgymnasiet.se\/wp-content\/uploads\/sites\/8\/2023\/10\/designgymnasiet-modedesign-202304-e1696951586575-600x480.jpg 600w, https:\/\/designgymnasiet.se\/wp-content\/uploads\/sites\/8\/2023\/10\/designgymnasiet-modedesign-202304-e1696951586575-800x640.jpg 800w, https:\/\/designgymnasiet.se\/wp-content\/uploads\/sites\/8\/2023\/10\/designgymnasiet-modedesign-202304-e1696951586575-1024x820.jpg 1024w, https:\/\/designgymnasiet.se\/wp-content\/uploads\/sites\/8\/2023\/10\/designgymnasiet-modedesign-202304-e1696951586575-1200x961.jpg 1200w, https:\/\/designgymnasiet.se\/wp-content\/uploads\/sites\/8\/2023\/10\/designgymnasiet-modedesign-202304-e1696951586575.jpg 1514w\" \/>\n\t\t\t\t<\/div>\n\t\t\t<\/article>\n\t\t<\/li>\n\t\t\t<li class=\"l-col-6@md l-col-4@lg\">\n\t\t\t<article class=\"c-card has-media-zoom  u-shadow-lg\"\n\t\t\t\t\t\tdata-variant=\"border-top\"\n\t\t\t\t\t\tdata-style=\"square\"\n\t\t\t\t\t\tdata-click-area>\n\t\t\t\t<div class=\"c-card__content l-stack l-stack-sm\">\n\t\t\t\t\t\t\t\t\t\t\t<h3 class=\"c-card__title u-font-title-3\">\n\t\t\t\t\t\t\t\t\t\t\t\t\t\t\t<a class=\"c-card__title-link\" href=\"https:\/\/designgymnasiet.se\/goteborg\/program\/teknikprogrammet\/produktdesign\/\">\n\t\t\t\t\t\t\t\t\tProduktdesign\n\t\t\t\t\t\t\t\t<\/a>\n\t\t\t\t\t\t\t\t\t\t\t\t\t<\/h3>\n\t\t\t\t\t\n\t\t\t\t\t\n\t\t\t\t\t\t\t\t\t\t\t\t\t\t\t\t<ul class=\"c-card__list u-list-none l-stack-grow u-divider-top u-font-body\">\n\t\t\t\t\t\t\t\t\t\t\t\t\t\t\t<li>\n\t\t\t\t\t\t\t\t\t<strong>Program<\/strong>\n\t\t\t\t\t\t\t\t\t<ul class=\"u-list-dash\">\n\t\t\t\t\t\t\t\t\t\t\t\t\t\t\t\t\t\t\t\t\t<li>Teknikprogrammet<\/li>\n\t\t\t\t\t\t\t\t\t\t\t\t\t\t\t\t\t\t\t<\/ul>\n\t\t\t\t\t\t\t\t<\/li>\n\t\t\t\t\t\t\t\n\t\t\t\t\t\t\t\t\t\t\t\t\t\t\t\t\t\t\t\t\t\t\t\t<li>\n\t\t\t\t\t\t\t\t\t\t<strong>Inriktning<\/strong>\n\t\t\t\t\t\t\t\t\t\t<ul class=\"u-list-dash\">\n\t\t\t\t\t\t\t\t\t\t\t\t\t\t\t\t\t\t\t\t\t\t\t<li>Design och produktutveckling<\/li>\n\t\t\t\t\t\t\t\t\t\t\t\t\t\t\t\t\t\t\t\t\t<\/ul>\n\t\t\t\t\t\t\t\t\t<\/li>\n\t\t\t\t\t\t\t\t\t\t\t\t\t\t\t\t\t\t\t\t\t<\/ul>\n\n\t\t\t\t\t\t<div class=\"c-card__icon c-card__icon--nl\">\n\t\t\t\t\t\t\t\t\t\t\t\t\t\t<svg class=\"ams-icon ams-icon--arrow-right\" width=\"32\" height=\"32\" viewbox=\"0 0 32 32\" fill=\"currentColor\" aria-hidden=\"true\" xmlns=\"http:\/\/www.w3.org\/2000\/svg\">\n\t\t\t\t\t\t\t\t\t\t\t\t\t\t\t\t<path d=\"M15.4617 0.252159L14.9567 0.75931C14.6219 1.09545 14.6219 1.64048 14.9567 1.97669L27.7062 14.7806H0.857144C0.383786 14.7806 0 15.166 0 15.6414V16.3587C0 16.8341 0.383786 17.2195 0.857144 17.2195H27.7062L14.9567 30.0234C14.6219 30.3595 14.6219 30.9045 14.9567 31.2407L15.4617 31.7479C15.7964 32.084 16.3392 32.084 16.6739 31.7479L31.749 16.6087C32.0837 16.2725 32.0837 15.7275 31.749 15.3913L16.6739 0.252159C16.3392 -0.084053 15.7964 -0.084053 15.4617 0.252159Z\"\/>\n\t\t\t\t\t\t\t\n\t\t\t\t\t\t\t<\/svg>\n\t\t\t\t\t\t<\/div>\n\t\t\t\t\t\t\t\t\t<\/div>\n\t\t\t\t<div class=\"c-card__media \" style=\" \">\n\t\t\t\t\t<img decoding=\"async\" width=\"400\" height=\"267\" src=\"https:\/\/designgymnasiet.se\/wp-content\/uploads\/sites\/8\/2023\/10\/produktdesign-202304-400x267.jpg\" class=\"attachment-sm size-sm wp-post-image\" alt=\"Elever jobbar med produktdesign i CAD i ett klassrum.\" sizes=\"(min-width: 64em) 300px, (min-width: 48em) calc(.50 * (100vw - 240px)), calc(100vw - 160px)\" srcset=\"https:\/\/designgymnasiet.se\/wp-content\/uploads\/sites\/8\/2023\/10\/produktdesign-202304-400x267.jpg 400w, https:\/\/designgymnasiet.se\/wp-content\/uploads\/sites\/8\/2023\/10\/produktdesign-202304-300x200.jpg 300w, https:\/\/designgymnasiet.se\/wp-content\/uploads\/sites\/8\/2023\/10\/produktdesign-202304-600x400.jpg 600w, https:\/\/designgymnasiet.se\/wp-content\/uploads\/sites\/8\/2023\/10\/produktdesign-202304-800x533.jpg 800w, https:\/\/designgymnasiet.se\/wp-content\/uploads\/sites\/8\/2023\/10\/produktdesign-202304-1024x683.jpg 1024w, https:\/\/designgymnasiet.se\/wp-content\/uploads\/sites\/8\/2023\/10\/produktdesign-202304-1200x800.jpg 1200w, https:\/\/designgymnasiet.se\/wp-content\/uploads\/sites\/8\/2023\/10\/produktdesign-202304.jpg 2048w\" \/>\n\t\t\t\t<\/div>\n\t\t\t<\/article>\n\t\t<\/li>\n\t\t\t<li class=\"l-col-6@md l-col-4@lg\">\n\t\t\t<article class=\"c-card has-media-zoom  u-shadow-lg\"\n\t\t\t\t\t\tdata-variant=\"border-top\"\n\t\t\t\t\t\tdata-style=\"square\"\n\t\t\t\t\t\tdata-click-area>\n\t\t\t\t<div class=\"c-card__content l-stack l-stack-sm\">\n\t\t\t\t\t\t\t\t\t\t\t<h3 class=\"c-card__title u-font-title-3\">\n\t\t\t\t\t\t\t\t\t\t\t\t\t\t\t<a class=\"c-card__title-link\" href=\"https:\/\/designgymnasiet.se\/goteborg\/program\/design-och-somnadstekniska-utbildningen\/textildesign\/\">\n\t\t\t\t\t\t\t\t\tTextildesign\n\t\t\t\t\t\t\t\t<\/a>\n\t\t\t\t\t\t\t\t\t\t\t\t\t<\/h3>\n\t\t\t\t\t\n\t\t\t\t\t\n\t\t\t\t\t\t\t\t\t\t\t\t\t\t\t\t<ul class=\"c-card__list u-list-none l-stack-grow u-divider-top u-font-body\">\n\t\t\t\t\t\t\t\t\t\t\t\t\t\t\t<li>\n\t\t\t\t\t\t\t\t\t<strong>Program<\/strong>\n\t\t\t\t\t\t\t\t\t<ul class=\"u-list-dash\">\n\t\t\t\t\t\t\t\t\t\t\t\t\t\t\t\t\t\t\t\t\t<li>Design och s\u00f6mnadstekniska utbildningen<\/li>\n\t\t\t\t\t\t\t\t\t\t\t\t\t\t\t\t\t\t\t<\/ul>\n\t\t\t\t\t\t\t\t<\/li>\n\t\t\t\t\t\t\t\n\t\t\t\t\t\t\t\t\t\t\t\t\t\t\t\t\t\t\t\t\t\t\t\t<li>\n\t\t\t\t\t\t\t\t\t\t<strong>Inriktning<\/strong>\n\t\t\t\t\t\t\t\t\t\t<ul class=\"u-list-dash\">\n\t\t\t\t\t\t\t\t\t\t\t\t\t\t\t\t\t\t\t\t\t\t\t<li>Design och s\u00f6mnadsteknik<\/li>\n\t\t\t\t\t\t\t\t\t\t\t\t\t\t\t\t\t\t\t\t\t<\/ul>\n\t\t\t\t\t\t\t\t\t<\/li>\n\t\t\t\t\t\t\t\t\t\t\t\t\t\t\t\t\t\t\t\t\t<\/ul>\n\n\t\t\t\t\t\t<div class=\"c-card__icon c-card__icon--nl\">\n\t\t\t\t\t\t\t\t\t\t\t\t\t\t<svg class=\"ams-icon ams-icon--arrow-right\" width=\"32\" height=\"32\" viewbox=\"0 0 32 32\" fill=\"currentColor\" aria-hidden=\"true\" xmlns=\"http:\/\/www.w3.org\/2000\/svg\">\n\t\t\t\t\t\t\t\t\t\t\t\t\t\t\t\t<path d=\"M15.4617 0.252159L14.9567 0.75931C14.6219 1.09545 14.6219 1.64048 14.9567 1.97669L27.7062 14.7806H0.857144C0.383786 14.7806 0 15.166 0 15.6414V16.3587C0 16.8341 0.383786 17.2195 0.857144 17.2195H27.7062L14.9567 30.0234C14.6219 30.3595 14.6219 30.9045 14.9567 31.2407L15.4617 31.7479C15.7964 32.084 16.3392 32.084 16.6739 31.7479L31.749 16.6087C32.0837 16.2725 32.0837 15.7275 31.749 15.3913L16.6739 0.252159C16.3392 -0.084053 15.7964 -0.084053 15.4617 0.252159Z\"\/>\n\t\t\t\t\t\t\t\n\t\t\t\t\t\t\t<\/svg>\n\t\t\t\t\t\t<\/div>\n\t\t\t\t\t\t\t\t\t<\/div>\n\t\t\t\t<div class=\"c-card__media \" style=\" \">\n\t\t\t\t\t<img decoding=\"async\" width=\"400\" height=\"267\" src=\"https:\/\/designgymnasiet.se\/wp-content\/uploads\/sites\/8\/2024\/10\/textildesign-designgymnasiet-202304-400x267.jpg\" class=\"attachment-sm size-sm wp-post-image\" alt=\"Tv\u00e5 elever arbetar med symaskin.\" sizes=\"(min-width: 64em) 300px, (min-width: 48em) calc(.50 * (100vw - 240px)), calc(100vw - 160px)\" srcset=\"https:\/\/designgymnasiet.se\/wp-content\/uploads\/sites\/8\/2024\/10\/textildesign-designgymnasiet-202304-400x267.jpg 400w, https:\/\/designgymnasiet.se\/wp-content\/uploads\/sites\/8\/2024\/10\/textildesign-designgymnasiet-202304-300x200.jpg 300w, https:\/\/designgymnasiet.se\/wp-content\/uploads\/sites\/8\/2024\/10\/textildesign-designgymnasiet-202304-600x400.jpg 600w, https:\/\/designgymnasiet.se\/wp-content\/uploads\/sites\/8\/2024\/10\/textildesign-designgymnasiet-202304-800x533.jpg 800w, https:\/\/designgymnasiet.se\/wp-content\/uploads\/sites\/8\/2024\/10\/textildesign-designgymnasiet-202304-1024x683.jpg 1024w, https:\/\/designgymnasiet.se\/wp-content\/uploads\/sites\/8\/2024\/10\/textildesign-designgymnasiet-202304-1200x800.jpg 1200w, https:\/\/designgymnasiet.se\/wp-content\/uploads\/sites\/8\/2024\/10\/textildesign-designgymnasiet-202304.jpg 2048w\" \/>\n\t\t\t\t<\/div>\n\t\t\t<\/article>\n\t\t<\/li>\n\t<\/ul>\n\t\n\n\t\t\t<\/div>\n\n\t\t\n\n<\/section>\n\n\n\n<section \n\t\t class=\"\n\t\t ams-contact\n\t\t \n\t\t c-block l-stacked\n\t\t \n\t\t \n\t\t js-load-more\n\t\t \"\n\t\t data-color-scheme=\"\"\n\t\t\t\t\tdata-count=\"3\"\n\t\t\t\t\t\t\tdata-count-mobile=\"2\"\n\t\t\t\t>\n\t<div\n\t\t class=\"\n\t\t l-container\n\t\t l-stack l-stack-fluid-2xl\n\t\t u-pt-fluid-3xl-6xl\n\t\t u-pb-fluid-3xl-6xl\n\t\t is-center\n\t\t is-center@md\n\t\t \">\n\t\t\t\t\t<div class=\"ams-contact__intro l-stack l-stack-lg\">\n\t\t\t\t\t\n\t<h2\n\tclass=\"c-heading u-font-title-1 \"\n\tstyle=\"\">\n\t\t\n\t\t\t\t\tHar du fr\u00e5gor eller funderingar?\n\t\t\t\t\n\t<\/h2>\n\n\t\t\t\t\t\t\t\t\t<div class=\"c-text l-stack u-cs-xl u-font-body\">\n\t\t\t\t\t\t<p>Tveka inte p\u00e5 att h\u00f6ra av dig till n\u00e5gon av oss om du vill veta mer om Designgymnasiet och v\u00e5ra utbildningar!<\/p>\n\n\t\t\t\t\t<\/div>\n\t\t\t\t\t\t\t<\/div>\n\t\t\n\t\t\n\t\t    \t\n\t\t\n\t\t<ul\n\t\t\tid=\"contact-grid-69f27c16bde54\"\n\t\t\tclass=\"ams-contact__list l-grid u-gap-fluid-2xl-4xl u-justify-center js-results \"\n\t\t\taria-label=\"Kontakter\"\n\t\t\tdata-filter-animation=\"off\"\n\t\t\t>\n\t\t\t\t\t\t\t\t\t\t\t\n\t\t\t\t\n\t\t\t\t<li class=\"l-col-6@md l-col-4@lg \" data-filter=\"administration\">\n\t\t\t\t\t<article class=\"c-card \" data-variant=\"neutral\">\n\t\t\t\t\t\t<div class=\"c-card__content u-text-center\">\n\t\t\t\t\t\t\t\t\t\t\t\t\t\t\t<h3 class=\"c-card__title u-font-title-3\">\n\t\t\t\t\t\t\t\t\tKajsa Sj\u00f6qvist\n\t\t\t\t\t\t\t\t<\/h3>\n\t\t\t\t\t\t\t\n\t\t\t\t\t\t\t\t\t\t\t\t\t\t\t<p class=\"position u-font-body\">Administrat\u00f6r<\/p>\n\t\t\t\t\t\t\t\n\t\t\t\t\t\t\t\t\t\t\t\t\t\t\t<div class=\"contact-info u-font-body\">\n\t\t\t\t\t\t\t\t\t\t\t\t\t\t\t\t\t\t\t\t\t\t\t\t\t\t\t\t\t\t<p class=\"phone\"><a\n\t\t\t\t\t\t\t\t\t\t\t\t\thref=\"tel:0765392029\"\n\t\t\t\t\t\t\t\t\t\t\t\t\tclass=\"u-text-link\">076-53 920 29<\/a>\n\t\t\t\t\t\t\t\t\t\t\t<\/p>\n\t\t\t\t\t\t\t\t\t\t\t\t\t\t\t\t\t\t\t\n\t\t\t\t\t\t\t\t\t\t\t\t\t\t\t\t\t\t\t\t\t\t\t\t\t\t\t\t\t\t<p class=\"email\"><a\n\t\t\t\t\t\t\t\t\t\t\t\t\thref=\"ma&#105;&#108;t&#111;&#058;k&#097;j&#115;&#097;.&#115;j&#111;q&#118;&#105;s&#116;&#064;g&#097;.design&#103;&#121;&#109;na&#115;i&#101;&#116;&#046;s&#101;\"\n\t\t\t\t\t\t\t\t\t\t\t\t\tclass=\"u-text-link\">&#107;a&#106;&#115;a&#046;&#115;jo&#113;v&#105;&#115;t&#064;g&#097;.&#100;&#101;&#115;&#105;&#103;ngy&#109;&#110;&#097;siet&#046;s&#101;<\/a>\n\t\t\t\t\t\t\t\t\t\t\t<\/p>\n\t\t\t\t\t\t\t\t\t\t\t\t\t\t\t\t\t\t\t\t\t\t\t\t\t\t\t<\/div>\n\t\t\t\t\t\t\t\n\t\t\t\t\t\t\t\t\t\t\t\t\t<\/div>\n\t\t\t\t\t\t<div class=\"c-card__media\">\n\t\t\t\t\t\t\t\t\t\t\t\t\t\t\t\t\t\t\t\t\t\t\t\t\t\t\t\t\t\t\t\t\t\t\t\t\t\t\t\t\t\t\t\t\t\t\t\t\t<img decoding=\"async\" width=\"400\" height=\"421\" src=\"https:\/\/designgymnasiet.se\/wp-content\/uploads\/sites\/8\/2023\/10\/kajsa-400x421.jpg\" class=\"u-radius-square u-ratio-square  \" alt=\"Portr\u00e4tt av Kajsa\" sizes=\"(max-width: 300px) 100vw, 300px\" srcset=\"https:\/\/designgymnasiet.se\/wp-content\/uploads\/sites\/8\/2023\/10\/kajsa-400x421.jpg 400w, https:\/\/designgymnasiet.se\/wp-content\/uploads\/sites\/8\/2023\/10\/kajsa-300x316.jpg 300w, https:\/\/designgymnasiet.se\/wp-content\/uploads\/sites\/8\/2023\/10\/kajsa-600x632.jpg 600w, https:\/\/designgymnasiet.se\/wp-content\/uploads\/sites\/8\/2023\/10\/kajsa-800x842.jpg 800w, https:\/\/designgymnasiet.se\/wp-content\/uploads\/sites\/8\/2023\/10\/kajsa-1024x1078.jpg 1024w, https:\/\/designgymnasiet.se\/wp-content\/uploads\/sites\/8\/2023\/10\/kajsa-1200x1263.jpg 1200w, https:\/\/designgymnasiet.se\/wp-content\/uploads\/sites\/8\/2023\/10\/kajsa.jpg 1216w\" \/>\n\t\t\t\t\t\t<\/div>\n\t\t\t\t\t<\/article>\n\t\t\t\t<\/li>\n\t\t\t\t\t\t\t\t\t\t\t\n\t\t\t\t\n\t\t\t\t<li class=\"l-col-6@md l-col-4@lg \" data-filter=\"ledning\">\n\t\t\t\t\t<article class=\"c-card \" data-variant=\"neutral\">\n\t\t\t\t\t\t<div class=\"c-card__content u-text-center\">\n\t\t\t\t\t\t\t\t\t\t\t\t\t\t\t<h3 class=\"c-card__title u-font-title-3\">\n\t\t\t\t\t\t\t\t\tLena Hermansson\n\t\t\t\t\t\t\t\t<\/h3>\n\t\t\t\t\t\t\t\n\t\t\t\t\t\t\t\t\t\t\t\t\t\t\t<p class=\"position u-font-body\">Rektor<\/p>\n\t\t\t\t\t\t\t\n\t\t\t\t\t\t\t\t\t\t\t\t\t\t\t<div class=\"contact-info u-font-body\">\n\t\t\t\t\t\t\t\t\t\t\t\t\t\t\t\t\t\t\t\t\t\t\t\t\t\t\t\t\t\t<p class=\"phone\"><a\n\t\t\t\t\t\t\t\t\t\t\t\t\thref=\"tel:0761194558\"\n\t\t\t\t\t\t\t\t\t\t\t\t\tclass=\"u-text-link\">076-119 45 58<\/a>\n\t\t\t\t\t\t\t\t\t\t\t<\/p>\n\t\t\t\t\t\t\t\t\t\t\t\t\t\t\t\t\t\t\t\n\t\t\t\t\t\t\t\t\t\t\t\t\t\t\t\t\t\t\t\t\t\t\t\t\t\t\t\t\t\t<p class=\"email\"><a\n\t\t\t\t\t\t\t\t\t\t\t\t\thref=\"&#109;&#097;i&#108;&#116;o&#058;l&#101;na.&#104;&#101;r&#109;&#097;&#110;&#115;&#115;o&#110;&#064;d&#101;s&#105;g&#110;g&#121;mnas&#105;et&#046;se\"\n\t\t\t\t\t\t\t\t\t\t\t\t\tclass=\"u-text-link\">&#108;&#101;na&#046;h&#101;&#114;ma&#110;&#115;s&#111;&#110;&#064;&#100;&#101;si&#103;n&#103;ym&#110;asi&#101;&#116;.se<\/a>\n\t\t\t\t\t\t\t\t\t\t\t<\/p>\n\t\t\t\t\t\t\t\t\t\t\t\t\t\t\t\t\t\t\t\t\t\t\t\t\t\t\t<\/div>\n\t\t\t\t\t\t\t\n\t\t\t\t\t\t\t\t\t\t\t\t\t<\/div>\n\t\t\t\t\t\t<div class=\"c-card__media\">\n\t\t\t\t\t\t\t\t\t\t\t\t\t\t\t\t\t\t\t\t\t\t\t\t\t\t\t\t\t\t\t\t\t\t\t\t\t\t\t\t\t\t\t\t\t\t\t\t\t<img decoding=\"async\" width=\"400\" height=\"435\" src=\"https:\/\/designgymnasiet.se\/wp-content\/uploads\/sites\/8\/2022\/07\/lena-400x435.jpg\" class=\"u-radius-square u-ratio-square  \" alt=\"Portr\u00e4tt av Lena\" sizes=\"(max-width: 300px) 100vw, 300px\" srcset=\"https:\/\/designgymnasiet.se\/wp-content\/uploads\/sites\/8\/2022\/07\/lena-400x435.jpg 400w, https:\/\/designgymnasiet.se\/wp-content\/uploads\/sites\/8\/2022\/07\/lena-300x326.jpg 300w, https:\/\/designgymnasiet.se\/wp-content\/uploads\/sites\/8\/2022\/07\/lena-600x652.jpg 600w, https:\/\/designgymnasiet.se\/wp-content\/uploads\/sites\/8\/2022\/07\/lena-800x869.jpg 800w, https:\/\/designgymnasiet.se\/wp-content\/uploads\/sites\/8\/2022\/07\/lena-1024x1113.jpg 1024w, https:\/\/designgymnasiet.se\/wp-content\/uploads\/sites\/8\/2022\/07\/lena.jpg 1178w\" \/>\n\t\t\t\t\t\t<\/div>\n\t\t\t\t\t<\/article>\n\t\t\t\t<\/li>\n\t\t\t\t\t\t\t\t\t\t\t\n\t\t\t\t\n\t\t\t\t<li class=\"l-col-6@md l-col-4@lg \" data-filter=\"elevhalsa\">\n\t\t\t\t\t<article class=\"c-card \" data-variant=\"neutral\">\n\t\t\t\t\t\t<div class=\"c-card__content u-text-center\">\n\t\t\t\t\t\t\t\t\t\t\t\t\t\t\t<h3 class=\"c-card__title u-font-title-3\">\n\t\t\t\t\t\t\t\t\tPauline Rydell\n\t\t\t\t\t\t\t\t<\/h3>\n\t\t\t\t\t\t\t\n\t\t\t\t\t\t\t\t\t\t\t\t\t\t\t<p class=\"position u-font-body\">Studie- och yrkesv\u00e4gledare<\/p>\n\t\t\t\t\t\t\t\n\t\t\t\t\t\t\t\t\t\t\t\t\t\t\t<div class=\"contact-info u-font-body\">\n\t\t\t\t\t\t\t\t\t\t\t\t\t\t\t\t\t\t\t\t\t\t\t\t\t\t\t\t\t\t<p class=\"phone\"><a\n\t\t\t\t\t\t\t\t\t\t\t\t\thref=\"tel:0727302521\"\n\t\t\t\t\t\t\t\t\t\t\t\t\tclass=\"u-text-link\">072-730 25 21<\/a>\n\t\t\t\t\t\t\t\t\t\t\t<\/p>\n\t\t\t\t\t\t\t\t\t\t\t\t\t\t\t\t\t\t\t\n\t\t\t\t\t\t\t\t\t\t\t\t\t\t\t\t\t\t\t\t\t\t\t\t\t\t\t\t\t\t<p class=\"email\"><a\n\t\t\t\t\t\t\t\t\t\t\t\t\thref=\"&#109;a&#105;&#108;to&#058;p&#097;&#117;&#108;&#105;n&#101;&#046;r&#121;&#100;&#101;&#108;&#108;&#064;&#097;&#099;&#097;d&#101;&#109;e&#100;ia.&#115;e\"\n\t\t\t\t\t\t\t\t\t\t\t\t\tclass=\"u-text-link\">&#112;&#097;u&#108;in&#101;&#046;&#114;yd&#101;&#108;l&#064;a&#099;ade&#109;&#101;&#100;i&#097;.&#115;e<\/a>\n\t\t\t\t\t\t\t\t\t\t\t<\/p>\n\t\t\t\t\t\t\t\t\t\t\t\t\t\t\t\t\t\t\t\t\t\t\t\t\t\t\t<\/div>\n\t\t\t\t\t\t\t\n\t\t\t\t\t\t\t\t\t\t\t\t\t<\/div>\n\t\t\t\t\t\t<div class=\"c-card__media\">\n\t\t\t\t\t\t\t\t\t\t\t\t\t\t\t\t\t\t\t\t\t\t\t\t\t\t\t\t\t\t\t\t\t\t\t\t\t\t\t\t\t\t\t\t\t\t\t\t\t<img decoding=\"async\" width=\"400\" height=\"655\" src=\"https:\/\/designgymnasiet.se\/wp-content\/uploads\/sites\/8\/2023\/09\/syv-designgymnasiet-e1717492536230-400x655.jpg\" class=\"u-radius-square u-ratio-square  \" alt=\"Pauline Rydell\" sizes=\"(max-width: 300px) 100vw, 300px\" srcset=\"https:\/\/designgymnasiet.se\/wp-content\/uploads\/sites\/8\/2023\/09\/syv-designgymnasiet-e1717492536230-400x655.jpg 400w, https:\/\/designgymnasiet.se\/wp-content\/uploads\/sites\/8\/2023\/09\/syv-designgymnasiet-e1717492536230-300x491.jpg 300w, https:\/\/designgymnasiet.se\/wp-content\/uploads\/sites\/8\/2023\/09\/syv-designgymnasiet-e1717492536230-600x982.jpg 600w, https:\/\/designgymnasiet.se\/wp-content\/uploads\/sites\/8\/2023\/09\/syv-designgymnasiet-e1717492536230-800x1310.jpg 800w, https:\/\/designgymnasiet.se\/wp-content\/uploads\/sites\/8\/2023\/09\/syv-designgymnasiet-e1717492536230-1024x1676.jpg 1024w, https:\/\/designgymnasiet.se\/wp-content\/uploads\/sites\/8\/2023\/09\/syv-designgymnasiet-e1717492536230.jpg 1080w\" \/>\n\t\t\t\t\t\t<\/div>\n\t\t\t\t\t<\/article>\n\t\t\t\t<\/li>\n\t\t\t\t\t<\/ul>\n\n\t\t\n\t\t    <div class=\"ams-contact__more u-inline-items js-load-more-btn\">\n        <button href=\"#\"\n                class=\"c-btn\"\n                data-style=\"square\"\n                data-size=\"md\"\n                data-width=\"full-mobile\"\n                data-variant=\"outline\">\n        \tVisa mer\n        <\/button>\n    <\/div>\n\n\t\t\t<\/div>\n\n\t\t\n\n<\/section>\n","protected":false},"excerpt":{"rendered":"","protected":false},"author":18,"featured_media":0,"parent":0,"menu_order":0,"comment_status":"closed","ping_status":"closed","template":"","meta":{"footnotes":""},"yoast_head":"<!-- This site is optimized with the Yoast SEO plugin v22.0 - https:\/\/yoast.com\/wordpress\/plugins\/seo\/ -->\n<title>G\u00f6teborg<\/title>\n<meta name=\"description\" content=\"Tryck h\u00e4r f\u00f6r att g\u00f6ra en sen ans\u00f6kan, l\u00e4sa mer om Design Gymnasiet i G\u00f6teborg eller f\u00f6r att se om vi har lediga gymnasieplatser!\" \/>\n<meta name=\"robots\" content=\"index, follow, max-snippet:-1, max-image-preview:large, max-video-preview:-1\" \/>\n<link rel=\"canonical\" href=\"https:\/\/designgymnasiet.se\/goteborg\/lediga-platser\/\" \/>\n<meta property=\"og:locale\" content=\"sv_SE\" \/>\n<meta property=\"og:type\" content=\"article\" \/>\n<meta property=\"og:description\" content=\"Tryck h\u00e4r f\u00f6r att g\u00f6ra en sen ans\u00f6kan, l\u00e4sa mer om Design Gymnasiet i G\u00f6teborg eller f\u00f6r att se om vi har lediga gymnasieplatser!\" \/>\n<meta property=\"og:url\" content=\"https:\/\/designgymnasiet.se\/goteborg\/lediga-platser\/\" \/>\n<meta property=\"og:site_name\" content=\"G\u00f6teborg\" \/>\n<meta property=\"article:modified_time\" content=\"2026-01-29T07:56:56+00:00\" \/>\n<meta name=\"twitter:card\" content=\"summary_large_image\" \/>\n<meta name=\"twitter:description\" content=\"Tryck h\u00e4r f\u00f6r att g\u00f6ra en sen ans\u00f6kan, l\u00e4sa mer om Design Gymnasiet i G\u00f6teborg eller f\u00f6r att se om vi har lediga gymnasieplatser!\" \/>\n<meta name=\"twitter:label1\" content=\"Ber\u00e4knad l\u00e4stid\" \/>\n\t<meta name=\"twitter:data1\" content=\"1 minut\" \/>\n<script type=\"application\/ld+json\" class=\"yoast-schema-graph\">{\"@context\":\"https:\/\/schema.org\",\"@graph\":[{\"@type\":\"WebPage\",\"@id\":\"https:\/\/designgymnasiet.se\/goteborg\/lediga-platser\/\",\"url\":\"https:\/\/designgymnasiet.se\/goteborg\/lediga-platser\/\",\"name\":\"Lediga platser - G\u00f6teborg\",\"isPartOf\":{\"@id\":\"https:\/\/designgymnasiet.se\/goteborg\/#website\"},\"datePublished\":\"2025-06-12T11:42:01+00:00\",\"dateModified\":\"2026-01-29T07:56:56+00:00\",\"description\":\"Tryck h\u00e4r f\u00f6r att g\u00f6ra en sen ans\u00f6kan, l\u00e4sa mer om Design Gymnasiet i G\u00f6teborg eller f\u00f6r att se om vi har lediga gymnasieplatser!\",\"breadcrumb\":{\"@id\":\"https:\/\/designgymnasiet.se\/goteborg\/lediga-platser\/#breadcrumb\"},\"inLanguage\":\"sv-SE\",\"potentialAction\":[{\"@type\":\"ReadAction\",\"target\":[\"https:\/\/designgymnasiet.se\/goteborg\/lediga-platser\/\"]}]},{\"@type\":\"BreadcrumbList\",\"@id\":\"https:\/\/designgymnasiet.se\/goteborg\/lediga-platser\/#breadcrumb\",\"itemListElement\":[{\"@type\":\"ListItem\",\"position\":1,\"name\":\"Start\",\"item\":\"https:\/\/designgymnasiet.se\/goteborg\/\"},{\"@type\":\"ListItem\",\"position\":2,\"name\":\"Lediga platser\"}]},{\"@type\":\"WebSite\",\"@id\":\"https:\/\/designgymnasiet.se\/goteborg\/#website\",\"url\":\"https:\/\/designgymnasiet.se\/goteborg\/\",\"name\":\"G\u00f6teborg\",\"description\":\"Har du designdr\u00f6mmar?\",\"potentialAction\":[{\"@type\":\"SearchAction\",\"target\":{\"@type\":\"EntryPoint\",\"urlTemplate\":\"https:\/\/designgymnasiet.se\/goteborg\/?s={search_term_string}\"},\"query-input\":\"required name=search_term_string\"}],\"inLanguage\":\"sv-SE\"}]}<\/script>\n<!-- \/ Yoast SEO plugin. -->","yoast_head_json":{"title":"G\u00f6teborg","description":"Tryck h\u00e4r f\u00f6r att g\u00f6ra en sen ans\u00f6kan, l\u00e4sa mer om Design Gymnasiet i G\u00f6teborg eller f\u00f6r att se om vi har lediga gymnasieplatser!","robots":{"index":"index","follow":"follow","max-snippet":"max-snippet:-1","max-image-preview":"max-image-preview:large","max-video-preview":"max-video-preview:-1"},"canonical":"https:\/\/designgymnasiet.se\/goteborg\/lediga-platser\/","og_locale":"sv_SE","og_type":"article","og_description":"Tryck h\u00e4r f\u00f6r att g\u00f6ra en sen ans\u00f6kan, l\u00e4sa mer om Design Gymnasiet i G\u00f6teborg eller f\u00f6r att se om vi har lediga gymnasieplatser!","og_url":"https:\/\/designgymnasiet.se\/goteborg\/lediga-platser\/","og_site_name":"G\u00f6teborg","article_modified_time":"2026-01-29T07:56:56+00:00","twitter_card":"summary_large_image","twitter_description":"Tryck h\u00e4r f\u00f6r att g\u00f6ra en sen ans\u00f6kan, l\u00e4sa mer om Design Gymnasiet i G\u00f6teborg eller f\u00f6r att se om vi har lediga gymnasieplatser!","twitter_misc":{"Ber\u00e4knad l\u00e4stid":"1 minut"},"schema":{"@context":"https:\/\/schema.org","@graph":[{"@type":"WebPage","@id":"https:\/\/designgymnasiet.se\/goteborg\/lediga-platser\/","url":"https:\/\/designgymnasiet.se\/goteborg\/lediga-platser\/","name":"Lediga platser - G\u00f6teborg","isPartOf":{"@id":"https:\/\/designgymnasiet.se\/goteborg\/#website"},"datePublished":"2025-06-12T11:42:01+00:00","dateModified":"2026-01-29T07:56:56+00:00","description":"Tryck h\u00e4r f\u00f6r att g\u00f6ra en sen ans\u00f6kan, l\u00e4sa mer om Design Gymnasiet i G\u00f6teborg eller f\u00f6r att se om vi har lediga gymnasieplatser!","breadcrumb":{"@id":"https:\/\/designgymnasiet.se\/goteborg\/lediga-platser\/#breadcrumb"},"inLanguage":"sv-SE","potentialAction":[{"@type":"ReadAction","target":["https:\/\/designgymnasiet.se\/goteborg\/lediga-platser\/"]}]},{"@type":"BreadcrumbList","@id":"https:\/\/designgymnasiet.se\/goteborg\/lediga-platser\/#breadcrumb","itemListElement":[{"@type":"ListItem","position":1,"name":"Start","item":"https:\/\/designgymnasiet.se\/goteborg\/"},{"@type":"ListItem","position":2,"name":"Lediga platser"}]},{"@type":"WebSite","@id":"https:\/\/designgymnasiet.se\/goteborg\/#website","url":"https:\/\/designgymnasiet.se\/goteborg\/","name":"G\u00f6teborg","description":"Har du designdr\u00f6mmar?","potentialAction":[{"@type":"SearchAction","target":{"@type":"EntryPoint","urlTemplate":"https:\/\/designgymnasiet.se\/goteborg\/?s={search_term_string}"},"query-input":"required name=search_term_string"}],"inLanguage":"sv-SE"}]}},"_links":{"self":[{"href":"https:\/\/designgymnasiet.se\/goteborg\/wp-json\/wp\/v2\/pages\/2180"}],"collection":[{"href":"https:\/\/designgymnasiet.se\/goteborg\/wp-json\/wp\/v2\/pages"}],"about":[{"href":"https:\/\/designgymnasiet.se\/goteborg\/wp-json\/wp\/v2\/types\/page"}],"author":[{"embeddable":true,"href":"https:\/\/designgymnasiet.se\/goteborg\/wp-json\/wp\/v2\/users\/18"}],"replies":[{"embeddable":true,"href":"https:\/\/designgymnasiet.se\/goteborg\/wp-json\/wp\/v2\/comments?post=2180"}],"version-history":[{"count":10,"href":"https:\/\/designgymnasiet.se\/goteborg\/wp-json\/wp\/v2\/pages\/2180\/revisions"}],"predecessor-version":[{"id":2313,"href":"https:\/\/designgymnasiet.se\/goteborg\/wp-json\/wp\/v2\/pages\/2180\/revisions\/2313"}],"wp:attachment":[{"href":"https:\/\/designgymnasiet.se\/goteborg\/wp-json\/wp\/v2\/media?parent=2180"}],"curies":[{"name":"wp","href":"https:\/\/api.w.org\/{rel}","templated":true}]}}